{"id":11525,"date":"2022-11-26T17:31:07","date_gmt":"2022-11-26T17:31:07","guid":{"rendered":"https:\/\/www.fanfani.me\/?page_id=11525"},"modified":"2023-01-05T06:55:45","modified_gmt":"2023-01-05T06:55:45","slug":"dani-mimoze-2022-program","status":"publish","type":"page","link":"https:\/\/www.fanfani.me\/sr\/dani-mimoze-2022-program\/","title":{"rendered":"Dani Mimoze 2022 program"},"content":{"rendered":"\n<p class=\"has-text-align-center has-base-background-color has-text-color has-background\" style=\"color:#ff000d\">Ove godine za vrijeme festivala <strong>ne izdajemo<\/strong> smje\u0161taj.<\/p>\n\n\n\n<p>Novi <a href=\"https:\/\/www.fanfani.me\/sr\/kulturna-desvanja\/februar\/dani-mimoze-program-2\/\">program 54. Praznika Mimoze<\/a> za 2023<\/p>\n\n\n\n<figure class=\"wp-block-image size-large is-resized\"><img decoding=\"async\" data-src=\"https:\/\/www.fanfani.me\/wp-content\/uploads\/2022\/01\/praznik-mimoze-program-2022-53-dani-mimoze-1024x1024.jpeg\" alt=\"Herceg novi dani mimoze program za februar i mart\" class=\"wp-image-9048 lazyload\" width=\"768\" height=\"768\" data-srcset=\"https:\/\/www.fanfani.me\/wp-content\/uploads\/2022\/01\/praznik-mimoze-program-2022-53-dani-mimoze-1024x1024.jpeg 1024w, https:\/\/www.fanfani.me\/wp-content\/uploads\/2022\/01\/praznik-mimoze-program-2022-53-dani-mimoze-300x300.jpeg 300w, https:\/\/www.fanfani.me\/wp-content\/uploads\/2022\/01\/praznik-mimoze-program-2022-53-dani-mimoze-150x150.jpeg 150w, https:\/\/www.fanfani.me\/wp-content\/uploads\/2022\/01\/praznik-mimoze-program-2022-53-dani-mimoze-768x768.jpeg 768w, https:\/\/www.fanfani.me\/wp-content\/uploads\/2022\/01\/praznik-mimoze-program-2022-53-dani-mimoze.jpeg 1200w\" data-sizes=\"(max-width: 768px) 100vw, 768px\" src=\"data:image\/svg+xml;base64,PHN2ZyB3aWR0aD0iMSIgaGVpZ2h0PSIxIiB4bWxucz0iaHR0cDovL3d3dy53My5vcmcvMjAwMC9zdmciPjwvc3ZnPg==\" style=\"--smush-placeholder-width: 768px; --smush-placeholder-aspect-ratio: 768\/768;\" \/><figcaption class=\"wp-element-caption\">TO Herceg Novi &#8211; Program 53. praznika Mimoze 2022<\/figcaption><\/figure>\n\n\n\n<div class=\"wp-block-group\"><div class=\"wp-block-group__inner-container is-layout-flow wp-block-group-is-layout-flow\">\n<p>Ako dolazite iz pravca Trebinja.<br><a href=\"https:\/\/www.fanfani.me\/sr\/auto-mape\/granicni-prelazi-crna-gora\/#bosna-granice\">Stanje sa kamerama na granici iz Bosne(GP Ivanica &#8211; ulaz u BiH (Dubrovnik-Trebinje)) <\/a>pogledajte na stranici granice.<\/p>\n<\/div><\/div>\n\n\n\n<h2 class=\"has-text-align-center has-base-background-color has-text-color has-background wp-block-heading\" style=\"color:#06940b\"><strong>Program i najava za festival. <\/strong><\/h2>\n\n\n\n<p>Program po danima:<\/p>\n\n\n\n<div class=\"wp-block-group\"><div class=\"wp-block-group__inner-container is-layout-flow wp-block-group-is-layout-flow\">\n<div class=\"wp-block-group\"><div class=\"wp-block-group__inner-container is-layout-flow wp-block-group-is-layout-flow\">\n<h3 class=\"wp-block-heading\"><strong>\u010cetvrtak, 3.02.<\/strong><br><\/h3>\n\n\n\n<p>HERCEGNOVSKI ZIMSKI SALON, Galerija Josip Bepo Benkovi\u0107, u 19 sati<\/p>\n<\/div><\/div>\n<\/div><\/div>\n\n\n\n<div class=\"wp-block-group\"><div class=\"wp-block-group__inner-container is-layout-flow wp-block-group-is-layout-flow\">\n<div class=\"wp-block-group\"><div class=\"wp-block-group__inner-container is-layout-flow wp-block-group-is-layout-flow\">\n<h3 class=\"wp-block-heading\"><strong>Utorak, 8.02.<\/strong><\/h3>\n\n\n\n<p><br>MACA PAPU\u010cARICA, predstava za djecu, Dvorana PARK u 18 sati<br><br>Re\u017eija: Davor Dragojevi\u0107, Gradsko pozori\u0161te Podgorica<\/p>\n<\/div><\/div>\n<\/div><\/div>\n\n\n\n<div class=\"wp-block-group\"><div class=\"wp-block-group__inner-container is-layout-flow wp-block-group-is-layout-flow\">\n<h3 class=\"wp-block-heading\"><strong>\u010cetvrtak, 17.02.<\/strong><\/h3>\n\n\n\n<p><br>POETSKO VE\u010cE MIRJANE BOBI\u0106 MOJSILOVI\u0106, foaje Dvorane PARK, u 19 sati<\/p>\n<\/div><\/div>\n\n\n\n<p> <strong>Petak, 18.02.<\/strong> <\/p>\n\n\n\n<div class=\"wp-block-group\"><div class=\"wp-block-group__inner-container is-layout-flow wp-block-group-is-layout-flow\">\n<h2 class=\"wp-block-heading\"><br><strong>Petak, 18.02.<\/strong><\/h2>\n\n\n\n<p><br>IZLO\u017dBA CVIJE\u0106A \u2013 plato ispred Op\u0161tine Herceg Novi, u 9 sati<br><br>SAJAM VINA \u2013 Hotel Lazure Meljine, u 12-20 sati<\/p>\n\n\n\n<h2 class=\"has-base-2-background-color has-background wp-block-heading\"><br><strong>SVE\u010cANO OTVARANJE 53. PRAZNIKA MIMOZE \u2013 Trg Nikole \u0110urkovi\u0107a, od 19 sati<\/strong><br><\/h2>\n\n\n\n<div class=\"wp-block-cover is-light\"><span aria-hidden=\"true\" class=\"wp-block-cover__background has-background-dim\"><\/span><img decoding=\"async\" width=\"1024\" height=\"684\" class=\"wp-block-cover__image-background wp-image-9244 lazyload\" alt=\"\" data-src=\"https:\/\/www.fanfani.me\/wp-content\/uploads\/2022\/02\/praznik-mimoze-dani-mimoze-otvaranje-festivala-trg-nikole-djurkovica-1024x684.jpg\" data-object-fit=\"cover\" data-srcset=\"https:\/\/www.fanfani.me\/wp-content\/uploads\/2022\/02\/praznik-mimoze-dani-mimoze-otvaranje-festivala-trg-nikole-djurkovica-1024x684.jpg 1024w, https:\/\/www.fanfani.me\/wp-content\/uploads\/2022\/02\/praznik-mimoze-dani-mimoze-otvaranje-festivala-trg-nikole-djurkovica-300x200.jpg 300w, https:\/\/www.fanfani.me\/wp-content\/uploads\/2022\/02\/praznik-mimoze-dani-mimoze-otvaranje-festivala-trg-nikole-djurkovica-768x513.jpg 768w, https:\/\/www.fanfani.me\/wp-content\/uploads\/2022\/02\/praznik-mimoze-dani-mimoze-otvaranje-festivala-trg-nikole-djurkovica.jpg 1200w\" data-sizes=\"(max-width: 1024px) 100vw, 1024px\" src=\"data:image\/svg+xml;base64,PHN2ZyB3aWR0aD0iMSIgaGVpZ2h0PSIxIiB4bWxucz0iaHR0cDovL3d3dy53My5vcmcvMjAwMC9zdmciPjwvc3ZnPg==\" style=\"--smush-placeholder-width: 1024px; --smush-placeholder-aspect-ratio: 1024\/684;\" \/><div class=\"wp-block-cover__inner-container is-layout-flow wp-block-cover-is-layout-flow\">\n<p class=\"has-base-3-color has-text-color has-large-font-size\"> <strong>SVE\u010cANO OTVARANJE 53. PRAZNIKA MIMOZE \u2013 Trg Nikole \u0110urkovi\u0107a, od 19 sati<\/strong> <\/p>\n<\/div><\/div>\n\n\n\n<p><br>(izvo\u0111a\u010di:<\/p>\n\n\n\n<h2 class=\"has-text-align-center wp-block-heading\"><strong> Neda Ukraden<\/strong><\/h2>\n\n\n\n<p><br>predgrupa: <\/p>\n\n\n\n<ul class=\"wp-block-list\">\n<li>Trio Mare; <\/li>\n\n\n\n<li>u programu u\u010destvuju: <\/li>\n\n\n\n<li>Gradska muzika, <\/li>\n\n\n\n<li>Mjesna muzika \u0110enovi\u0107,<\/li>\n\n\n\n<li>Ma\u017eoretke, <\/li>\n\n\n\n<li>Trombonjeri<\/li>\n<\/ul>\n<\/div><\/div>\n\n\n\n<div class=\"wp-block-group\"><div class=\"wp-block-group__inner-container is-layout-flow wp-block-group-is-layout-flow\">\n<h2 class=\"wp-block-heading\"><strong>Subota, 19.02.<\/strong><\/h2>\n\n\n\n<h3 class=\"wp-block-heading\"><br><br><strong>BERBA \u2013 du\u017e hercegnovske rivijere, od 10 sati (<\/strong>KNEZ U 13:30)<br>u\u010destvuju: <\/h3>\n\n\n\n<p><\/p>\n\n\n\n<figure class=\"wp-block-image size-large\"><a href=\"https:\/\/www.fanfani.me\/wp-content\/uploads\/2022\/02\/praznik-mimoze-djenovici-defile.jpg\"><img decoding=\"async\" width=\"1024\" height=\"684\" data-src=\"https:\/\/www.fanfani.me\/wp-content\/uploads\/2022\/02\/praznik-mimoze-djenovici-defile-1024x684.jpg\" alt=\"prazznik mimoze berba, defile kroz kumbor djenovicie i baosice. festa u djenovicima\" class=\"wp-image-9229 lazyload\" data-srcset=\"https:\/\/www.fanfani.me\/wp-content\/uploads\/2022\/02\/praznik-mimoze-djenovici-defile-1024x684.jpg 1024w, https:\/\/www.fanfani.me\/wp-content\/uploads\/2022\/02\/praznik-mimoze-djenovici-defile-300x200.jpg 300w, https:\/\/www.fanfani.me\/wp-content\/uploads\/2022\/02\/praznik-mimoze-djenovici-defile-768x513.jpg 768w, https:\/\/www.fanfani.me\/wp-content\/uploads\/2022\/02\/praznik-mimoze-djenovici-defile.jpg 1200w\" data-sizes=\"(max-width: 1024px) 100vw, 1024px\" src=\"data:image\/svg+xml;base64,PHN2ZyB3aWR0aD0iMSIgaGVpZ2h0PSIxIiB4bWxucz0iaHR0cDovL3d3dy53My5vcmcvMjAwMC9zdmciPjwvc3ZnPg==\" style=\"--smush-placeholder-width: 1024px; --smush-placeholder-aspect-ratio: 1024\/684;\" \/><\/a><figcaption class=\"wp-element-caption\">Djenovici<\/figcaption><\/figure>\n\n\n\n<h3 class=\"wp-block-heading\"><br><\/h3>\n\n\n\n<ul class=\"wp-block-list\">\n<li>Gradska muzika, <\/li>\n\n\n\n<li>Mjesna muzika \u0110enovi\u0107, <\/li>\n\n\n\n<li>Ma\u017eoretke, <\/li>\n\n\n\n<li>trombonjeri, <\/li>\n\n\n\n<li>Klapa Stari kapetan, <\/li>\n\n\n\n<li>Bunt Rok Bend-ovi<\/li>\n\n\n\n<li>13:30 Knez, na platou ispred Doma kulture u Djenovice <\/li>\n<\/ul>\n\n\n\n<figure class=\"wp-block-embed is-type-video is-provider-youtube wp-block-embed-youtube wp-embed-aspect-16-9 wp-has-aspect-ratio\"><div class=\"wp-block-embed__wrapper\">\n<iframe title=\"53. Praznik mimoze - Nenad Kne\u017eevi\u0107 KNEZ\" width=\"1200\" height=\"675\" data-src=\"https:\/\/www.youtube.com\/embed\/O9rVx_rmXzk?feature=oembed\" frameborder=\"0\" allow=\"accelerometer; autoplay; clipboard-write; encrypted-media; gyroscope; picture-in-picture; web-share\" referrerpolicy=\"strict-origin-when-cross-origin\" allowfullscreen src=\"data:image\/svg+xml;base64,PHN2ZyB3aWR0aD0iMSIgaGVpZ2h0PSIxIiB4bWxucz0iaHR0cDovL3d3dy53My5vcmcvMjAwMC9zdmciPjwvc3ZnPg==\" class=\"lazyload\" data-load-mode=\"1\"><\/iframe>\n<\/div><figcaption class=\"wp-element-caption\">Knez najavljuje koncert u Djenovi\u0107ima <\/figcaption><\/figure>\n\n\n\n<div class=\"wp-block-cover\"><span aria-hidden=\"true\" class=\"wp-block-cover__background has-background-dim\"><\/span><img decoding=\"async\" width=\"1024\" height=\"684\" class=\"wp-block-cover__image-background wp-image-9233 lazyload\" alt=\"\" data-src=\"https:\/\/www.fanfani.me\/wp-content\/uploads\/2022\/02\/dani-mimoze-herceg-novi-defile-berba-kumbor-djenovici-baosici-1024x684.jpg\" data-object-fit=\"cover\" data-srcset=\"https:\/\/www.fanfani.me\/wp-content\/uploads\/2022\/02\/dani-mimoze-herceg-novi-defile-berba-kumbor-djenovici-baosici-1024x684.jpg 1024w, https:\/\/www.fanfani.me\/wp-content\/uploads\/2022\/02\/dani-mimoze-herceg-novi-defile-berba-kumbor-djenovici-baosici-300x200.jpg 300w, https:\/\/www.fanfani.me\/wp-content\/uploads\/2022\/02\/dani-mimoze-herceg-novi-defile-berba-kumbor-djenovici-baosici-768x513.jpg 768w, https:\/\/www.fanfani.me\/wp-content\/uploads\/2022\/02\/dani-mimoze-herceg-novi-defile-berba-kumbor-djenovici-baosici.jpg 1200w\" data-sizes=\"(max-width: 1024px) 100vw, 1024px\" src=\"data:image\/svg+xml;base64,PHN2ZyB3aWR0aD0iMSIgaGVpZ2h0PSIxIiB4bWxucz0iaHR0cDovL3d3dy53My5vcmcvMjAwMC9zdmciPjwvc3ZnPg==\" style=\"--smush-placeholder-width: 1024px; --smush-placeholder-aspect-ratio: 1024\/684;\" \/><div class=\"wp-block-cover__inner-container is-layout-flow wp-block-cover-is-layout-flow\">\n<p class=\"has-large-font-size\">Fe\u0161ta.  <strong>Subota, 19.02.<\/strong> od 10\u010d<\/p>\n<\/div><\/div>\n\n\n\n<p><br> u 21 sat <\/p>\n\n\n\n<h3 class=\"has-base-2-background-color has-background wp-block-heading\"><br><strong>MASKENBAL <\/strong>\u2013 Institut Dr Simo Milo\u0161evi\u0107 Igalo, u 21 sat <\/h3>\n\n\n\n<p><\/p>\n\n\n\n<p>izvo\u0111a\u010di: <\/p>\n\n\n\n<ul class=\"wp-block-list\">\n<li>Egzodus, <\/li>\n\n\n\n<li>Goran Karan; <\/li>\n\n\n\n<li>u programu u\u010destvuju: Gradska muzika i Ma\u017eoretke)<\/li>\n<\/ul>\n<\/div><\/div>\n\n\n\n<div class=\"wp-block-group\"><div class=\"wp-block-group__inner-container is-layout-flow wp-block-group-is-layout-flow\">\n<h3 class=\"wp-block-heading\"><br><strong>Nedjelja, 20.02.:<\/strong><\/h3>\n\n\n\n<p><br><br>DJE\u010cIJI MASKENBAL \u2013 Institut Dr Simo Milo\u0161evi\u0107; Igalo (od 15 do 17sati za djecu do 6 godina i od 17 do 19 sati za djecu od 7 godina)<\/p>\n<\/div><\/div>\n\n\n\n<div class=\"wp-block-group\"><div class=\"wp-block-group__inner-container is-layout-flow wp-block-group-is-layout-flow\">\n<h3 class=\"wp-block-heading\"><br><strong>Ponedjeljak, 21.02.<\/strong><\/h3>\n\n\n\n<p><br><br>PO\u017dELI ZVIJEZDU PADALICU, promocija knjige Bosiljke Pu\u0161i\u0107, foaje Dvorane PARK u 19 sati<\/p>\n<\/div><\/div>\n\n\n\n<div class=\"wp-block-group\"><div class=\"wp-block-group__inner-container is-layout-flow wp-block-group-is-layout-flow\">\n<h3 class=\"wp-block-heading\"><br><strong>Srijeda, 23.02.<\/strong><\/h3>\n\n\n\n<p><br><br>BOKE\u0160KA BROJANICA, promocija knjige Marine Stani\u0161i\u0107, Gradska kafana u 17 sati<\/p>\n<\/div><\/div>\n\n\n\n<div class=\"wp-block-group\"><div class=\"wp-block-group__inner-container is-layout-flow wp-block-group-is-layout-flow\">\n<h3 class=\"wp-block-heading\"><br><strong>\u010cetvrtak, 24.02.<\/strong><\/h3>\n\n\n\n<p><br><br>MALI SALON HERCEGNOVSKIH GALERIJA, foaje Dvorane PARK u 19:30 sati<br><br>SAN O BOKI, Mjuzikl, Dvorana PARK u 20 sati<\/p>\n<\/div><\/div>\n\n\n\n<div class=\"wp-block-group\"><div class=\"wp-block-group__inner-container is-layout-flow wp-block-group-is-layout-flow\">\n<h3 class=\"wp-block-heading\"><br><br><strong>Petak, 25.02.<\/strong><\/h3>\n\n\n\n<p><br><br>Folklorno dru\u0161tvo KRES, Novo Mesto, Dvorana PARK u 19 sati<br><br>Ve\u010de Novog Mesta CVI\u010cEK PARTI \u2013 Gradska kafana, u 20 sati<\/p>\n<\/div><\/div>\n\n\n\n<div class=\"wp-block-group\"><div class=\"wp-block-group__inner-container is-layout-flow wp-block-group-is-layout-flow\">\n<h3 class=\"wp-block-heading\"><br><br><strong>Subota, 26.02.<\/strong><\/h3>\n\n\n\n<p><br><br>OTVORENA ULICA, Muzi\u010dko-gastronomska fe\u0161ta, \u0160etali\u0161te kod Omladinskog parka Igalo u 10:30 sati<br><br>NO\u0106NA SPENZA \u2013 DANI BEOGRADA, Gradska pijaca u 19 sati<\/p>\n<\/div><\/div>\n\n\n\n<div class=\"wp-block-group\"><div class=\"wp-block-group__inner-container is-layout-flow wp-block-group-is-layout-flow\">\n<h3 class=\"wp-block-heading\"><br><br><strong>Nedjelja, 27.02.<\/strong><\/h3>\n\n\n\n<p><br><br>PICIGIN<br><br>NO\u0106NA SPENZA \u2013 DANI BEOGRADA, Gradska pijaca u 19 sati<br><br>POD OKRILJEM SV.NIKOLE I SV. VLAHA, promocija knjige Mirjane Blagojevi\u0107, Gradska biblioteka u 19 sati<\/p>\n\n\n\n<div class=\"wp-block-cover\"><span aria-hidden=\"true\" class=\"wp-block-cover__background has-background-dim-40 has-background-dim\"><\/span><img decoding=\"async\" width=\"720\" height=\"482\" class=\"wp-block-cover__image-background wp-image-9239 lazyload\" alt=\"\" data-src=\"https:\/\/www.fanfani.me\/wp-content\/uploads\/2022\/02\/dani-mimoze-praznik-mimoze-picigin-igalo.jpg\" style=\"--smush-placeholder-width: 720px; --smush-placeholder-aspect-ratio: 720\/482;object-position:36% 43%\" data-object-fit=\"cover\" data-object-position=\"36% 43%\" data-srcset=\"https:\/\/www.fanfani.me\/wp-content\/uploads\/2022\/02\/dani-mimoze-praznik-mimoze-picigin-igalo.jpg 720w, https:\/\/www.fanfani.me\/wp-content\/uploads\/2022\/02\/dani-mimoze-praznik-mimoze-picigin-igalo-300x201.jpg 300w\" data-sizes=\"(max-width: 720px) 100vw, 720px\" src=\"data:image\/svg+xml;base64,PHN2ZyB3aWR0aD0iMSIgaGVpZ2h0PSIxIiB4bWxucz0iaHR0cDovL3d3dy53My5vcmcvMjAwMC9zdmciPjwvc3ZnPg==\" \/><div class=\"wp-block-cover__inner-container is-layout-flow wp-block-cover-is-layout-flow\">\n<p class=\"has-large-font-size\"> <br><br><strong>Nedjelja, 27.02.<\/strong>  PICIGIN <\/p>\n<\/div><\/div>\n<\/div><\/div>\n\n\n\n<div class=\"wp-block-group\"><div class=\"wp-block-group__inner-container is-layout-flow wp-block-group-is-layout-flow\">\n<h3 class=\"wp-block-heading\"><br><br><strong>Ponedjeljak, 28.02.<\/strong><\/h3>\n\n\n\n<p><br><br>VODI\u010c KROZ SRPSKI MENTALITET, kamerna-kabaretska predstava po tekstu Mome Kapora, priredila Vjera Mujovi\u0107, Gradska kafana u 20 sati<\/p>\n<\/div><\/div>\n\n\n\n<div class=\"wp-block-group\"><div class=\"wp-block-group__inner-container is-layout-flow wp-block-group-is-layout-flow\">\n<h3 class=\"wp-block-heading\"><br><br><strong>Utorak, 1.03.<\/strong><\/h3>\n\n\n\n<p><br><br>MUZI\u010cKA \u0160KOLA HERCEG NOVI, koncert u\u010denika i profesora, Dvorana PARK u 19 sati<\/p>\n<\/div><\/div>\n\n\n\n<div class=\"wp-block-group\"><div class=\"wp-block-group__inner-container is-layout-flow wp-block-group-is-layout-flow\">\n<div class=\"wp-block-group\"><div class=\"wp-block-group__inner-container is-layout-flow wp-block-group-is-layout-flow\">\n<h3 class=\"wp-block-heading\"><br><strong>Srijeda, 2.03.<\/strong><\/h3>\n\n\n\n<p><br><br>PRO\u0160LOST MI NIJE DOVOLJNA, promocija knjige Tie Do\u017ei\u0107, foaje Dvorane PARK u 19 sati<\/p>\n<\/div><\/div>\n<\/div><\/div>\n\n\n\n<p><\/p>\n\n\n\n<div class=\"wp-block-group\"><div class=\"wp-block-group__inner-container is-layout-flow wp-block-group-is-layout-flow\">\n<h3 class=\"wp-block-heading\"><strong>\u010cetvrtak, 3.03.<\/strong><\/h3>\n\n\n\n<p><\/p>\n\n\n\n<p><br><br>LUDI NOVAC, pozori\u0161na predstava Sankt Peterburg, Dvorana PARK u 20 sati<\/p>\n<\/div><\/div>\n\n\n\n<p><\/p>\n\n\n\n<div class=\"wp-block-group\"><div class=\"wp-block-group__inner-container is-layout-flow wp-block-group-is-layout-flow\">\n<h2 class=\"wp-block-heading\"><br><br><strong>Petak, 4.03.<\/strong><\/h2>\n\n\n\n<p><br><br>MIMOZA DENS FESTIVAL \u2013 Dvorana PARK u 10 sati<br><br>RIBLJA VE\u010cERA \u2013 Institut Dr Simo Milo\u0161evi\u0107 Igalo u 21 sat<br><\/p>\n<\/div><\/div>\n\n\n\n<div class=\"wp-block-group\"><div class=\"wp-block-group__inner-container is-layout-flow wp-block-group-is-layout-flow\">\n<h3 class=\"wp-block-heading\"><br><strong>Subota, 5.03.<\/strong><\/h3>\n\n\n\n<p><br><br>MIMOZA DENS FESTIVAL \u2013 Dvorana PARK u 10 sati<br><br>SPALJIVANJE KRNEVALA \u2013 mala karnevalska povorka, su\u0111enje krnevalu, \u0160kver u 12 sati (u programu u\u010destvuju: Gradska muzika, Mjesna muzika \u0110enovi\u0107, Ma\u017eoretke, Trombonjeri, glumci)<br><br>ZATVARANJE 53. PRAZNIKA MIMOZE \u2013 (izvo\u0111a\u010d: Dejan Petrovi\u0107 i Big Bend; u programu u\u010destvuju: Gradska muzika, Mjesna muzika \u0110enovi\u0107, Ma\u017eoretke, Trombonjeri, bleh orkestar iz Jedrena, KSC Diano, klovnovi)<br><\/p>\n<\/div><\/div>\n\n\n\n<div class=\"wp-block-group\"><div class=\"wp-block-group__inner-container is-layout-flow wp-block-group-is-layout-flow\">\n<h3 class=\"wp-block-heading\"><br><strong>Nedjelja, 6.03.<\/strong><br><\/h3>\n\n\n\n<p><br>KAROTRC, trka kari\u0107a, Herceg Novi \u2013 centar u 12 sati<br><\/p>\n<\/div><\/div>\n\n\n\n<p><strong>Utorak, 8.03.<\/strong> <\/p>\n\n\n\n<div class=\"wp-block-group\"><div class=\"wp-block-group__inner-container is-layout-flow wp-block-group-is-layout-flow\">\n<h3 class=\"wp-block-heading\"><strong>Utorak, 8.03.<\/strong><\/h3>\n\n\n\n<p><br><br>RIBARSKE SVA\u0110E, pozori\u0161na predstava, Dvorana PARK u 20 sati (Re\u017eija: Milan Karad\u017ei\u0107, Koprodukcija Narodno pozori\u0161te Pri\u0161tina i SNP Novi Sad)<br><\/p>\n<\/div><\/div>\n\n\n\n<p><\/p>\n\n\n\n<p><strong>SPORTSKI PROGRAMI<\/strong> praznika Mimoze<\/p>\n\n\n\n<p><br><br>Sportske manifestacije u okviru&nbsp; programa Praznika mimoze&nbsp;&nbsp; bi\u0107e organizovane u skladu sa epidemolo\u0161kim mjerama, a datumi za ve\u0107inu manifestacija bi\u0107e naknadno objavljeni.<br><br><strong>5. FEBRAUR<\/strong><br><br>Jedrili\u010darski klub \u201eJugole Grakali\u0107\u201c&nbsp; organizuje 48. Kup Mimoze u akvatorijum hercegnosvkog zaliva<br><br><strong>11. FEBRUAR<\/strong><br><br>\u0160ah Klub Herceg Novi organizuje 8. memorijal \u0110or\u0111e Konjevi\u0107<br><br><strong>12. i 13. FEBRUAR<\/strong><br><br>SKALINADA -Triatlon klub<\/p>\n\n\n\n<div class=\"wp-block-group\"><div class=\"wp-block-group__inner-container is-layout-flow wp-block-group-is-layout-flow\">\n<p class=\"has-small-font-size\"> 13. februar &#8211; Izvor informacije &#8211; radio Jadran<\/p>\n\n\n\n<h2 class=\"wp-block-heading\">Osma Novska Skalinada 13. februara<\/h2>\n\n\n\n<p class=\"has-small-font-size\"><a href=\"https:\/\/live.3hercegnovi.me\/event\/SK22\/register\" target=\"_blank\" rel=\"noreferrer noopener\">Prijava za takmicenje na sajtu <\/a><a href=\"https:\/\/live.3hercegnovi.me\/\">Triatlon klub &#8222;Herceg Novi&#8220;<\/a> &#8211; <br><a href=\"https:\/\/live.3hercegnovi.me\/event\/SK22\/register\" target=\"_blank\" rel=\"noreferrer noopener\">https:\/\/live.3hercegnovi.me\/event\/SK22\/register<\/a><\/p>\n\n\n\n<p> 10:30h \u2013 Start <\/p>\n\n\n\n<p>Prijave se vr\u0161e isklju\u010divo elektronskim putem preko slede\u0107eg&nbsp;<a href=\"https:\/\/live.3hercegnovi.me\/event\/SK22\/register\">linka<\/a>. <br>Za prijave do 1. februara iznos startnine je 10, a nakon toga iznosi 15 eura. <br><strong>Prijave su otvorene do 10. februara.<\/strong><\/p>\n\n\n\n<p>646 skala i 1280 metara du\u017eine i 178 nadmorske visine.<\/p>\n\n\n\n<p><strong>SUBOTA, 12. Februara 2022.<\/strong> &nbsp; <\/p>\n\n\n\n<p>12h \u2013 Obilazak staze u pratnji vodi\u010da (gradska luka \u0160kver) &nbsp; <\/p>\n\n\n\n<p>12 -17h \u2013 Preuzimanje startnih paketa &nbsp; <\/p>\n\n\n\n<p><strong>NEDELJA, 13. Februara 2022.<\/strong> &nbsp; <\/p>\n\n\n\n<p>8:30 \u2013 10h \u2013 Preuzimanje startnih paketa &nbsp; <\/p>\n\n\n\n<p>10:30h \u2013 Start (pojedina\u010dan start na svakih 30 sekundi po rednim brojevima) &nbsp; <\/p>\n\n\n\n<p>13h \u2013 Dodjela nagrada, zavr\u0161na ceremonija &nbsp; <\/p>\n\n\n\n<p><\/p>\n\n\n\n<p><strong>NAGRADE:<\/strong> &nbsp; \u2013 Svi takmi\u010dari koji zavr\u0161e trku dobijaju FINISHER medalju &nbsp; \u2013 Apsolutni pobjednici (M i \u017d) dobijaju pehare i medalje, drugo i tre\u0107e mjesto medalje &nbsp; \u2013 prvo, drugo i tre\u0107e mjesto u starosnim kategorijama dobijaju medalje<\/p>\n<\/div><\/div>\n\n\n\n<p><strong>19. FEBRUAR<\/strong><br><br>No\u0107 punog mjeseca-PK Subra<br><br><strong>27. FEBRUAR<\/strong><br><br>STRELI\u010cARSKI KLUB \u201eSAVINA\u201c organizuje&nbsp; Mimoza Kup u streli\u010darstvu<br><br><strong>19.- 20. MART<\/strong><br><br>Peti me\u0111unarodni teniski turnir Zlatna mimoza<br><\/p>\n\n\n\n<p><strong>DATUMI NAKNADNO DEFRINISANI:<\/strong><br><br>44. fudbalski turnir Mimoza Kup, 23. Kup Mimoze u sportskom ribolovu, 5. \u017denski ko\u0161arka\u0161ki turnir Mimoza, 39. Bu\u0107arski turnir \u201eKup Mimoza 2022., 39. me\u0111unarodni d\u017eudo kup Mimoze 2022. i 8. medunarodni D\u017diju d\u017eica turnir Mimoza Open Herceg\u201c, Gimnasti\u010darski KUP Mimoze i Mimoza Polino kup.<\/p>\n","protected":false},"excerpt":{"rendered":"<p>Ove godine za vrijeme festivala ne izdajemo smje\u0161taj. Novi program 54. Praznika Mimoze za 2023 Ako dolazite iz pravca Trebinja.Stanje sa kamerama na granici iz Bosne(GP Ivanica &#8211; ulaz u BiH (Dubrovnik-Trebinje)) pogledajte na stranici granice. Program i najava za festival. Program po danima: \u010cetvrtak, 3.02. HERCEGNOVSKI ZIMSKI SALON, Galerija Josip Bepo Benkovi\u0107, u 19 &#8230; <a title=\"Dani Mimoze 2022 program\" class=\"read-more\" href=\"https:\/\/www.fanfani.me\/sr\/dani-mimoze-2022-program\/\" aria-label=\"Read more about Dani Mimoze 2022 program\">Read more<\/a><\/p>\n","protected":false},"author":1,"featured_media":0,"parent":0,"menu_order":0,"comment_status":"closed","ping_status":"closed","template":"","meta":{"footnotes":""},"class_list":["post-11525","page","type-page","status-publish"],"yoast_head":"<!-- This site is optimized with the Yoast SEO plugin v27.3 - https:\/\/yoast.com\/product\/yoast-seo-wordpress\/ -->\n<title>Dani Mimoze 2022 program &#8226; Neda Fanfani<\/title>\n<meta name=\"robots\" content=\"index, follow, max-snippet:-1, max-image-preview:large, max-video-preview:-1\" \/>\n<link rel=\"canonical\" href=\"https:\/\/www.fanfani.me\/sr\/dani-mimoze-2022-program\/\" \/>\n<meta property=\"og:locale\" content=\"sr_RS\" \/>\n<meta property=\"og:type\" content=\"article\" \/>\n<meta property=\"og:title\" content=\"Dani Mimoze 2022 program &#8226; Neda Fanfani\" \/>\n<meta property=\"og:description\" content=\"Ove godine za vrijeme festivala ne izdajemo smje\u0161taj. Novi program 54. Praznika Mimoze za 2023 Ako dolazite iz pravca Trebinja.Stanje sa kamerama na granici iz Bosne(GP Ivanica &#8211; ulaz u BiH (Dubrovnik-Trebinje)) pogledajte na stranici granice. Program i najava za festival. Program po danima: \u010cetvrtak, 3.02. HERCEGNOVSKI ZIMSKI SALON, Galerija Josip Bepo Benkovi\u0107, u 19 ... Read more\" \/>\n<meta property=\"og:url\" content=\"https:\/\/www.fanfani.me\/sr\/dani-mimoze-2022-program\/\" \/>\n<meta property=\"og:site_name\" content=\"Neda Fanfani\" \/>\n<meta property=\"article:publisher\" content=\"https:\/\/www.facebook.com\/Apartmani.Djenovici\/\" \/>\n<meta property=\"article:modified_time\" content=\"2023-01-05T06:55:45+00:00\" \/>\n<meta property=\"og:image\" content=\"https:\/\/www.fanfani.me\/wp-content\/uploads\/2022\/01\/praznik-mimoze-program-2022-53-dani-mimoze-1024x1024.jpeg\" \/>\n<meta name=\"twitter:card\" content=\"summary_large_image\" \/>\n<meta name=\"twitter:label1\" content=\"\u041f\u0440\u043e\u0446\u0435\u045a\u0435\u043d\u043e \u0432\u0440\u0435\u043c\u0435 \u0447\u0438\u0442\u0430\u045a\u0430\" \/>\n\t<meta name=\"twitter:data1\" content=\"6 \u043c\u0438\u043d\u0443\u0442\u0430\" \/>\n<script type=\"application\/ld+json\" class=\"yoast-schema-graph\">{\"@context\":\"https:\\\/\\\/schema.org\",\"@graph\":[{\"@type\":\"WebPage\",\"@id\":\"https:\\\/\\\/www.fanfani.me\\\/sr\\\/dani-mimoze-2022-program\\\/\",\"url\":\"https:\\\/\\\/www.fanfani.me\\\/sr\\\/dani-mimoze-2022-program\\\/\",\"name\":\"Dani Mimoze 2022 program &#8226; Neda Fanfani\",\"isPartOf\":{\"@id\":\"https:\\\/\\\/www.fanfani.me\\\/sr\\\/#website\"},\"primaryImageOfPage\":{\"@id\":\"https:\\\/\\\/www.fanfani.me\\\/sr\\\/dani-mimoze-2022-program\\\/#primaryimage\"},\"image\":{\"@id\":\"https:\\\/\\\/www.fanfani.me\\\/sr\\\/dani-mimoze-2022-program\\\/#primaryimage\"},\"thumbnailUrl\":\"https:\\\/\\\/www.fanfani.me\\\/wp-content\\\/uploads\\\/2022\\\/01\\\/praznik-mimoze-program-2022-53-dani-mimoze-1024x1024.jpeg\",\"datePublished\":\"2022-11-26T17:31:07+00:00\",\"dateModified\":\"2023-01-05T06:55:45+00:00\",\"breadcrumb\":{\"@id\":\"https:\\\/\\\/www.fanfani.me\\\/sr\\\/dani-mimoze-2022-program\\\/#breadcrumb\"},\"inLanguage\":\"sr-RS\",\"potentialAction\":[{\"@type\":\"ReadAction\",\"target\":[\"https:\\\/\\\/www.fanfani.me\\\/sr\\\/dani-mimoze-2022-program\\\/\"]}]},{\"@type\":\"ImageObject\",\"inLanguage\":\"sr-RS\",\"@id\":\"https:\\\/\\\/www.fanfani.me\\\/sr\\\/dani-mimoze-2022-program\\\/#primaryimage\",\"url\":\"https:\\\/\\\/www.fanfani.me\\\/wp-content\\\/uploads\\\/2022\\\/01\\\/praznik-mimoze-program-2022-53-dani-mimoze-1024x1024.jpeg\",\"contentUrl\":\"https:\\\/\\\/www.fanfani.me\\\/wp-content\\\/uploads\\\/2022\\\/01\\\/praznik-mimoze-program-2022-53-dani-mimoze-1024x1024.jpeg\"},{\"@type\":\"BreadcrumbList\",\"@id\":\"https:\\\/\\\/www.fanfani.me\\\/sr\\\/dani-mimoze-2022-program\\\/#breadcrumb\",\"itemListElement\":[{\"@type\":\"ListItem\",\"position\":1,\"name\":\"\u041f\u043e\u0447\u0435\u0442\u043d\u0430\",\"item\":\"https:\\\/\\\/www.fanfani.me\\\/sr\\\/\"},{\"@type\":\"ListItem\",\"position\":2,\"name\":\"Dani Mimoze 2022 program\"}]},{\"@type\":\"WebSite\",\"@id\":\"https:\\\/\\\/www.fanfani.me\\\/sr\\\/#website\",\"url\":\"https:\\\/\\\/www.fanfani.me\\\/sr\\\/\",\"name\":\"Neda Fanfani\",\"description\":\"Djenovi\u0107i\",\"publisher\":{\"@id\":\"https:\\\/\\\/www.fanfani.me\\\/sr\\\/#organization\"},\"potentialAction\":[{\"@type\":\"SearchAction\",\"target\":{\"@type\":\"EntryPoint\",\"urlTemplate\":\"https:\\\/\\\/www.fanfani.me\\\/sr\\\/?s={search_term_string}\"},\"query-input\":{\"@type\":\"PropertyValueSpecification\",\"valueRequired\":true,\"valueName\":\"search_term_string\"}}],\"inLanguage\":\"sr-RS\"},{\"@type\":\"Organization\",\"@id\":\"https:\\\/\\\/www.fanfani.me\\\/sr\\\/#organization\",\"name\":\"Apartmani Neda Fanfani Djenovici\",\"url\":\"https:\\\/\\\/www.fanfani.me\\\/sr\\\/\",\"logo\":{\"@type\":\"ImageObject\",\"inLanguage\":\"sr-RS\",\"@id\":\"https:\\\/\\\/www.fanfani.me\\\/sr\\\/#\\\/schema\\\/logo\\\/image\\\/\",\"url\":\"https:\\\/\\\/www.fanfani.me\\\/wp-content\\\/uploads\\\/2020\\\/04\\\/apartmani-neda-fanfani-djenovici-1024x216-1.png\",\"contentUrl\":\"https:\\\/\\\/www.fanfani.me\\\/wp-content\\\/uploads\\\/2020\\\/04\\\/apartmani-neda-fanfani-djenovici-1024x216-1.png\",\"width\":1024,\"height\":216,\"caption\":\"Apartmani Neda Fanfani Djenovici\"},\"image\":{\"@id\":\"https:\\\/\\\/www.fanfani.me\\\/sr\\\/#\\\/schema\\\/logo\\\/image\\\/\"},\"sameAs\":[\"https:\\\/\\\/www.facebook.com\\\/Apartmani.Djenovici\\\/\",\"https:\\\/\\\/www.youtube.com\\\/user\\\/FanfaniDjenovici\"]}]}<\/script>\n<!-- \/ Yoast SEO plugin. -->","yoast_head_json":{"title":"Dani Mimoze 2022 program &#8226; Neda Fanfani","robots":{"index":"index","follow":"follow","max-snippet":"max-snippet:-1","max-image-preview":"max-image-preview:large","max-video-preview":"max-video-preview:-1"},"canonical":"https:\/\/www.fanfani.me\/sr\/dani-mimoze-2022-program\/","og_locale":"sr_RS","og_type":"article","og_title":"Dani Mimoze 2022 program &#8226; Neda Fanfani","og_description":"Ove godine za vrijeme festivala ne izdajemo smje\u0161taj. Novi program 54. Praznika Mimoze za 2023 Ako dolazite iz pravca Trebinja.Stanje sa kamerama na granici iz Bosne(GP Ivanica &#8211; ulaz u BiH (Dubrovnik-Trebinje)) pogledajte na stranici granice. Program i najava za festival. Program po danima: \u010cetvrtak, 3.02. HERCEGNOVSKI ZIMSKI SALON, Galerija Josip Bepo Benkovi\u0107, u 19 ... Read more","og_url":"https:\/\/www.fanfani.me\/sr\/dani-mimoze-2022-program\/","og_site_name":"Neda Fanfani","article_publisher":"https:\/\/www.facebook.com\/Apartmani.Djenovici\/","article_modified_time":"2023-01-05T06:55:45+00:00","og_image":[{"url":"https:\/\/www.fanfani.me\/wp-content\/uploads\/2022\/01\/praznik-mimoze-program-2022-53-dani-mimoze-1024x1024.jpeg","type":"","width":"","height":""}],"twitter_card":"summary_large_image","twitter_misc":{"\u041f\u0440\u043e\u0446\u0435\u045a\u0435\u043d\u043e \u0432\u0440\u0435\u043c\u0435 \u0447\u0438\u0442\u0430\u045a\u0430":"6 \u043c\u0438\u043d\u0443\u0442\u0430"},"schema":{"@context":"https:\/\/schema.org","@graph":[{"@type":"WebPage","@id":"https:\/\/www.fanfani.me\/sr\/dani-mimoze-2022-program\/","url":"https:\/\/www.fanfani.me\/sr\/dani-mimoze-2022-program\/","name":"Dani Mimoze 2022 program &#8226; Neda Fanfani","isPartOf":{"@id":"https:\/\/www.fanfani.me\/sr\/#website"},"primaryImageOfPage":{"@id":"https:\/\/www.fanfani.me\/sr\/dani-mimoze-2022-program\/#primaryimage"},"image":{"@id":"https:\/\/www.fanfani.me\/sr\/dani-mimoze-2022-program\/#primaryimage"},"thumbnailUrl":"https:\/\/www.fanfani.me\/wp-content\/uploads\/2022\/01\/praznik-mimoze-program-2022-53-dani-mimoze-1024x1024.jpeg","datePublished":"2022-11-26T17:31:07+00:00","dateModified":"2023-01-05T06:55:45+00:00","breadcrumb":{"@id":"https:\/\/www.fanfani.me\/sr\/dani-mimoze-2022-program\/#breadcrumb"},"inLanguage":"sr-RS","potentialAction":[{"@type":"ReadAction","target":["https:\/\/www.fanfani.me\/sr\/dani-mimoze-2022-program\/"]}]},{"@type":"ImageObject","inLanguage":"sr-RS","@id":"https:\/\/www.fanfani.me\/sr\/dani-mimoze-2022-program\/#primaryimage","url":"https:\/\/www.fanfani.me\/wp-content\/uploads\/2022\/01\/praznik-mimoze-program-2022-53-dani-mimoze-1024x1024.jpeg","contentUrl":"https:\/\/www.fanfani.me\/wp-content\/uploads\/2022\/01\/praznik-mimoze-program-2022-53-dani-mimoze-1024x1024.jpeg"},{"@type":"BreadcrumbList","@id":"https:\/\/www.fanfani.me\/sr\/dani-mimoze-2022-program\/#breadcrumb","itemListElement":[{"@type":"ListItem","position":1,"name":"\u041f\u043e\u0447\u0435\u0442\u043d\u0430","item":"https:\/\/www.fanfani.me\/sr\/"},{"@type":"ListItem","position":2,"name":"Dani Mimoze 2022 program"}]},{"@type":"WebSite","@id":"https:\/\/www.fanfani.me\/sr\/#website","url":"https:\/\/www.fanfani.me\/sr\/","name":"Neda Fanfani","description":"Djenovi\u0107i","publisher":{"@id":"https:\/\/www.fanfani.me\/sr\/#organization"},"potentialAction":[{"@type":"SearchAction","target":{"@type":"EntryPoint","urlTemplate":"https:\/\/www.fanfani.me\/sr\/?s={search_term_string}"},"query-input":{"@type":"PropertyValueSpecification","valueRequired":true,"valueName":"search_term_string"}}],"inLanguage":"sr-RS"},{"@type":"Organization","@id":"https:\/\/www.fanfani.me\/sr\/#organization","name":"Apartmani Neda Fanfani Djenovici","url":"https:\/\/www.fanfani.me\/sr\/","logo":{"@type":"ImageObject","inLanguage":"sr-RS","@id":"https:\/\/www.fanfani.me\/sr\/#\/schema\/logo\/image\/","url":"https:\/\/www.fanfani.me\/wp-content\/uploads\/2020\/04\/apartmani-neda-fanfani-djenovici-1024x216-1.png","contentUrl":"https:\/\/www.fanfani.me\/wp-content\/uploads\/2020\/04\/apartmani-neda-fanfani-djenovici-1024x216-1.png","width":1024,"height":216,"caption":"Apartmani Neda Fanfani Djenovici"},"image":{"@id":"https:\/\/www.fanfani.me\/sr\/#\/schema\/logo\/image\/"},"sameAs":["https:\/\/www.facebook.com\/Apartmani.Djenovici\/","https:\/\/www.youtube.com\/user\/FanfaniDjenovici"]}]}},"_links":{"self":[{"href":"https:\/\/www.fanfani.me\/sr\/wp-json\/wp\/v2\/pages\/11525","targetHints":{"allow":["GET"]}}],"collection":[{"href":"https:\/\/www.fanfani.me\/sr\/wp-json\/wp\/v2\/pages"}],"about":[{"href":"https:\/\/www.fanfani.me\/sr\/wp-json\/wp\/v2\/types\/page"}],"author":[{"embeddable":true,"href":"https:\/\/www.fanfani.me\/sr\/wp-json\/wp\/v2\/users\/1"}],"replies":[{"embeddable":true,"href":"https:\/\/www.fanfani.me\/sr\/wp-json\/wp\/v2\/comments?post=11525"}],"version-history":[{"count":0,"href":"https:\/\/www.fanfani.me\/sr\/wp-json\/wp\/v2\/pages\/11525\/revisions"}],"wp:attachment":[{"href":"https:\/\/www.fanfani.me\/sr\/wp-json\/wp\/v2\/media?parent=11525"}],"curies":[{"name":"wp","href":"https:\/\/api.w.org\/{rel}","templated":true}]}}