{"id":12290,"date":"2023-01-14T11:20:38","date_gmt":"2023-01-14T11:20:38","guid":{"rendered":"https:\/\/www.fanfani.me\/?page_id=12290"},"modified":"2025-04-06T08:25:43","modified_gmt":"2025-04-06T08:25:43","slug":"ulazak-u-eu-iz-srbije-crne-gore-i-bosne-i-hercegovine-2023-etias","status":"publish","type":"page","link":"https:\/\/www.fanfani.me\/sr\/auto-mape\/granicni-prelazi-crna-gora\/ulazak-u-eu-iz-srbije-crne-gore-i-bosne-i-hercegovine-2023-etias\/","title":{"rendered":"Ulazak u EU iz Srbije, Crne Gore i Bosne i Hercegovine 2025 (ETIAS)."},"content":{"rendered":"\n<h3 class=\"wp-block-heading has-small-font-size\">JO\u0160 NIJE AKTIVNO. Prema najnovijim informacijama Evropske unije, ETIAS \u0107e po\u010deti sa radom u poslednjem kvartalu 2026. godine. \u200b<\/h3>\n\n\n\n<h1 class=\"wp-block-heading\">ETIAS je elektronska dozvola za putovanje u \u0161engenski prostor za gra\u0111ane zemalja bez viza, poput Crne Gore. Potrebna je online prijava i pla\u0107a se taksa od 7 Eura i va\u017ei 3 godine.<\/h1>\n\n\n\n<h2 class=\"wp-block-heading\">Za ulazak u EU pa bi\u0107e potrebna prvo prijava preko sajta EU komisije.<\/h2>\n\n\n\n<h2 class=\"wp-block-heading\">Kako izgleda aplikacija?<\/h2>\n\n\n\n<p>Jo\u0161 nije online. <\/p>\n\n\n\n<p>ETIAS \u0107e biti aktivan u poslednjem kvartalu 2026. godine.<br><strong>Trenutno nije potrebna nikakva radnja od strane putnika.<\/strong><br>Evropska unija \u0107e obavijestiti o ta\u010dnom datumu po\u010detka ETIAS-a nekoliko mjeseci prije njegovog lansiranja.<\/p>\n\n\n\n<div class=\"wp-block-group has-base-2-background-color has-background\"><div class=\"wp-block-group__inner-container is-layout-constrained wp-block-group-is-layout-constrained\">\n<p>UVIJEK provjerite sajt EU komisije. <\/p>\n\n\n\n<h2 class=\"wp-block-heading\">Oficijalni sajt ETIAS Evropa<\/h2>\n\n\n\n<p><a href=\"https:\/\/travel-europe.europa.eu\/etias_en\" target=\"_blank\" rel=\"noreferrer noopener\">https:\/\/travel-europe.europa.eu\/etias_en<\/a><\/p>\n\n\n\n<blockquote class=\"wp-block-quote is-layout-flow wp-block-quote-is-layout-flow\">\n<p>&#8222;<strong>ETIAS will start operations in the last quarter of 2026.<\/strong><br>No action is required from travellers at this point.<br>The European Union will inform about the specific date for the start of ETIAS several months prior to its launch.&#8220;<\/p>\n<\/blockquote>\n<\/div><\/div>\n\n\n\n<h2 class=\"wp-block-heading\">Stanovnici zemlja koji moraju aplicirati prije ulaska u EU<\/h2>\n\n\n\n<figure class=\"wp-block-image size-full\"><a href=\"https:\/\/www.fanfani.me\/wp-content\/uploads\/2024\/10\/ETIAS-zemlje-koje-moraju-da-apliciraju.png\"><img decoding=\"async\" width=\"712\" height=\"321\" data-src=\"https:\/\/www.fanfani.me\/wp-content\/uploads\/2024\/10\/ETIAS-zemlje-koje-moraju-da-apliciraju.png\" alt=\"stanovnici zemalja koji moraju aplicirati preko ETIASa prije ulaska u EU\" class=\"wp-image-15385 lazyload\" data-srcset=\"https:\/\/www.fanfani.me\/wp-content\/uploads\/2024\/10\/ETIAS-zemlje-koje-moraju-da-apliciraju.png 712w, https:\/\/www.fanfani.me\/wp-content\/uploads\/2024\/10\/ETIAS-zemlje-koje-moraju-da-apliciraju-300x135.png 300w\" data-sizes=\"(max-width: 712px) 100vw, 712px\" src=\"data:image\/svg+xml;base64,PHN2ZyB3aWR0aD0iMSIgaGVpZ2h0PSIxIiB4bWxucz0iaHR0cDovL3d3dy53My5vcmcvMjAwMC9zdmciPjwvc3ZnPg==\" style=\"--smush-placeholder-width: 712px; --smush-placeholder-aspect-ratio: 712\/321;\" \/><\/a><\/figure>\n\n\n\n<ul class=\"wp-block-list\">\n<li><a href=\"https:\/\/etias.com\/etias-application\" target=\"_blank\" rel=\"noreferrer noopener\">Prijava<\/a> se vr\u0161i preko EU sistema i ETIAS mobilne aplikacije<\/li>\n\n\n\n<li>ko\u0161ta\u0107e 7 eura a za maloljetnju djecu mo\u017eda i besplatna<\/li>\n\n\n\n<li>pla\u0107anje preko kartice iliti elektronski<\/li>\n\n\n\n<li><\/li>\n<\/ul>\n\n\n\n<h2 class=\"wp-block-heading\">Ulazak u Hrvatsku iz Srbije, Crne Gore, Bosne i Hercegovine i Sjeverne Makedonije<\/h2>\n\n\n\n<p>Evropska Unija kako donese odluku Hrvatska \u0107e je po\u0161tovati i primjeniti. Ulaskom u \u0160engen ne uvodi se <a href=\"https:\/\/dubrovacki.slobodnadalmacija.hr\/dubrovnik\/zupanija\/neretva\/odgoden-etias-drzavljani-bih-ce-u-hrvatsku-i-dalje-dolaziti-besplatno-1249819\" target=\"_blank\" rel=\"noreferrer noopener\">pravilo za ETIAS<\/a> vizu. Dakle za sada sve isto.<\/p>\n\n\n\n<h2 class=\"wp-block-heading\">Paso\u0161 mi isti\u010de za manje od tri mjeseca?<\/h2>\n\n\n\n<p>Validonst paso\u0161a ne smije biti kra\u0107a od tri mjeseca.<\/p>\n\n\n\n<h2 class=\"wp-block-heading\">Koliko traje viza u najboljem slu\u010daju?<\/h2>\n\n\n\n<p>Validnost ETIAS vize je 3 godine ili dok traje paso\u0161,<\/p>\n\n\n\n<h2 class=\"wp-block-heading\">Pojeo mi je pas paso\u0161<\/h2>\n\n\n\n<p>Sa novim paso\u0161em nova i viza. <\/p>\n\n\n\n<h2 class=\"wp-block-heading\">Pas mi je pojeo paso\u0161 prije 10 godina?<\/h2>\n\n\n\n<p>Ne mo\u017ee.<\/p>\n\n\n\n<h2 class=\"wp-block-heading\">Prijave za maloljetna lica (mla\u0111e osobe od 18 godina) <\/h2>\n\n\n\n<p>Podnosi lice koje vr\u0161i stalno ili privremeno roditeljsko ovla\u0161c\u0301enje ili zakonsko starateljstvo.<\/p>\n\n\n\n<h2 class=\"wp-block-heading\">Koliko ranije treba da se aplicira?<\/h2>\n\n\n\n<p>72 Ure prije polaska ili prelaska granice.<\/p>\n\n\n\n<p><\/p>\n\n\n\n<h2 class=\"wp-block-heading\">Da li mi ETIAS aplikacija garantuje ulazak u zemlje EU?<\/h2>\n\n\n\n<p>Ne. Naravno na granici vas mogu vratiti u zemlju porijekla ako grani\u010darka posumnja u validnost Va\u0161e persone da \u0107e naru\u0161avati sigurnost Evrope i njenih gradjana.<\/p>\n\n\n\n<figure class=\"wp-block-image size-full\"><a href=\"https:\/\/www.fanfani.me\/wp-content\/uploads\/2023\/01\/ulazak-u-evropu-iz-srbije-crne-gore-bosne.png\"><img decoding=\"async\" width=\"739\" height=\"700\" data-src=\"https:\/\/www.fanfani.me\/wp-content\/uploads\/2023\/01\/ulazak-u-evropu-iz-srbije-crne-gore-bosne.png\" alt=\"ulazak u evropu 2023 ETIS mapa zemalja kojima je potrebna viza\" class=\"wp-image-12291 lazyload\" data-srcset=\"https:\/\/www.fanfani.me\/wp-content\/uploads\/2023\/01\/ulazak-u-evropu-iz-srbije-crne-gore-bosne.png 739w, https:\/\/www.fanfani.me\/wp-content\/uploads\/2023\/01\/ulazak-u-evropu-iz-srbije-crne-gore-bosne-300x284.png 300w\" data-sizes=\"(max-width: 739px) 100vw, 739px\" src=\"data:image\/svg+xml;base64,PHN2ZyB3aWR0aD0iMSIgaGVpZ2h0PSIxIiB4bWxucz0iaHR0cDovL3d3dy53My5vcmcvMjAwMC9zdmciPjwvc3ZnPg==\" style=\"--smush-placeholder-width: 739px; --smush-placeholder-aspect-ratio: 739\/700;\" \/><\/a><figcaption class=\"wp-element-caption\">Zeleno su zemlje (selekcija zemalja koje nas interesuju najvi\u0161e) koje moraju aplicirati prije ulaska u EU<\/figcaption><\/figure>\n\n\n\n<div class=\"wp-block-group\"><div class=\"wp-block-group__inner-container is-layout-constrained wp-block-group-is-layout-constrained\">\n<p>Srbija<\/p>\n\n\n\n<p>Ako posedujete biometrijski paso\u0161, mo\u017eete podneti zahtev za ETIAS dozvolu za putovanje. <\/p>\n\n\n\n<p>Ako posedujete bilo koju drugu vrstu paso\u0161a, ili imate paso\u0161 koji je izdala Koordinciona uprava Srbije (\u201eKoordinacione uprave\u201c), bic\u0301e vam potrebna viza za ulazak u bilo koju od evropskih zemalja za koje je potreban ETIAS.<\/p>\n<\/div><\/div>\n\n\n\n<h2 class=\"wp-block-heading\">Koliko traje verifikacija?<\/h2>\n\n\n\n<p>Mo\u017eda i du\u017ee od tri minuta do \u010dak do 30 dana ako je potreban detaljni checkup.<\/p>\n\n\n\n<h2 class=\"wp-block-heading\">\u0160ta od informacija je potrebno?<\/h2>\n\n\n\n<p>Prilikom popunjavanja prijave od vas c\u0301e se tra\u017eiti da navedete sledec\u0301e informacije:<\/p>\n\n\n\n<p>Li\u010dni podaci uklju\u010dujuc\u0301i va\u0161e<\/p>\n\n\n\n<ul class=\"wp-block-list\">\n<li> ime, prezime, datum i mjesto ro\u0111enja, <\/li>\n\n\n\n<li>nacionalnost, <\/li>\n\n\n\n<li>pol (nidje info za gender neutral)<\/li>\n\n\n\n<li>kuc\u0301nu adresu, <\/li>\n\n\n\n<li>imena roditelja, <\/li>\n\n\n\n<li>adresu e-po\u0161te i broj telefona;<\/li>\n\n\n\n<li>detalji putne isprave;<\/li>\n\n\n\n<li>Detalji o va\u0161em nivou obrazovanja i trenutnom zanimanju;<\/li>\n\n\n\n<li>Detalji o va\u0161em nameravanom putovanju i boravku u bilo kojoj od zemalja za koje je potreban ETIAS;<\/li>\n\n\n\n<li>Detalji o svim krivi\u010dnim osudama, <\/li>\n\n\n\n<li>svim pro\u0161lim putovanjima u ratne ili konfliktne zone i <\/li>\n\n\n\n<li>da li ste nedavno bili predmet odluke koja zahteva da napustite teritoriju bilo koje zemlje.<\/li>\n<\/ul>\n\n\n\n<p><\/p>\n\n\n\n<p>Morac\u0301ete da izjavite da su podaci koje dostavljate i izjave koje dajete ta\u010dne. Tako\u0111e c\u0301ete morati da potvrdite da razumijete uslove ulaska. <\/p>\n\n\n\n<h2 class=\"wp-block-heading\">U moje ime neko da aplicira?<\/h2>\n\n\n\n<p>Ako neko <a href=\"https:\/\/travel-europe.europa.eu\/etias\/applying-behalf-others_en\" target=\"_blank\" rel=\"noreferrer noopener\">podnosi prijavu u va\u0161e ime<\/a>, ta osoba c\u0301e morati da navede svoje prezime, ime, <\/p>\n\n\n\n<p>naziv i kontakt podatke organizacije ili firme (ako je primenjivo), <\/p>\n\n\n\n<p>kao i informacije o svom odnosu sa vama i <strong>potvrdu da ste ova osoba i vi potpisali izjavu o zastupanju<\/strong>.<\/p>\n\n\n\n<h2 class=\"wp-block-heading\">A dje da se obratim za pomo\u0107 jer su mi prava ugro\u017eena ili su bila?<\/h2>\n\n\n\n<p>Na sajtu <a href=\"https:\/\/fra.europa.eu\/en\/about-fundamental-rights\/where-to-turn\" target=\"_blank\" rel=\"noreferrer noopener\">FRA<\/a> ili da <a href=\"https:\/\/travel-europe.europa.eu\/etias\/report-abuse_en\" target=\"_blank\" rel=\"noreferrer noopener\">prijavite nepravilnosti i la\u017ene sajtove<\/a><\/p>\n\n\n\n<h2 class=\"wp-block-heading\">Mane i problemi ETIAS vize<\/h2>\n\n\n\n<p>U &#8222;opendemocracy.net&#8220; <a href=\"https:\/\/www.opendemocracy.net\/en\/can-europe-make-it\/travel-authorization-eu-automated-processing-and-profiling\/\" target=\"_blank\" rel=\"noreferrer noopener\">\u010dlanku <\/a>su detaljjno objasnili probleme oko ove vize.<\/p>\n\n\n\n<hr class=\"wp-block-separator has-alpha-channel-opacity\"\/>\n\n\n\n<p><\/p>\n\n\n\n<h2 class=\"wp-block-heading\">\u0160ta se smije prenijeti preko granice? Postoji razlika ako idete drumom, ako letite i ako ste u tranzitu kroz Hrvatsku.<\/h2>\n\n\n\n<p class=\"has-small-font-size\">Izvor informacija- b92, index.hr, biznis.ba i <a href=\"https:\/\/carina.gov.hr\/pristup-informacijama\/propisi-i-sporazumi\/carinsko-zakonodavstvo\/fizicke-osobe-2715\/oslobodjenja-i-ogranicenja\/2746\" target=\"_blank\" rel=\"noreferrer noopener\">carine.hr<\/a><\/p>\n\n\n\n<h2 class=\"wp-block-heading\">Riba i riblji proizvodi<\/h2>\n\n\n\n<p>Jedna osoba mo\u017ee uneti 20 kg &#8222;sve\u017eih ribljih proizvoda bez utrobe ili pripremljenih ili prera\u0111enih ribljih proizvoda&#8220; ili jednu ribu po osobi. <\/p>\n\n\n\n<h2 class=\"wp-block-heading\">Mlijeko u prahu<\/h2>\n\n\n\n<p>Dopu\u0161teno je najvi\u0161e <\/p>\n\n\n\n<ul class=\"wp-block-list\">\n<li>2 kg mleka u prahu za bebe, <\/li>\n\n\n\n<li>hrane za bebe i <\/li>\n\n\n\n<li>posebne hrane koja se koristi zbog medicinskih razloga, <\/li>\n<\/ul>\n\n\n\n<h2 class=\"wp-block-heading\">Hrana za ku\u0107ne ljubmce<\/h2>\n\n\n\n<p>Najvi\u0161e 2 kg hrane za ku\u0107ne ljubimce.<\/p>\n\n\n\n<h2 class=\"wp-block-heading\">Vino i pivo<\/h2>\n\n\n\n<p>Po putniku mogu se preneti 4 litara vina i 16 litara piva i sveukupno jedna od ovih kategorija: jedna litra jakog pi\u0107a s vi\u0161e od 22% vol. alkohola (npr. vodka ili d\u017ein) ili jedna litra etilnog alkohola s 80% vol. alkohola ili 2 l &#8222;poja\u010danog&#8220; vina (npr. \u0161eri ili porto) ili penu\u0161avo vino.<\/p>\n\n\n\n<h2 class=\"wp-block-heading\">Cigarete<\/h2>\n\n\n\n<p>Mogu\u0107e je preneti 40 cigareta, 20 cigarilosa, 10 cigara ili 50 g duvana. <\/p>\n\n\n\n<p>Mo\u017eete kombinovati bilo koje od tih duvanskih proizvoda, ali ne smete prema\u0161iti ukupnu dopu\u0161tenu koli\u010dinu. <\/p>\n\n\n\n<h2 class=\"wp-block-heading\">Parfemi<\/h2>\n\n\n\n<p>Parfemi da ali u maksimalnoj vrednosti do 300 evra po putniku.<\/p>\n\n\n\n<h2 class=\"wp-block-heading\"><strong>Za putnike u vazdu\u0161nom prometu:<\/strong><br>&nbsp;<\/h2>\n\n\n\n<ol class=\"wp-block-list\">\n<li>duvanske prera\u0111evine:<\/li>\n<\/ol>\n\n\n\n<ul class=\"wp-block-list\">\n<li>200 cigareta,<\/li>\n\n\n\n<li>100 cigarilosa (pri \u010demu se cigarilosom smatraju cigare neto te\u017eine do 3 grama po komadu),<\/li>\n\n\n\n<li>50 cigara,<\/li>\n\n\n\n<li>250 grama duvana za pu\u0161enje.<\/li>\n<\/ul>\n\n\n\n<h2 class=\"wp-block-heading\">Alkohol i alkoholna pi\u0107a, osim mirnog vina i piva:<\/h2>\n\n\n\n<ul class=\"wp-block-list\">\n<li>alkohol i alkoholna pi\u0107a s udjelom alkohola ve\u0107im od 22% vol. ili nedenaturirani etilni alkohol s&nbsp;&nbsp;&nbsp; udjelom alkohola od 80% vol. i vi\u0161e: 1 litra,<\/li>\n\n\n\n<li>alkohol i alkoholna pi\u0107a s udjelom alkohola 22% vol. i manje: do 2 litre.<\/li>\n<\/ul>\n\n\n\n<ol class=\"wp-block-list\">\n<li>mirno vino: 4 litre.<\/li>\n\n\n\n<li>pivo: 16 litara.<\/li>\n\n\n\n<li>duvanski proizvodi iz \u010dlanka 94. Zakona o tro\u0161arinama:<\/li>\n<\/ol>\n\n\n\n<ul class=\"wp-block-list\">\n<li>50 grama grijanog duhanskog proizvoda,<\/li>\n\n\n\n<li>10 mililitara e-teku\u0107ine,<\/li>\n\n\n\n<li>50 grama novih duhanskih proizvoda iz \u010dlanka 94. stavka 2. Zakona o tro\u0161arinama.<\/li>\n<\/ul>\n\n\n\n<h2 class=\"wp-block-heading\">Za putnike u drugim oblicima prometa (drumski, \u017eeljezni\u010dki itd.):<\/h2>\n\n\n\n<p>Duvanske prera\u0111evine:<\/p>\n\n\n\n<ul class=\"wp-block-list\">\n<li>40 cigareta,<\/li>\n\n\n\n<li>20 cigarilosa (pri \u010demu se cigarilosom smatraju cigare neto te\u017eine do 3 grama po komadu),<\/li>\n\n\n\n<li>10 cigara,<\/li>\n\n\n\n<li>&nbsp;50 grama duhana za pu\u0161enje.<\/li>\n<\/ul>\n\n\n\n<h2 class=\"wp-block-heading\">Alkohol i alkoholna pi\u0107a, osim mirnog vina i piva:<\/h2>\n\n\n\n<ul class=\"wp-block-list\">\n<li>alkohol i alkoholna pi\u0107a s udjelom alkohola ve\u0107im od 22% vol. ili nedenaturirani etilni&nbsp;alkohol s udjelom alkohola od 80% vol. i vi\u0161e: 1 litra,<\/li>\n\n\n\n<li>alkohol i alkoholna pi\u0107a s udjelom alkohola 22% vol. i manje: do 2 litre,<\/li>\n<\/ul>\n\n\n\n<ol class=\"wp-block-list\">\n<li>mirno vino: 4 litre.<\/li>\n\n\n\n<li>&nbsp;pivo: 16 litara.&nbsp;<\/li>\n\n\n\n<li>duhanski proizvodi iz \u010dlanka 94. Zakona o tro\u0161arinama:<\/li>\n<\/ol>\n\n\n\n<ul class=\"wp-block-list\">\n<li>50 grama grijanog duhanskog proizvoda,<\/li>\n\n\n\n<li>10 mililitara e-teku\u0107ine,<\/li>\n\n\n\n<li>50 grama novih duhanskih proizvoda iz \u010dlanka 94. stavka 2. Zakona o tro\u0161arinama.<\/li>\n<\/ul>\n\n\n\n<p>pogledajte tabelu i uvjerite se sami.  UVIJEK pratite stranice carina u ovom slu\u010daju <a href=\"https:\/\/carina.gov.hr\/pristup-informacijama\/propisi-i-sporazumi\/carinsko-zakonodavstvo\/fizicke-osobe-2715\/oslobodjenja-i-ogranicenja\/2746\" target=\"_blank\" rel=\"noreferrer noopener\">Hrvatske<\/a> i tamo provjerite podatke.<\/p>\n\n\n\n<figure class=\"wp-block-table\"><table><thead><tr><th><strong>PROIZVODI\/DR\u017dAVE<\/strong><\/th><th><strong>Tre\u0107e zemlje&nbsp;(npr. BiH, Srbija, Crna Gora, Kosovo i dr.)<\/strong><\/th><th><strong>Farski otoci ili Grenland<\/strong><\/th><th><strong>Andora, Islanad, Lihten\u0161tajn, Norve\u0161ka, San Marino, \u0160vicarska<\/strong><br>&nbsp;<\/th><\/tr><\/thead><tbody><tr><td>meso, mlijeko i njihovi proizvodi<\/td><td>Nije dopu\u0161ten unos<\/td><td>10 kg po osobi<\/td><td>Bez ograni\u010denja<\/td><\/tr><tr><td>proizvodi ribarstva (uklju\u010duju\u0107i svje\u017eu, su\u0161enu, kuhanu, osoljenu ili dimljenu ribu i odre\u0111ene ljuskare ili meku\u0161ce poput kozica, rakova, ne\u017eivih dagnji i ne\u017eivih kamenica) pod uvjetom da je svje\u017ea riba eviscerirana (izva\u0111ena joj je utroba)<\/td><td>20 kg po osobi<\/td><td>Bez ograni\u010denja<\/td><td>&nbsp;Bez ograni\u010denja<\/td><\/tr><tr><td>drugi proizvodi \u017eivotinjskog podrijetla&nbsp; (med, jaja, proizvodi od jaja, meso pu\u017eeva, \u017eablji kraci)<\/td><td>2 kg po osobi<\/td><td>10 kg po osobi<\/td><td>Bez ograni\u010denja<\/td><\/tr><tr><td>mlijeko u prahu za dojen\u010dad, hrana za dojen\u010dad i posebna hrana koja se koristi zbog medicinskih razloga<\/td><td>2 kg po osobi<\/td><td>10 kg po osobi<\/td><td>Bez ograni\u010denja<\/td><\/tr><tr><td>Hrana&nbsp; za ku\u0107ne ljubimce koja se koristi zbog zdravstvenih razloga uz uvjete da ne zahtijevaju dr\u017eanje u hladnjaku prije otvaranja, da je rije\u010d o komercijalno upakiranom proizvodu s jasnom oznakom proizvo\u0111a\u010da (proizvod ne smije biti pripremljen kod ku\u0107e) te pakiranje nije otvarano, osim ako se proizvod trenuta\u010dno koristi<\/td><td>2 kg po osobi<\/td><td>10 kg po osobi<\/td><td>Bez ograni\u010denja<\/td><\/tr><tr><td>kruh, kola\u010di, keksi, vafli i oblate, dvopek, tostirani kruh i sli\u010dni prepe\u010deni proizvodi s manje od 20 % prera\u0111enih mlije\u010dnih proizvoda i proizvoda od jaja koji su trajni na sobnoj temperaturi ili su tijekom proizvodnje bili podvrgnuti potpunom kuhanju ili postupku toplinske obrade jednoliko u cijelom proizvodu tako da je sav sirov proizvod denaturiran<\/td><td>Bez ograni\u010denja ili koli\u010dine za osobnu upotrebu<\/td><\/tr><tr><td>\u010dokolada i slastice (uklju\u010duju\u0107i slatki\u0161e) s manje od 50 % prera\u0111enih mlije\u010dnih proizvoda i proizvoda od jaja koji su trajni na sobnoj temperaturi ili su tijekom proizvodnje bili podvrgnuti potpunom kuhanju ili postupku toplinske obrade jednoliko u cijelom proizvodu tako da je sav sirov proizvod denaturiran<\/td><td>Bez ograni\u010denja<\/td><\/tr><tr><td>dodaci hrani pakirani za krajnjeg potro\u0161a\u010da koji sadr\u017eavaju manje koli\u010dine (ukupno manje od 20 %) prera\u0111enih proizvoda \u017eivotinjskog podrijetla (uklju\u010duju\u0107i glukozamin, kondroitin ili kitosan ili kondroitin i kitosan zajedno) osim mesnih proizvoda<\/td><td>Bez ograni\u010denja<\/td><\/tr><tr><td>masline punjene ribom, tjestenina i rezanci koji nisu mije\u0161ani niti punjeni mesnim proizvodima s manje od 50 % prera\u0111enih mlije\u010dnih proizvoda i proizvoda od jaja koji su trajni na sobnoj temperaturi ili su tijekom proizvodnje bili podvrgnuti potpunom kuhanju ili postupku toplinske obrade jednoliko u cijelom proizvodu tako da je sav sirov proizvod denaturiran<\/td><td>Bez ograni\u010denja<\/td><\/tr><tr><td>koncentrati juhe i pobolj\u0161iva\u010di okusa pakirani za krajnjeg potro\u0161a\u010da s manje od 50 % ribljih ulja, praha ili ekstrakata koji su trajni na sobnoj temperaturi ili su tijekom proizvodnje bili podvrgnuti potpunom kuhanju ili postupku toplinske obrade jednoliko u cijelom proizvodu tako da je sav sirov proizvod denaturiran (npr. temeljci i za\u010dini pakirani za krajnjeg korisnika koji sadr\u017ee manje od 50% posto ribljih ulja, praha ili ekstrakata).<\/td><td>Bez ograni\u010denja<\/td><\/tr><\/tbody><\/table><figcaption class=\"wp-element-caption\">Tabela preuzeta sa carina hr 16.02.2023<\/figcaption><\/figure>\n\n\n\n<h2 class=\"wp-block-heading\">Tranzit kroz Hrvatsku<\/h2>\n\n\n\n<p>Naprijed navedeni vrijednosni i <strong>koli\u010dinski limiti ne\u0107e se primjenjivati<\/strong> ako gore navedene osobe doka\u017eu carinskim slu\u017ebenicima da putuju dalje od pograni\u010dne zone ili da se ne vra\u0107aju iz pograni\u010dne zone susjedne tre\u0107e dr\u017eave (npr. ra\u010dunom izdanim izvan pograni\u010dnog podru\u010dja susjedne tre\u0107e zemlje).<\/p>\n\n\n\n<p class=\"has-text-color has-background\" style=\"color:#dbc822;background:linear-gradient(135deg,rgb(2,3,129) 96%,rgb(40,116,252) 100%)\"><a href=\"https:\/\/europa.eu\/youreurope\/citizens\/travel\/carry\/meat-dairy-animal\/index_en.htm\" target=\"_blank\" rel=\"noreferrer noopener\">EU pravila za prenos hrane unutar EU<\/a> vidite na stranici EU<\/p>\n","protected":false},"excerpt":{"rendered":"<p>JO\u0160 NIJE AKTIVNO. Prema najnovijim informacijama Evropske unije, ETIAS \u0107e po\u010deti sa radom u poslednjem kvartalu 2026. godine. \u200b ETIAS je elektronska dozvola za putovanje u \u0161engenski prostor za gra\u0111ane zemalja bez viza, poput Crne Gore. Potrebna je online prijava i pla\u0107a se taksa od 7 Eura i va\u017ei 3 godine. Za ulazak u EU &#8230; <a title=\"Ulazak u EU iz Srbije, Crne Gore i Bosne i Hercegovine 2025 (ETIAS).\" class=\"read-more\" href=\"https:\/\/www.fanfani.me\/sr\/auto-mape\/granicni-prelazi-crna-gora\/ulazak-u-eu-iz-srbije-crne-gore-i-bosne-i-hercegovine-2023-etias\/\" aria-label=\"Read more about Ulazak u EU iz Srbije, Crne Gore i Bosne i Hercegovine 2025 (ETIAS).\">Read more<\/a><\/p>\n","protected":false},"author":1,"featured_media":0,"parent":966,"menu_order":0,"comment_status":"closed","ping_status":"closed","template":"","meta":{"footnotes":""},"class_list":["post-12290","page","type-page","status-publish"],"yoast_head":"<!-- This site is optimized with the Yoast SEO plugin v27.3 - https:\/\/yoast.com\/product\/yoast-seo-wordpress\/ -->\n<title>ETIAS 2025 -2026 Ulazak u EU iz Srbije, Crne Gore i BiH (ETIAS)<\/title>\n<meta name=\"description\" content=\"ETIAS je dozvola za ulazak u \u0161engenski prostor za putnike bez vize. Prijava je online, uz malu taksu, i va\u017ei 3 godine. Obavezna je od 2026.\" \/>\n<meta name=\"robots\" content=\"index, follow, max-snippet:-1, max-image-preview:large, max-video-preview:-1\" \/>\n<link rel=\"canonical\" href=\"https:\/\/www.fanfani.me\/sr\/auto-mape\/granicni-prelazi-crna-gora\/ulazak-u-eu-iz-srbije-crne-gore-i-bosne-i-hercegovine-2023-etias\/\" \/>\n<meta property=\"og:locale\" content=\"sr_RS\" \/>\n<meta property=\"og:type\" content=\"article\" \/>\n<meta property=\"og:title\" content=\"ETIAS 2025 -2026 Ulazak u EU iz Srbije, Crne Gore i BiH (ETIAS)\" \/>\n<meta property=\"og:description\" content=\"ETIAS je dozvola za ulazak u \u0161engenski prostor za putnike bez vize. Prijava je online, uz malu taksu, i va\u017ei 3 godine. Obavezna je od 2026.\" \/>\n<meta property=\"og:url\" content=\"https:\/\/www.fanfani.me\/sr\/auto-mape\/granicni-prelazi-crna-gora\/ulazak-u-eu-iz-srbije-crne-gore-i-bosne-i-hercegovine-2023-etias\/\" \/>\n<meta property=\"og:site_name\" content=\"Neda Fanfani\" \/>\n<meta property=\"article:publisher\" content=\"https:\/\/www.facebook.com\/Apartmani.Djenovici\/\" \/>\n<meta property=\"article:modified_time\" content=\"2025-04-06T08:25:43+00:00\" \/>\n<meta property=\"og:image\" content=\"https:\/\/www.fanfani.me\/wp-content\/uploads\/2024\/10\/ETIAS-zemlje-koje-moraju-da-apliciraju.png\" \/>\n\t<meta property=\"og:image:width\" content=\"712\" \/>\n\t<meta property=\"og:image:height\" content=\"321\" \/>\n\t<meta property=\"og:image:type\" content=\"image\/png\" \/>\n<meta name=\"twitter:card\" content=\"summary_large_image\" \/>\n<meta name=\"twitter:label1\" content=\"\u041f\u0440\u043e\u0446\u0435\u045a\u0435\u043d\u043e \u0432\u0440\u0435\u043c\u0435 \u0447\u0438\u0442\u0430\u045a\u0430\" \/>\n\t<meta name=\"twitter:data1\" content=\"9 \u043c\u0438\u043d\u0443\u0442\u0430\" \/>\n<script type=\"application\/ld+json\" class=\"yoast-schema-graph\">{\"@context\":\"https:\\\/\\\/schema.org\",\"@graph\":[{\"@type\":\"WebPage\",\"@id\":\"https:\\\/\\\/www.fanfani.me\\\/sr\\\/auto-mape\\\/granicni-prelazi-crna-gora\\\/ulazak-u-eu-iz-srbije-crne-gore-i-bosne-i-hercegovine-2023-etias\\\/\",\"url\":\"https:\\\/\\\/www.fanfani.me\\\/sr\\\/auto-mape\\\/granicni-prelazi-crna-gora\\\/ulazak-u-eu-iz-srbije-crne-gore-i-bosne-i-hercegovine-2023-etias\\\/\",\"name\":\"ETIAS 2025 -2026 Ulazak u EU iz Srbije, Crne Gore i BiH (ETIAS)\",\"isPartOf\":{\"@id\":\"https:\\\/\\\/www.fanfani.me\\\/sr\\\/#website\"},\"primaryImageOfPage\":{\"@id\":\"https:\\\/\\\/www.fanfani.me\\\/sr\\\/auto-mape\\\/granicni-prelazi-crna-gora\\\/ulazak-u-eu-iz-srbije-crne-gore-i-bosne-i-hercegovine-2023-etias\\\/#primaryimage\"},\"image\":{\"@id\":\"https:\\\/\\\/www.fanfani.me\\\/sr\\\/auto-mape\\\/granicni-prelazi-crna-gora\\\/ulazak-u-eu-iz-srbije-crne-gore-i-bosne-i-hercegovine-2023-etias\\\/#primaryimage\"},\"thumbnailUrl\":\"https:\\\/\\\/www.fanfani.me\\\/wp-content\\\/uploads\\\/2024\\\/10\\\/ETIAS-zemlje-koje-moraju-da-apliciraju.png\",\"datePublished\":\"2023-01-14T11:20:38+00:00\",\"dateModified\":\"2025-04-06T08:25:43+00:00\",\"description\":\"ETIAS je dozvola za ulazak u \u0161engenski prostor za putnike bez vize. Prijava je online, uz malu taksu, i va\u017ei 3 godine. Obavezna je od 2026.\",\"breadcrumb\":{\"@id\":\"https:\\\/\\\/www.fanfani.me\\\/sr\\\/auto-mape\\\/granicni-prelazi-crna-gora\\\/ulazak-u-eu-iz-srbije-crne-gore-i-bosne-i-hercegovine-2023-etias\\\/#breadcrumb\"},\"inLanguage\":\"sr-RS\",\"potentialAction\":[{\"@type\":\"ReadAction\",\"target\":[\"https:\\\/\\\/www.fanfani.me\\\/sr\\\/auto-mape\\\/granicni-prelazi-crna-gora\\\/ulazak-u-eu-iz-srbije-crne-gore-i-bosne-i-hercegovine-2023-etias\\\/\"]}]},{\"@type\":\"ImageObject\",\"inLanguage\":\"sr-RS\",\"@id\":\"https:\\\/\\\/www.fanfani.me\\\/sr\\\/auto-mape\\\/granicni-prelazi-crna-gora\\\/ulazak-u-eu-iz-srbije-crne-gore-i-bosne-i-hercegovine-2023-etias\\\/#primaryimage\",\"url\":\"https:\\\/\\\/www.fanfani.me\\\/wp-content\\\/uploads\\\/2024\\\/10\\\/ETIAS-zemlje-koje-moraju-da-apliciraju.png\",\"contentUrl\":\"https:\\\/\\\/www.fanfani.me\\\/wp-content\\\/uploads\\\/2024\\\/10\\\/ETIAS-zemlje-koje-moraju-da-apliciraju.png\"},{\"@type\":\"BreadcrumbList\",\"@id\":\"https:\\\/\\\/www.fanfani.me\\\/sr\\\/auto-mape\\\/granicni-prelazi-crna-gora\\\/ulazak-u-eu-iz-srbije-crne-gore-i-bosne-i-hercegovine-2023-etias\\\/#breadcrumb\",\"itemListElement\":[{\"@type\":\"ListItem\",\"position\":1,\"name\":\"\u041f\u043e\u0447\u0435\u0442\u043d\u0430\",\"item\":\"https:\\\/\\\/www.fanfani.me\\\/sr\\\/\"},{\"@type\":\"ListItem\",\"position\":2,\"name\":\"Auto mape\",\"item\":\"https:\\\/\\\/www.fanfani.me\\\/sr\\\/auto-mape\\\/\"},{\"@type\":\"ListItem\",\"position\":3,\"name\":\"Grani\u010dni prelazi kamere: Crna Gora, Srbija, Hrvatska, Slovenija, Austrija i Bosna i Hercegovina. 24\\\/7 U\u017eivo\",\"item\":\"https:\\\/\\\/www.fanfani.me\\\/sr\\\/auto-mape\\\/granicni-prelazi-crna-gora\\\/\"},{\"@type\":\"ListItem\",\"position\":4,\"name\":\"Ulazak u EU iz Srbije, Crne Gore i Bosne i Hercegovine 2025 (ETIAS).\"}]},{\"@type\":\"WebSite\",\"@id\":\"https:\\\/\\\/www.fanfani.me\\\/sr\\\/#website\",\"url\":\"https:\\\/\\\/www.fanfani.me\\\/sr\\\/\",\"name\":\"Neda Fanfani\",\"description\":\"Djenovi\u0107i\",\"publisher\":{\"@id\":\"https:\\\/\\\/www.fanfani.me\\\/sr\\\/#organization\"},\"potentialAction\":[{\"@type\":\"SearchAction\",\"target\":{\"@type\":\"EntryPoint\",\"urlTemplate\":\"https:\\\/\\\/www.fanfani.me\\\/sr\\\/?s={search_term_string}\"},\"query-input\":{\"@type\":\"PropertyValueSpecification\",\"valueRequired\":true,\"valueName\":\"search_term_string\"}}],\"inLanguage\":\"sr-RS\"},{\"@type\":\"Organization\",\"@id\":\"https:\\\/\\\/www.fanfani.me\\\/sr\\\/#organization\",\"name\":\"Apartmani Neda Fanfani Djenovici\",\"url\":\"https:\\\/\\\/www.fanfani.me\\\/sr\\\/\",\"logo\":{\"@type\":\"ImageObject\",\"inLanguage\":\"sr-RS\",\"@id\":\"https:\\\/\\\/www.fanfani.me\\\/sr\\\/#\\\/schema\\\/logo\\\/image\\\/\",\"url\":\"https:\\\/\\\/www.fanfani.me\\\/wp-content\\\/uploads\\\/2020\\\/04\\\/apartmani-neda-fanfani-djenovici-1024x216-1.png\",\"contentUrl\":\"https:\\\/\\\/www.fanfani.me\\\/wp-content\\\/uploads\\\/2020\\\/04\\\/apartmani-neda-fanfani-djenovici-1024x216-1.png\",\"width\":1024,\"height\":216,\"caption\":\"Apartmani Neda Fanfani Djenovici\"},\"image\":{\"@id\":\"https:\\\/\\\/www.fanfani.me\\\/sr\\\/#\\\/schema\\\/logo\\\/image\\\/\"},\"sameAs\":[\"https:\\\/\\\/www.facebook.com\\\/Apartmani.Djenovici\\\/\",\"https:\\\/\\\/www.youtube.com\\\/user\\\/FanfaniDjenovici\"]}]}<\/script>\n<!-- \/ Yoast SEO plugin. -->","yoast_head_json":{"title":"ETIAS 2025 -2026 Ulazak u EU iz Srbije, Crne Gore i BiH (ETIAS)","description":"ETIAS je dozvola za ulazak u \u0161engenski prostor za putnike bez vize. Prijava je online, uz malu taksu, i va\u017ei 3 godine. Obavezna je od 2026.","robots":{"index":"index","follow":"follow","max-snippet":"max-snippet:-1","max-image-preview":"max-image-preview:large","max-video-preview":"max-video-preview:-1"},"canonical":"https:\/\/www.fanfani.me\/sr\/auto-mape\/granicni-prelazi-crna-gora\/ulazak-u-eu-iz-srbije-crne-gore-i-bosne-i-hercegovine-2023-etias\/","og_locale":"sr_RS","og_type":"article","og_title":"ETIAS 2025 -2026 Ulazak u EU iz Srbije, Crne Gore i BiH (ETIAS)","og_description":"ETIAS je dozvola za ulazak u \u0161engenski prostor za putnike bez vize. Prijava je online, uz malu taksu, i va\u017ei 3 godine. Obavezna je od 2026.","og_url":"https:\/\/www.fanfani.me\/sr\/auto-mape\/granicni-prelazi-crna-gora\/ulazak-u-eu-iz-srbije-crne-gore-i-bosne-i-hercegovine-2023-etias\/","og_site_name":"Neda Fanfani","article_publisher":"https:\/\/www.facebook.com\/Apartmani.Djenovici\/","article_modified_time":"2025-04-06T08:25:43+00:00","og_image":[{"width":712,"height":321,"url":"https:\/\/www.fanfani.me\/wp-content\/uploads\/2024\/10\/ETIAS-zemlje-koje-moraju-da-apliciraju.png","type":"image\/png"}],"twitter_card":"summary_large_image","twitter_misc":{"\u041f\u0440\u043e\u0446\u0435\u045a\u0435\u043d\u043e \u0432\u0440\u0435\u043c\u0435 \u0447\u0438\u0442\u0430\u045a\u0430":"9 \u043c\u0438\u043d\u0443\u0442\u0430"},"schema":{"@context":"https:\/\/schema.org","@graph":[{"@type":"WebPage","@id":"https:\/\/www.fanfani.me\/sr\/auto-mape\/granicni-prelazi-crna-gora\/ulazak-u-eu-iz-srbije-crne-gore-i-bosne-i-hercegovine-2023-etias\/","url":"https:\/\/www.fanfani.me\/sr\/auto-mape\/granicni-prelazi-crna-gora\/ulazak-u-eu-iz-srbije-crne-gore-i-bosne-i-hercegovine-2023-etias\/","name":"ETIAS 2025 -2026 Ulazak u EU iz Srbije, Crne Gore i BiH (ETIAS)","isPartOf":{"@id":"https:\/\/www.fanfani.me\/sr\/#website"},"primaryImageOfPage":{"@id":"https:\/\/www.fanfani.me\/sr\/auto-mape\/granicni-prelazi-crna-gora\/ulazak-u-eu-iz-srbije-crne-gore-i-bosne-i-hercegovine-2023-etias\/#primaryimage"},"image":{"@id":"https:\/\/www.fanfani.me\/sr\/auto-mape\/granicni-prelazi-crna-gora\/ulazak-u-eu-iz-srbije-crne-gore-i-bosne-i-hercegovine-2023-etias\/#primaryimage"},"thumbnailUrl":"https:\/\/www.fanfani.me\/wp-content\/uploads\/2024\/10\/ETIAS-zemlje-koje-moraju-da-apliciraju.png","datePublished":"2023-01-14T11:20:38+00:00","dateModified":"2025-04-06T08:25:43+00:00","description":"ETIAS je dozvola za ulazak u \u0161engenski prostor za putnike bez vize. Prijava je online, uz malu taksu, i va\u017ei 3 godine. Obavezna je od 2026.","breadcrumb":{"@id":"https:\/\/www.fanfani.me\/sr\/auto-mape\/granicni-prelazi-crna-gora\/ulazak-u-eu-iz-srbije-crne-gore-i-bosne-i-hercegovine-2023-etias\/#breadcrumb"},"inLanguage":"sr-RS","potentialAction":[{"@type":"ReadAction","target":["https:\/\/www.fanfani.me\/sr\/auto-mape\/granicni-prelazi-crna-gora\/ulazak-u-eu-iz-srbije-crne-gore-i-bosne-i-hercegovine-2023-etias\/"]}]},{"@type":"ImageObject","inLanguage":"sr-RS","@id":"https:\/\/www.fanfani.me\/sr\/auto-mape\/granicni-prelazi-crna-gora\/ulazak-u-eu-iz-srbije-crne-gore-i-bosne-i-hercegovine-2023-etias\/#primaryimage","url":"https:\/\/www.fanfani.me\/wp-content\/uploads\/2024\/10\/ETIAS-zemlje-koje-moraju-da-apliciraju.png","contentUrl":"https:\/\/www.fanfani.me\/wp-content\/uploads\/2024\/10\/ETIAS-zemlje-koje-moraju-da-apliciraju.png"},{"@type":"BreadcrumbList","@id":"https:\/\/www.fanfani.me\/sr\/auto-mape\/granicni-prelazi-crna-gora\/ulazak-u-eu-iz-srbije-crne-gore-i-bosne-i-hercegovine-2023-etias\/#breadcrumb","itemListElement":[{"@type":"ListItem","position":1,"name":"\u041f\u043e\u0447\u0435\u0442\u043d\u0430","item":"https:\/\/www.fanfani.me\/sr\/"},{"@type":"ListItem","position":2,"name":"Auto mape","item":"https:\/\/www.fanfani.me\/sr\/auto-mape\/"},{"@type":"ListItem","position":3,"name":"Grani\u010dni prelazi kamere: Crna Gora, Srbija, Hrvatska, Slovenija, Austrija i Bosna i Hercegovina. 24\/7 U\u017eivo","item":"https:\/\/www.fanfani.me\/sr\/auto-mape\/granicni-prelazi-crna-gora\/"},{"@type":"ListItem","position":4,"name":"Ulazak u EU iz Srbije, Crne Gore i Bosne i Hercegovine 2025 (ETIAS)."}]},{"@type":"WebSite","@id":"https:\/\/www.fanfani.me\/sr\/#website","url":"https:\/\/www.fanfani.me\/sr\/","name":"Neda Fanfani","description":"Djenovi\u0107i","publisher":{"@id":"https:\/\/www.fanfani.me\/sr\/#organization"},"potentialAction":[{"@type":"SearchAction","target":{"@type":"EntryPoint","urlTemplate":"https:\/\/www.fanfani.me\/sr\/?s={search_term_string}"},"query-input":{"@type":"PropertyValueSpecification","valueRequired":true,"valueName":"search_term_string"}}],"inLanguage":"sr-RS"},{"@type":"Organization","@id":"https:\/\/www.fanfani.me\/sr\/#organization","name":"Apartmani Neda Fanfani Djenovici","url":"https:\/\/www.fanfani.me\/sr\/","logo":{"@type":"ImageObject","inLanguage":"sr-RS","@id":"https:\/\/www.fanfani.me\/sr\/#\/schema\/logo\/image\/","url":"https:\/\/www.fanfani.me\/wp-content\/uploads\/2020\/04\/apartmani-neda-fanfani-djenovici-1024x216-1.png","contentUrl":"https:\/\/www.fanfani.me\/wp-content\/uploads\/2020\/04\/apartmani-neda-fanfani-djenovici-1024x216-1.png","width":1024,"height":216,"caption":"Apartmani Neda Fanfani Djenovici"},"image":{"@id":"https:\/\/www.fanfani.me\/sr\/#\/schema\/logo\/image\/"},"sameAs":["https:\/\/www.facebook.com\/Apartmani.Djenovici\/","https:\/\/www.youtube.com\/user\/FanfaniDjenovici"]}]}},"_links":{"self":[{"href":"https:\/\/www.fanfani.me\/sr\/wp-json\/wp\/v2\/pages\/12290","targetHints":{"allow":["GET"]}}],"collection":[{"href":"https:\/\/www.fanfani.me\/sr\/wp-json\/wp\/v2\/pages"}],"about":[{"href":"https:\/\/www.fanfani.me\/sr\/wp-json\/wp\/v2\/types\/page"}],"author":[{"embeddable":true,"href":"https:\/\/www.fanfani.me\/sr\/wp-json\/wp\/v2\/users\/1"}],"replies":[{"embeddable":true,"href":"https:\/\/www.fanfani.me\/sr\/wp-json\/wp\/v2\/comments?post=12290"}],"version-history":[{"count":4,"href":"https:\/\/www.fanfani.me\/sr\/wp-json\/wp\/v2\/pages\/12290\/revisions"}],"predecessor-version":[{"id":16308,"href":"https:\/\/www.fanfani.me\/sr\/wp-json\/wp\/v2\/pages\/12290\/revisions\/16308"}],"up":[{"embeddable":true,"href":"https:\/\/www.fanfani.me\/sr\/wp-json\/wp\/v2\/pages\/966"}],"wp:attachment":[{"href":"https:\/\/www.fanfani.me\/sr\/wp-json\/wp\/v2\/media?parent=12290"}],"curies":[{"name":"wp","href":"https:\/\/api.w.org\/{rel}","templated":true}]}}