{"id":12403,"date":"2023-01-29T09:02:07","date_gmt":"2023-01-29T09:02:07","guid":{"rendered":"https:\/\/www.fanfani.me\/?page_id=12403"},"modified":"2025-06-18T07:05:07","modified_gmt":"2025-06-18T07:05:07","slug":"povrede-u-moru-crna-gora","status":"publish","type":"page","link":"https:\/\/www.fanfani.me\/sr\/djenovici\/povrede-u-moru-crna-gora\/","title":{"rendered":"Naj\u010de\u0161\u0107e povrede i opektoine u moru. Opektoine od sunca."},"content":{"rendered":"\n<h1 class=\"wp-block-heading\">Povrede i opektoine u more koje se naj\u010de\u0161\u0107e de\u0161avaju u Boki Kotorskoj. Opekotine od Meduza, Vlasulja i Sunca. Koje vrste morskih pasa ima u Jadranu i Boki?<\/h1>\n\n\n\n<h2 class=\"wp-block-heading\">Koja su naj\u010de\u0161c\u0301e ljetnje povrede?Naj\u010de\u0161\u0107e povrede <\/h2>\n\n\n\n<div class=\"wp-block-media-text alignwide is-stacked-on-mobile\"><figure class=\"wp-block-media-text__media\"><img decoding=\"async\" width=\"640\" height=\"480\" data-src=\"https:\/\/www.fanfani.me\/wp-content\/uploads\/2023\/01\/vlasulje-more-opekotine-koza-svrab.jpg\" alt=\"\" class=\"wp-image-12404 size-full lazyload\" data-srcset=\"https:\/\/www.fanfani.me\/wp-content\/uploads\/2023\/01\/vlasulje-more-opekotine-koza-svrab.jpg 640w, https:\/\/www.fanfani.me\/wp-content\/uploads\/2023\/01\/vlasulje-more-opekotine-koza-svrab-300x225.jpg 300w\" data-sizes=\"(max-width: 640px) 100vw, 640px\" src=\"data:image\/svg+xml;base64,PHN2ZyB3aWR0aD0iMSIgaGVpZ2h0PSIxIiB4bWxucz0iaHR0cDovL3d3dy53My5vcmcvMjAwMC9zdmciPjwvc3ZnPg==\" style=\"--smush-placeholder-width: 640px; --smush-placeholder-aspect-ratio: 640\/480;\" \/><\/figure><div class=\"wp-block-media-text__content\">\n<h2 class=\"wp-block-heading\">Vlasulja<\/h2>\n\n\n\n<p>Ko\u017ea izgleda kao da vas je kopriva opekla i svrbi.<\/p>\n\n\n\n<p>Ako ste je ba\u0161 nagazili pipak se zalijepi za ko\u017eu i oprezno ga skinite i bacite dje nekoga drugog ne mo\u017ee ope\u0107.<\/p>\n\n\n\n<p>Obi\u010dno se nalazi izmedju krupnijeg kamenja ali mo\u017ee se na\u0107 i u pijesku. <\/p>\n\n\n\n<p><\/p>\n<\/div><\/div>\n\n\n\n<div class=\"wp-block-media-text alignwide has-media-on-the-right is-stacked-on-mobile\"><div class=\"wp-block-media-text__content\">\n<h2 class=\"wp-block-heading\">Morski je\u017e<\/h2>\n\n\n\n<p>Mo\u017ee se na\u0107i u pli\u0107aku i izmedju kamenja. <br>Kada ga ugazite igla se zabode u ko\u017eu i tu u ve\u0107ini slu\u010dajeva ostane. Nakon toga dolazi do infekciije i bola. <br>Poku\u0161ajte izvaditi bodlju ciijelu odmah.<br><\/p>\n\n\n\n<p>Pazite dje gazite i na plazi. Neki ih znaju izvaditi vanka i skinuti bodlje i tu ostaviti.<\/p>\n<\/div><figure class=\"wp-block-media-text__media\"><img decoding=\"async\" width=\"640\" height=\"480\" data-src=\"https:\/\/www.fanfani.me\/wp-content\/uploads\/2023\/01\/morski-jez-ubod-bodlje-otok-bol-infekcija.jpg\" alt=\"\" class=\"wp-image-12407 size-full lazyload\" data-srcset=\"https:\/\/www.fanfani.me\/wp-content\/uploads\/2023\/01\/morski-jez-ubod-bodlje-otok-bol-infekcija.jpg 640w, https:\/\/www.fanfani.me\/wp-content\/uploads\/2023\/01\/morski-jez-ubod-bodlje-otok-bol-infekcija-300x225.jpg 300w\" data-sizes=\"(max-width: 640px) 100vw, 640px\" src=\"data:image\/svg+xml;base64,PHN2ZyB3aWR0aD0iMSIgaGVpZ2h0PSIxIiB4bWxucz0iaHR0cDovL3d3dy53My5vcmcvMjAwMC9zdmciPjwvc3ZnPg==\" style=\"--smush-placeholder-width: 640px; --smush-placeholder-aspect-ratio: 640\/480;\" \/><\/figure><\/div>\n\n\n\n<div class=\"wp-block-media-text is-stacked-on-mobile\"><figure class=\"wp-block-media-text__media\"><img decoding=\"async\" width=\"370\" height=\"497\" data-src=\"https:\/\/www.fanfani.me\/wp-content\/uploads\/2025\/06\/meduza-komas-boka-kotorska-crna-gora-jadran-more-opasne.png\" alt=\"meduza\" class=\"wp-image-16525 size-full lazyload\" data-srcset=\"https:\/\/www.fanfani.me\/wp-content\/uploads\/2025\/06\/meduza-komas-boka-kotorska-crna-gora-jadran-more-opasne.png 370w, https:\/\/www.fanfani.me\/wp-content\/uploads\/2025\/06\/meduza-komas-boka-kotorska-crna-gora-jadran-more-opasne-223x300.png 223w\" data-sizes=\"(max-width: 370px) 100vw, 370px\" src=\"data:image\/svg+xml;base64,PHN2ZyB3aWR0aD0iMSIgaGVpZ2h0PSIxIiB4bWxucz0iaHR0cDovL3d3dy53My5vcmcvMjAwMC9zdmciPjwvc3ZnPg==\" style=\"--smush-placeholder-width: 370px; --smush-placeholder-aspect-ratio: 370\/497;\" \/><\/figure><div class=\"wp-block-media-text__content\">\n<h2 class=\"wp-block-heading\">Meduza.<\/h2>\n\n\n\n<h2 class=\"wp-block-heading\">\u0160ta raditi nakon kontakta s meduzom?<\/h2>\n\n\n\n<p><strong>Ne ispirati slatkom vodom<br>Ne dirati iritirano mjesto rukama.<\/strong><\/p>\n\n\n\n<ul class=\"wp-block-list\">\n<li>Isprati morskom vodom, pa\u017eljivo ukloniti ostatke tentakula pomo\u0107u kartice ili drugog predmeta.<\/li>\n\n\n\n<li>Ako je dostupno, isprati rastvorom sir\u0107eta (4\u20136%) ili sodom bikarbonom u morskoj vodi.<\/li>\n\n\n\n<li>Staviti hladnu oblogu (led u tkanini, nikako direktan kontakt sa slatkom vodom).<\/li>\n\n\n\n<li>Po potrebi nanijeti antihistaminske kreme.<\/li>\n\n\n\n<li>U slu\u010daju ja\u010de reakcije \u2013 obratiti se zdravstvenoj ustanovi ili apoteci.<\/li>\n\n\n\n<li><a href=\"https:\/\/www.facebook.com\/instituteofmarinebiology\/posts\/-meduza-%F0%9D%91%AA%F0%9D%92%89%F0%9D%92%93%F0%9D%92%9A%F0%9D%92%94%F0%9D%92%82%F0%9D%92%90%F0%9D%92%93%F0%9D%92%82-%F0%9D%92%89%F0%9D%92%9A%F0%9D%92%94%F0%9D%92%90%F0%9D%92%94%F0%9D%92%84%F0%9D%92%86%F0%9D%92%8D%F0%9D%92%8D%F0%9D%92%82-kompas-meduza-lijepa-ali-oprez-u-bokokotorskom-zali\/1275778941217036\/\" target=\"_blank\" rel=\"noreferrer noopener\">LInk za vi\u0161e info<\/a><\/li>\n<\/ul>\n\n\n\n<p>Svaki susret s ovom ili sli\u010dnim meduzama <a href=\"https:\/\/www.ucg.ac.me\/objava\/blog\/623252\/objava\/191693-kontakti\" target=\"_blank\" rel=\"noreferrer noopener\">prijaviti Institutu za biologiju mora.<\/a><\/p>\n<\/div><\/div>\n\n\n\n<h2 class=\"wp-block-heading\">Meduza<\/h2>\n\n\n\n<p>Sli\u010dano je kao vlasulja samo je bol mnogo intezivniji. <br>One plutaju po povr\u0161ini i te\u0161ko su vidljive.<\/p>\n\n\n\n<figure class=\"wp-block-embed is-type-video is-provider-youtube wp-block-embed-youtube wp-embed-aspect-16-9 wp-has-aspect-ratio\"><div class=\"wp-block-embed__wrapper\">\n<iframe title=\"#jellyfish  in #adriaticsea #biology #meduza\" width=\"1200\" height=\"675\" data-src=\"https:\/\/www.youtube.com\/embed\/XTomfevTi54?feature=oembed\" frameborder=\"0\" allow=\"accelerometer; autoplay; clipboard-write; encrypted-media; gyroscope; picture-in-picture; web-share\" referrerpolicy=\"strict-origin-when-cross-origin\" allowfullscreen src=\"data:image\/svg+xml;base64,PHN2ZyB3aWR0aD0iMSIgaGVpZ2h0PSIxIiB4bWxucz0iaHR0cDovL3d3dy53My5vcmcvMjAwMC9zdmciPjwvc3ZnPg==\" class=\"lazyload\" data-load-mode=\"1\"><\/iframe>\n<\/div><\/figure>\n\n\n\n<h2 class=\"wp-block-heading\">Kako sanirati opeklinu od meduze <\/h2>\n\n\n\n<h3 class=\"wp-block-heading\"><a href=\"https:\/\/n1info.hr\/klimatske-promjene\/znanstvenik-za-n1-u-jadranu-sve-vise-meduza-a-ove-tri-vrste-su-problematicne\/\" target=\"_blank\" rel=\"noreferrer noopener\">s<\/a>avjetuje dr. Nevia Delalle<a href=\"https:\/\/n1info.hr\/klimatske-promjene\/znanstvenik-za-n1-u-jadranu-sve-vise-meduza-a-ove-tri-vrste-su-problematicne\/\" target=\"_blank\" rel=\"noreferrer noopener\"> <\/a><\/h3>\n\n\n\n<p>Sredstva za prvu pomo\u0107 <\/p>\n\n\n\n<ul class=\"wp-block-list\">\n<li>morska voda <\/li>\n\n\n\n<li>limunov sok ili urin <\/li>\n\n\n\n<li>rukavice <\/li>\n\n\n\n<li>hladni oblozi <\/li>\n\n\n\n<li>analgetik <\/li>\n\n\n\n<li>antihistaminik <\/li>\n\n\n\n<li>lokalni kortikosteroidi.<\/li>\n<\/ul>\n\n\n\n<h4 class=\"wp-block-heading\"><a href=\"https:\/\/n1info.hr\/klimatske-promjene\/znanstvenik-za-n1-u-jadranu-sve-vise-meduza-a-ove-tri-vrste-su-problematicne\/\">Znanstvenik za N1: U Jadranu sve vi\u0161e meduza, a ove tri vrste su problemati\u010dne <\/a><\/h4>\n\n\n\n<p>Pro\u010ditajte vi\u0161e na: <a href=\"https:\/\/miss7zdrava.24sata.hr\/zdravlje\/kako-sanirati-opekline-od-meduze-11638\">https:\/\/miss7zdrava.24sata.hr\/zdravlje\/kako-sanirati-opekline-od-meduze-11638<\/a> &#8211; <\/p>\n\n\n\n<h2 class=\"wp-block-heading\">Posjekotine i ubodi<\/h2>\n\n\n\n<p>posjekotine se mogu desiti na o\u0161tri kamen, staklo, oklop od \u0161koljke, na metal ba\u010den u more i sl.<\/p>\n\n\n\n<h2 class=\"wp-block-heading\">Pad prilikom ulaska u more<\/h2>\n\n\n\n<p>Okliznuti se u moru mo\u017eete na mnogo stvari ali naj\u010de\u0161\u0107e je na alge. <\/p>\n\n\n\n<p>Zaobidjite ili oprezno ulazite ako vidite da je ulazak u more preko kamenja i preko algi koje su zelene boje i tamnih povr\u0161ina.<\/p>\n\n\n\n<div class=\"wp-block-media-text alignwide is-stacked-on-mobile\"><figure class=\"wp-block-media-text__media\"><img decoding=\"async\" width=\"696\" height=\"927\" data-src=\"https:\/\/www.fanfani.me\/wp-content\/uploads\/2023\/01\/pad-more-klizavo-alge-ulazak-kamenje-povreda.png\" alt=\"\" class=\"wp-image-12441 size-full lazyload\" data-srcset=\"https:\/\/www.fanfani.me\/wp-content\/uploads\/2023\/01\/pad-more-klizavo-alge-ulazak-kamenje-povreda.png 696w, https:\/\/www.fanfani.me\/wp-content\/uploads\/2023\/01\/pad-more-klizavo-alge-ulazak-kamenje-povreda-225x300.png 225w\" data-sizes=\"(max-width: 696px) 100vw, 696px\" src=\"data:image\/svg+xml;base64,PHN2ZyB3aWR0aD0iMSIgaGVpZ2h0PSIxIiB4bWxucz0iaHR0cDovL3d3dy53My5vcmcvMjAwMC9zdmciPjwvc3ZnPg==\" style=\"--smush-placeholder-width: 696px; --smush-placeholder-aspect-ratio: 696\/927;\" \/><\/figure><div class=\"wp-block-media-text__content\">\n<p>KLizavi Kamen i alge<\/p>\n<\/div><\/div>\n\n\n\n<div class=\"wp-block-media-text alignwide has-media-on-the-right is-stacked-on-mobile\"><div class=\"wp-block-media-text__content\">\n<p>Kamen i zelene alge na njemu. <br>Udjite dje je cisto<\/p>\n<\/div><figure class=\"wp-block-media-text__media\"><img decoding=\"async\" width=\"640\" height=\"480\" data-src=\"https:\/\/www.fanfani.me\/wp-content\/uploads\/2023\/01\/klizave-alge-na-ulazu-u-more-povreda.jpg\" alt=\"\" class=\"wp-image-12445 size-full lazyload\" data-srcset=\"https:\/\/www.fanfani.me\/wp-content\/uploads\/2023\/01\/klizave-alge-na-ulazu-u-more-povreda.jpg 640w, https:\/\/www.fanfani.me\/wp-content\/uploads\/2023\/01\/klizave-alge-na-ulazu-u-more-povreda-300x225.jpg 300w\" data-sizes=\"(max-width: 640px) 100vw, 640px\" src=\"data:image\/svg+xml;base64,PHN2ZyB3aWR0aD0iMSIgaGVpZ2h0PSIxIiB4bWxucz0iaHR0cDovL3d3dy53My5vcmcvMjAwMC9zdmciPjwvc3ZnPg==\" style=\"--smush-placeholder-width: 640px; --smush-placeholder-aspect-ratio: 640\/480;\" \/><\/figure><\/div>\n\n\n\n<div class=\"wp-block-media-text alignwide is-stacked-on-mobile\"><figure class=\"wp-block-media-text__media\"><img decoding=\"async\" width=\"640\" height=\"424\" data-src=\"https:\/\/www.fanfani.me\/wp-content\/uploads\/2023\/01\/more-alge-kamenje-pad-posjekotine-oprez.jpg\" alt=\"\" class=\"wp-image-12448 size-full lazyload\" data-srcset=\"https:\/\/www.fanfani.me\/wp-content\/uploads\/2023\/01\/more-alge-kamenje-pad-posjekotine-oprez.jpg 640w, https:\/\/www.fanfani.me\/wp-content\/uploads\/2023\/01\/more-alge-kamenje-pad-posjekotine-oprez-300x199.jpg 300w\" data-sizes=\"(max-width: 640px) 100vw, 640px\" src=\"data:image\/svg+xml;base64,PHN2ZyB3aWR0aD0iMSIgaGVpZ2h0PSIxIiB4bWxucz0iaHR0cDovL3d3dy53My5vcmcvMjAwMC9zdmciPjwvc3ZnPg==\" style=\"--smush-placeholder-width: 640px; --smush-placeholder-aspect-ratio: 640\/424;\" \/><\/figure><div class=\"wp-block-media-text__content\">\n<p>Ovuda samo ako morate ulaziti ili vam zatreba guma<\/p>\n<\/div><\/div>\n\n\n\n<h2 class=\"wp-block-heading\">Vrste ajkula i ra\u017ea u Crnoj Gori i Boki<\/h2>\n\n\n\n<p><a href=\"https:\/\/www.ucg.ac.me\/objava\/blog\/1221\/objava\/147859-istrazivanje-rijetka-vrsta-ajkule-pjescani-pas-primijecena-u-nasim-vodama\" target=\"_blank\" rel=\"noreferrer noopener\">Institut za biologiju mora Univerziteta Crne Gore<\/a> bilje\u017ei da u na\u0161em moru ima ukupno 44 vrste ajkula i ra\u017ea, \u0161to \u010dini 75% svih vrsta hrskavi\u010davih riba Jadrana \u2013 kako glasi njihov zajedni\u010dki imenitelj. Kuriozitet je da je rijetka vrsta na Mediteranu \u2013 pje\u0161\u010dani pas, primije\u0107ena na na\u0161oj obali, dok je naj\u010de\u0161\u0107a vrsta od velikih ajkula pas modrulj.<\/p>\n\n\n\n<div class=\"wp-block-media-text alignwide is-stacked-on-mobile\"><figure class=\"wp-block-media-text__media\"><img decoding=\"async\" width=\"1024\" height=\"683\" data-src=\"https:\/\/www.fanfani.me\/wp-content\/uploads\/2023\/01\/ajkula-crna-gora-morski-pas-raza-1024x683.jpeg\" alt=\"\" class=\"wp-image-12410 size-full lazyload\" data-srcset=\"https:\/\/www.fanfani.me\/wp-content\/uploads\/2023\/01\/ajkula-crna-gora-morski-pas-raza-1024x683.jpeg 1024w, https:\/\/www.fanfani.me\/wp-content\/uploads\/2023\/01\/ajkula-crna-gora-morski-pas-raza-300x200.jpeg 300w, https:\/\/www.fanfani.me\/wp-content\/uploads\/2023\/01\/ajkula-crna-gora-morski-pas-raza-768x512.jpeg 768w, https:\/\/www.fanfani.me\/wp-content\/uploads\/2023\/01\/ajkula-crna-gora-morski-pas-raza.jpeg 1500w\" data-sizes=\"(max-width: 1024px) 100vw, 1024px\" src=\"data:image\/svg+xml;base64,PHN2ZyB3aWR0aD0iMSIgaGVpZ2h0PSIxIiB4bWxucz0iaHR0cDovL3d3dy53My5vcmcvMjAwMC9zdmciPjwvc3ZnPg==\" style=\"--smush-placeholder-width: 1024px; --smush-placeholder-aspect-ratio: 1024\/683;\" \/><\/figure><div class=\"wp-block-media-text__content\">\n<h2 class=\"wp-block-heading\">Modrulj<\/h2>\n\n\n\n<p>Vi\u0161e o ovoj temi pronadjite na stranici <\/p>\n\n\n\n<p><a href=\"https:\/\/www.ucg.ac.me\/objava\/blog\/1221\/objava\/147859-istrazivanje-rijetka-vrsta-ajkule-pjescani-pas-primijecena-u-nasim-vodama\" target=\"_blank\" rel=\"noreferrer noopener\">Institut za biologiju mora \/ Institute of Marine Biology<\/a><\/p>\n\n\n\n<p>Mladun\u010de psa modrulja ulovljeno i pu\u0161teno tokom sportskog ribolova (autor: Evald Alivodi\u0107)<\/p>\n<\/div><\/div>\n\n\n\n<figure class=\"wp-block-embed is-type-video is-provider-youtube wp-block-embed-youtube wp-embed-aspect-16-9 wp-has-aspect-ratio\"><div class=\"wp-block-embed__wrapper\">\n<iframe title=\"Morski pas modrulj kod \u017dirja\" width=\"1200\" height=\"675\" data-src=\"https:\/\/www.youtube.com\/embed\/bHeGqbe-X_o?feature=oembed\" frameborder=\"0\" allow=\"accelerometer; autoplay; clipboard-write; encrypted-media; gyroscope; picture-in-picture; web-share\" referrerpolicy=\"strict-origin-when-cross-origin\" allowfullscreen src=\"data:image\/svg+xml;base64,PHN2ZyB3aWR0aD0iMSIgaGVpZ2h0PSIxIiB4bWxucz0iaHR0cDovL3d3dy53My5vcmcvMjAwMC9zdmciPjwvc3ZnPg==\" class=\"lazyload\" data-load-mode=\"1\"><\/iframe>\n<\/div><\/figure>\n\n\n\n<h2 class=\"wp-block-heading\">Opektoine od Sunca<\/h2>\n\n\n\n<figure class=\"wp-block-embed is-type-video is-provider-youtube wp-block-embed-youtube wp-embed-aspect-16-9 wp-has-aspect-ratio\"><div class=\"wp-block-embed__wrapper\">\n<iframe title=\"How to Treat a Sunburn | WebMD\" width=\"1200\" height=\"675\" data-src=\"https:\/\/www.youtube.com\/embed\/9TreU5OoFWU?feature=oembed\" frameborder=\"0\" allow=\"accelerometer; autoplay; clipboard-write; encrypted-media; gyroscope; picture-in-picture; web-share\" referrerpolicy=\"strict-origin-when-cross-origin\" allowfullscreen src=\"data:image\/svg+xml;base64,PHN2ZyB3aWR0aD0iMSIgaGVpZ2h0PSIxIiB4bWxucz0iaHR0cDovL3d3dy53My5vcmcvMjAwMC9zdmciPjwvc3ZnPg==\" class=\"lazyload\" data-load-mode=\"1\"><\/iframe>\n<\/div><\/figure>\n\n\n\n<p>Nakon du\u017eeg\/kra\u0107eg boravka na suncu ko\u017ea pocrveni i po\u010dne da pe\u010de. <br><a href=\"https:\/\/eljekarna24.hr\/savjeti\/zagorjeti-od-sunca-rjesenja-domaci-pripravci-141\/\" target=\"_blank\" rel=\"noreferrer noopener\">10 savijeta z oporavak ko\u017ee i ubla\u017eivanje bolova<\/a>.<\/p>\n\n\n\n<h2 class=\"wp-block-heading\">Koje kreme za sun\u010danje?<\/h2>\n\n\n\n<p><a href=\"https:\/\/www.fanfani.me\/sr\/koju-kreme-za-suncanje-koristiti\/\">Preporuka nau\u010dnika je oprezno kori\u0161\u0107enje krema za sun\u010danje<\/a>. <\/p>\n\n\n\n<figure class=\"wp-block-embed is-type-video is-provider-youtube wp-block-embed-youtube wp-embed-aspect-16-9 wp-has-aspect-ratio\"><div class=\"wp-block-embed__wrapper\">\n<iframe title=\"Nanoparticles in your sunscreen\" width=\"1200\" height=\"675\" data-src=\"https:\/\/www.youtube.com\/embed\/snMpERc70Po?feature=oembed\" frameborder=\"0\" allow=\"accelerometer; autoplay; clipboard-write; encrypted-media; gyroscope; picture-in-picture; web-share\" referrerpolicy=\"strict-origin-when-cross-origin\" allowfullscreen src=\"data:image\/svg+xml;base64,PHN2ZyB3aWR0aD0iMSIgaGVpZ2h0PSIxIiB4bWxucz0iaHR0cDovL3d3dy53My5vcmcvMjAwMC9zdmciPjwvc3ZnPg==\" class=\"lazyload\" data-load-mode=\"1\"><\/iframe>\n<\/div><\/figure>\n\n\n\n<h2 class=\"wp-block-heading\">Skok u hladno more<\/h2>\n\n\n\n<p>Ako ste bili izlo\u017eeni vru\u0107ini i nagli skok u more prestavlja opasnost po Va\u0161e tijelo takodje zimsko kupanje. <\/p>\n\n\n\n<ul class=\"wp-block-list\">\n<li>Ljeti ulazite u more postepeno. <\/li>\n\n\n\n<li>Istu\u0161irajte se hladnom vodom prije plivanja <\/li>\n\n\n\n<li>Navla\u017eite ruke vodom, ruke i gornji dio tijela prije ronjenja pod vodu <\/li>\n<\/ul>\n\n\n\n<p><br><a href=\"https:\/\/www.webmd.com\/skin-problems-and-treatments\/exposure-to-cold-do-to-body\" target=\"_blank\" rel=\"noreferrer noopener\">WEBMD je objasnio ovu temu detaljnije<\/a>.<\/p>\n\n\n\n<p class=\"has-base-3-color has-text-color has-background\" style=\"background-color:#fa0000\">Ova strana je informatog karaktera i nije je pisao medicinski radnik. Ukoliko ste ozbiljnije povredjeni kontaktirajte doktora.<\/p>\n\n\n\n<h2 class=\"wp-block-heading\"><br>Dom Zdravlja Bijela<\/h2>\n\n\n\n<p>3. Ambulanta Bijela:<br>Ulica: Bijela b.b<br>Centrala: 031\/338-608<br>Telefon: 031\/671-708<\/p>\n\n\n\n<iframe data-src=\"https:\/\/www.google.com\/maps\/embed?pb=!1m14!1m8!1m3!1d11775.65789624237!2d18.6517511!3d42.4508358!3m2!1i1024!2i768!4f13.1!3m3!1m2!1s0x134c30ef980e84d9%3A0x7a30caa8cd5df137!2sDom%20Zdravlja%20Bijela!5e0!3m2!1snl!2sbe!4v1674982756568!5m2!1snl!2sbe\" width=\"100%\" height=\"450\" style=\"border:0;\" allowfullscreen=\"\" referrerpolicy=\"no-referrer-when-downgrade\" src=\"data:image\/svg+xml;base64,PHN2ZyB3aWR0aD0iMSIgaGVpZ2h0PSIxIiB4bWxucz0iaHR0cDovL3d3dy53My5vcmcvMjAwMC9zdmciPjwvc3ZnPg==\" class=\"lazyload\" data-load-mode=\"1\"><\/iframe>\n\n\n\n<h2 class=\"wp-block-heading\"><br>Dom Zdravlja HERCEG NOVI<\/h2>\n\n\n\n<p>Centralna zgrada <a href=\"http:\/\/domzdravljahn.me\/kontakt\/\" target=\"_blank\" rel=\"noreferrer noopener\">Doma zdravlja Herceg-Novi<\/a>:<br>Ulica: Nikole Ljubibratica 1<br>Telefon: 031 343-111<br>Fax: 031 343-027<br>Info pult \u2013 telefon\/Viber: 067\/743-444<\/p>\n\n\n\n<p><br><\/p>\n\n\n\n<iframe data-src=\"https:\/\/www.google.com\/maps\/embed?pb=!1m18!1m12!1m3!1d1595.7440908012816!2d18.526817708936594!3d42.45835124998496!2m3!1f0!2f0!3f0!3m2!1i1024!2i768!4f13.1!3m3!1m2!1s0x134c3b7f3bde7e09%3A0x26a8d0b2b9a342f7!2sHealth%20Centre!5e0!3m2!1snl!2sbe!4v1674982888933!5m2!1snl!2sbe\" width=\"100%\" height=\"450\" style=\"border:0;\" allowfullscreen=\"\" referrerpolicy=\"no-referrer-when-downgrade\" src=\"data:image\/svg+xml;base64,PHN2ZyB3aWR0aD0iMSIgaGVpZ2h0PSIxIiB4bWxucz0iaHR0cDovL3d3dy53My5vcmcvMjAwMC9zdmciPjwvc3ZnPg==\" class=\"lazyload\" data-load-mode=\"1\"><\/iframe>\n\n\n\n<h2 class=\"wp-block-heading\">Institut za biologiju mora<\/h2>\n\n\n\n<p><strong>Adresa<\/strong><br><a href=\"https:\/\/www.ucg.ac.me\/ibm\" target=\"_blank\" rel=\"noreferrer noopener\">Institut za biologiju mora<\/a><br>Dobrota bb.-PFah 69,<br>85330 Kotor<\/p>\n\n\n\n<h2 class=\"wp-block-heading\"><\/h2>\n\n\n\n<iframe data-src=\"https:\/\/www.facebook.com\/plugins\/post.php?href=https%3A%2F%2Fwww.facebook.com%2Finstituteofmarinebiology%2Fposts%2Fpfbid02FrsJuYci1LcT3G9ruBUPUQr6bTmbnp9YcWetRnaRUaQjYmGfr3PgBufyfhiVhyFQl&#038;show_text=true&#038;width=500\" width=\"500\" height=\"392\" style=\"border:none;overflow:hidden\" scrolling=\"no\" frameborder=\"0\" allowfullscreen=\"true\" allow=\"autoplay; clipboard-write; encrypted-media; picture-in-picture; web-share\" src=\"data:image\/svg+xml;base64,PHN2ZyB3aWR0aD0iMSIgaGVpZ2h0PSIxIiB4bWxucz0iaHR0cDovL3d3dy53My5vcmcvMjAwMC9zdmciPjwvc3ZnPg==\" class=\"lazyload\" data-load-mode=\"1\"><\/iframe>\n\n\n\n<p>Najbli\u017ea apoteka<\/p>\n\n\n\n<h2 class=\"wp-block-heading\"><a href=\"https:\/\/www.apotekemaxima.me\/apoteke-maxima-lokacije\/https:\/\/www.apotekemaxima.me\/apoteke-maxima-lokacije\/\" target=\"_blank\" rel=\"noreferrer noopener\">Apoteka Maxima Plus<\/a> (Portonovi) <\/h2>\n\n\n\n<h2 class=\"wp-block-heading\">&#8211; Herceg Novi &#8211; Kumbor. Djenovi\u0107i<\/h2>\n\n\n\n<p>(Portonovi b.b., 85340 Herceg Novi)<\/p>\n\n\n\n<p><a href=\"tel:+382 31 337 235\">+382 31 337 235<\/a><\/p>\n\n\n\n<p><strong>Radno vrijeme apoteke u Porto Novom:<br><\/strong>ponedeljak \u2013 subota: 08:00 \u2013 22:00<\/p>\n\n\n\n<p>nedelja: 09:00 \u2013 17:00<\/p>\n","protected":false},"excerpt":{"rendered":"<p>Povrede i opektoine u more koje se naj\u010de\u0161\u0107e de\u0161avaju u Boki Kotorskoj. Opekotine od Meduza, Vlasulja i Sunca. Koje vrste morskih pasa ima u Jadranu i Boki? Koja su naj\u010de\u0161c\u0301e ljetnje povrede?Naj\u010de\u0161\u0107e povrede Vlasulja Ko\u017ea izgleda kao da vas je kopriva opekla i svrbi. Ako ste je ba\u0161 nagazili pipak se zalijepi za ko\u017eu i &#8230; <a title=\"Naj\u010de\u0161\u0107e povrede i opektoine u moru. Opektoine od sunca.\" class=\"read-more\" href=\"https:\/\/www.fanfani.me\/sr\/djenovici\/povrede-u-moru-crna-gora\/\" aria-label=\"Read more about Naj\u010de\u0161\u0107e povrede i opektoine u moru. Opektoine od sunca.\">Read more<\/a><\/p>\n","protected":false},"author":1,"featured_media":0,"parent":944,"menu_order":0,"comment_status":"closed","ping_status":"closed","template":"","meta":{"footnotes":""},"class_list":["post-12403","page","type-page","status-publish"],"yoast_head":"<!-- This site is optimized with the Yoast SEO plugin v27.3 - https:\/\/yoast.com\/product\/yoast-seo-wordpress\/ -->\n<title>Naj\u010de\u0161\u0107e povrede i opektoine u moru. Opektoine od sunca. &#8226; OPREZNO Ljetovanje<\/title>\n<meta name=\"description\" content=\"Naj\u010de\u0161\u0107e povrede i opekotine koje se de\u0161avaju na moru. Opekotine od Sunca, Meduze, Vlasulja. Ajkule? Dje se nalaze i kako izgledaju\" \/>\n<meta name=\"robots\" content=\"index, follow, max-snippet:-1, max-image-preview:large, max-video-preview:-1\" \/>\n<link rel=\"canonical\" href=\"https:\/\/www.fanfani.me\/sr\/djenovici\/povrede-u-moru-crna-gora\/\" \/>\n<meta property=\"og:locale\" content=\"sr_RS\" \/>\n<meta property=\"og:type\" content=\"article\" \/>\n<meta property=\"og:title\" content=\"Naj\u010de\u0161\u0107e povrede i opektoine u moru. Opektoine od sunca. &#8226; OPREZNO Ljetovanje\" \/>\n<meta property=\"og:description\" content=\"Naj\u010de\u0161\u0107e povrede i opekotine koje se de\u0161avaju na moru. Opekotine od Sunca, Meduze, Vlasulja. Ajkule? Dje se nalaze i kako izgledaju\" \/>\n<meta property=\"og:url\" content=\"https:\/\/www.fanfani.me\/sr\/djenovici\/povrede-u-moru-crna-gora\/\" \/>\n<meta property=\"og:site_name\" content=\"Neda Fanfani\" \/>\n<meta property=\"article:publisher\" content=\"https:\/\/www.facebook.com\/Apartmani.Djenovici\/\" \/>\n<meta property=\"article:modified_time\" content=\"2025-06-18T07:05:07+00:00\" \/>\n<meta property=\"og:image\" content=\"https:\/\/www.fanfani.me\/wp-content\/uploads\/2023\/01\/vlasulje-more-opekotine-koza-svrab.jpg\" \/>\n\t<meta property=\"og:image:width\" content=\"640\" \/>\n\t<meta property=\"og:image:height\" content=\"480\" \/>\n\t<meta property=\"og:image:type\" content=\"image\/jpeg\" \/>\n<meta name=\"twitter:card\" content=\"summary_large_image\" \/>\n<meta name=\"twitter:label1\" content=\"\u041f\u0440\u043e\u0446\u0435\u045a\u0435\u043d\u043e \u0432\u0440\u0435\u043c\u0435 \u0447\u0438\u0442\u0430\u045a\u0430\" \/>\n\t<meta name=\"twitter:data1\" content=\"5 \u043c\u0438\u043d\u0443\u0442\u0430\" \/>\n<script type=\"application\/ld+json\" class=\"yoast-schema-graph\">{\"@context\":\"https:\\\/\\\/schema.org\",\"@graph\":[{\"@type\":\"WebPage\",\"@id\":\"https:\\\/\\\/www.fanfani.me\\\/sr\\\/djenovici\\\/povrede-u-moru-crna-gora\\\/\",\"url\":\"https:\\\/\\\/www.fanfani.me\\\/sr\\\/djenovici\\\/povrede-u-moru-crna-gora\\\/\",\"name\":\"Naj\u010de\u0161\u0107e povrede i opektoine u moru. Opektoine od sunca. &#8226; OPREZNO Ljetovanje\",\"isPartOf\":{\"@id\":\"https:\\\/\\\/www.fanfani.me\\\/sr\\\/#website\"},\"primaryImageOfPage\":{\"@id\":\"https:\\\/\\\/www.fanfani.me\\\/sr\\\/djenovici\\\/povrede-u-moru-crna-gora\\\/#primaryimage\"},\"image\":{\"@id\":\"https:\\\/\\\/www.fanfani.me\\\/sr\\\/djenovici\\\/povrede-u-moru-crna-gora\\\/#primaryimage\"},\"thumbnailUrl\":\"https:\\\/\\\/www.fanfani.me\\\/wp-content\\\/uploads\\\/2023\\\/01\\\/vlasulje-more-opekotine-koza-svrab.jpg\",\"datePublished\":\"2023-01-29T09:02:07+00:00\",\"dateModified\":\"2025-06-18T07:05:07+00:00\",\"description\":\"Naj\u010de\u0161\u0107e povrede i opekotine koje se de\u0161avaju na moru. Opekotine od Sunca, Meduze, Vlasulja. Ajkule? Dje se nalaze i kako izgledaju\",\"breadcrumb\":{\"@id\":\"https:\\\/\\\/www.fanfani.me\\\/sr\\\/djenovici\\\/povrede-u-moru-crna-gora\\\/#breadcrumb\"},\"inLanguage\":\"sr-RS\",\"potentialAction\":[{\"@type\":\"ReadAction\",\"target\":[\"https:\\\/\\\/www.fanfani.me\\\/sr\\\/djenovici\\\/povrede-u-moru-crna-gora\\\/\"]}]},{\"@type\":\"ImageObject\",\"inLanguage\":\"sr-RS\",\"@id\":\"https:\\\/\\\/www.fanfani.me\\\/sr\\\/djenovici\\\/povrede-u-moru-crna-gora\\\/#primaryimage\",\"url\":\"https:\\\/\\\/www.fanfani.me\\\/wp-content\\\/uploads\\\/2023\\\/01\\\/vlasulje-more-opekotine-koza-svrab.jpg\",\"contentUrl\":\"https:\\\/\\\/www.fanfani.me\\\/wp-content\\\/uploads\\\/2023\\\/01\\\/vlasulje-more-opekotine-koza-svrab.jpg\"},{\"@type\":\"BreadcrumbList\",\"@id\":\"https:\\\/\\\/www.fanfani.me\\\/sr\\\/djenovici\\\/povrede-u-moru-crna-gora\\\/#breadcrumb\",\"itemListElement\":[{\"@type\":\"ListItem\",\"position\":1,\"name\":\"\u041f\u043e\u0447\u0435\u0442\u043d\u0430\",\"item\":\"https:\\\/\\\/www.fanfani.me\\\/sr\\\/\"},{\"@type\":\"ListItem\",\"position\":2,\"name\":\"Djenovici\",\"item\":\"https:\\\/\\\/www.fanfani.me\\\/sr\\\/djenovici\\\/\"},{\"@type\":\"ListItem\",\"position\":3,\"name\":\"Povrede na ljetovanju\"}]},{\"@type\":\"WebSite\",\"@id\":\"https:\\\/\\\/www.fanfani.me\\\/sr\\\/#website\",\"url\":\"https:\\\/\\\/www.fanfani.me\\\/sr\\\/\",\"name\":\"Neda Fanfani\",\"description\":\"Djenovi\u0107i\",\"publisher\":{\"@id\":\"https:\\\/\\\/www.fanfani.me\\\/sr\\\/#organization\"},\"potentialAction\":[{\"@type\":\"SearchAction\",\"target\":{\"@type\":\"EntryPoint\",\"urlTemplate\":\"https:\\\/\\\/www.fanfani.me\\\/sr\\\/?s={search_term_string}\"},\"query-input\":{\"@type\":\"PropertyValueSpecification\",\"valueRequired\":true,\"valueName\":\"search_term_string\"}}],\"inLanguage\":\"sr-RS\"},{\"@type\":\"Organization\",\"@id\":\"https:\\\/\\\/www.fanfani.me\\\/sr\\\/#organization\",\"name\":\"Apartmani Neda Fanfani Djenovici\",\"url\":\"https:\\\/\\\/www.fanfani.me\\\/sr\\\/\",\"logo\":{\"@type\":\"ImageObject\",\"inLanguage\":\"sr-RS\",\"@id\":\"https:\\\/\\\/www.fanfani.me\\\/sr\\\/#\\\/schema\\\/logo\\\/image\\\/\",\"url\":\"https:\\\/\\\/www.fanfani.me\\\/wp-content\\\/uploads\\\/2020\\\/04\\\/apartmani-neda-fanfani-djenovici-1024x216-1.png\",\"contentUrl\":\"https:\\\/\\\/www.fanfani.me\\\/wp-content\\\/uploads\\\/2020\\\/04\\\/apartmani-neda-fanfani-djenovici-1024x216-1.png\",\"width\":1024,\"height\":216,\"caption\":\"Apartmani Neda Fanfani Djenovici\"},\"image\":{\"@id\":\"https:\\\/\\\/www.fanfani.me\\\/sr\\\/#\\\/schema\\\/logo\\\/image\\\/\"},\"sameAs\":[\"https:\\\/\\\/www.facebook.com\\\/Apartmani.Djenovici\\\/\",\"https:\\\/\\\/www.youtube.com\\\/user\\\/FanfaniDjenovici\"]}]}<\/script>\n<!-- \/ Yoast SEO plugin. -->","yoast_head_json":{"title":"Naj\u010de\u0161\u0107e povrede i opektoine u moru. Opektoine od sunca. &#8226; OPREZNO Ljetovanje","description":"Naj\u010de\u0161\u0107e povrede i opekotine koje se de\u0161avaju na moru. Opekotine od Sunca, Meduze, Vlasulja. Ajkule? Dje se nalaze i kako izgledaju","robots":{"index":"index","follow":"follow","max-snippet":"max-snippet:-1","max-image-preview":"max-image-preview:large","max-video-preview":"max-video-preview:-1"},"canonical":"https:\/\/www.fanfani.me\/sr\/djenovici\/povrede-u-moru-crna-gora\/","og_locale":"sr_RS","og_type":"article","og_title":"Naj\u010de\u0161\u0107e povrede i opektoine u moru. Opektoine od sunca. &#8226; OPREZNO Ljetovanje","og_description":"Naj\u010de\u0161\u0107e povrede i opekotine koje se de\u0161avaju na moru. Opekotine od Sunca, Meduze, Vlasulja. Ajkule? Dje se nalaze i kako izgledaju","og_url":"https:\/\/www.fanfani.me\/sr\/djenovici\/povrede-u-moru-crna-gora\/","og_site_name":"Neda Fanfani","article_publisher":"https:\/\/www.facebook.com\/Apartmani.Djenovici\/","article_modified_time":"2025-06-18T07:05:07+00:00","og_image":[{"width":640,"height":480,"url":"https:\/\/www.fanfani.me\/wp-content\/uploads\/2023\/01\/vlasulje-more-opekotine-koza-svrab.jpg","type":"image\/jpeg"}],"twitter_card":"summary_large_image","twitter_misc":{"\u041f\u0440\u043e\u0446\u0435\u045a\u0435\u043d\u043e \u0432\u0440\u0435\u043c\u0435 \u0447\u0438\u0442\u0430\u045a\u0430":"5 \u043c\u0438\u043d\u0443\u0442\u0430"},"schema":{"@context":"https:\/\/schema.org","@graph":[{"@type":"WebPage","@id":"https:\/\/www.fanfani.me\/sr\/djenovici\/povrede-u-moru-crna-gora\/","url":"https:\/\/www.fanfani.me\/sr\/djenovici\/povrede-u-moru-crna-gora\/","name":"Naj\u010de\u0161\u0107e povrede i opektoine u moru. Opektoine od sunca. &#8226; OPREZNO Ljetovanje","isPartOf":{"@id":"https:\/\/www.fanfani.me\/sr\/#website"},"primaryImageOfPage":{"@id":"https:\/\/www.fanfani.me\/sr\/djenovici\/povrede-u-moru-crna-gora\/#primaryimage"},"image":{"@id":"https:\/\/www.fanfani.me\/sr\/djenovici\/povrede-u-moru-crna-gora\/#primaryimage"},"thumbnailUrl":"https:\/\/www.fanfani.me\/wp-content\/uploads\/2023\/01\/vlasulje-more-opekotine-koza-svrab.jpg","datePublished":"2023-01-29T09:02:07+00:00","dateModified":"2025-06-18T07:05:07+00:00","description":"Naj\u010de\u0161\u0107e povrede i opekotine koje se de\u0161avaju na moru. Opekotine od Sunca, Meduze, Vlasulja. Ajkule? Dje se nalaze i kako izgledaju","breadcrumb":{"@id":"https:\/\/www.fanfani.me\/sr\/djenovici\/povrede-u-moru-crna-gora\/#breadcrumb"},"inLanguage":"sr-RS","potentialAction":[{"@type":"ReadAction","target":["https:\/\/www.fanfani.me\/sr\/djenovici\/povrede-u-moru-crna-gora\/"]}]},{"@type":"ImageObject","inLanguage":"sr-RS","@id":"https:\/\/www.fanfani.me\/sr\/djenovici\/povrede-u-moru-crna-gora\/#primaryimage","url":"https:\/\/www.fanfani.me\/wp-content\/uploads\/2023\/01\/vlasulje-more-opekotine-koza-svrab.jpg","contentUrl":"https:\/\/www.fanfani.me\/wp-content\/uploads\/2023\/01\/vlasulje-more-opekotine-koza-svrab.jpg"},{"@type":"BreadcrumbList","@id":"https:\/\/www.fanfani.me\/sr\/djenovici\/povrede-u-moru-crna-gora\/#breadcrumb","itemListElement":[{"@type":"ListItem","position":1,"name":"\u041f\u043e\u0447\u0435\u0442\u043d\u0430","item":"https:\/\/www.fanfani.me\/sr\/"},{"@type":"ListItem","position":2,"name":"Djenovici","item":"https:\/\/www.fanfani.me\/sr\/djenovici\/"},{"@type":"ListItem","position":3,"name":"Povrede na ljetovanju"}]},{"@type":"WebSite","@id":"https:\/\/www.fanfani.me\/sr\/#website","url":"https:\/\/www.fanfani.me\/sr\/","name":"Neda Fanfani","description":"Djenovi\u0107i","publisher":{"@id":"https:\/\/www.fanfani.me\/sr\/#organization"},"potentialAction":[{"@type":"SearchAction","target":{"@type":"EntryPoint","urlTemplate":"https:\/\/www.fanfani.me\/sr\/?s={search_term_string}"},"query-input":{"@type":"PropertyValueSpecification","valueRequired":true,"valueName":"search_term_string"}}],"inLanguage":"sr-RS"},{"@type":"Organization","@id":"https:\/\/www.fanfani.me\/sr\/#organization","name":"Apartmani Neda Fanfani Djenovici","url":"https:\/\/www.fanfani.me\/sr\/","logo":{"@type":"ImageObject","inLanguage":"sr-RS","@id":"https:\/\/www.fanfani.me\/sr\/#\/schema\/logo\/image\/","url":"https:\/\/www.fanfani.me\/wp-content\/uploads\/2020\/04\/apartmani-neda-fanfani-djenovici-1024x216-1.png","contentUrl":"https:\/\/www.fanfani.me\/wp-content\/uploads\/2020\/04\/apartmani-neda-fanfani-djenovici-1024x216-1.png","width":1024,"height":216,"caption":"Apartmani Neda Fanfani Djenovici"},"image":{"@id":"https:\/\/www.fanfani.me\/sr\/#\/schema\/logo\/image\/"},"sameAs":["https:\/\/www.facebook.com\/Apartmani.Djenovici\/","https:\/\/www.youtube.com\/user\/FanfaniDjenovici"]}]}},"_links":{"self":[{"href":"https:\/\/www.fanfani.me\/sr\/wp-json\/wp\/v2\/pages\/12403","targetHints":{"allow":["GET"]}}],"collection":[{"href":"https:\/\/www.fanfani.me\/sr\/wp-json\/wp\/v2\/pages"}],"about":[{"href":"https:\/\/www.fanfani.me\/sr\/wp-json\/wp\/v2\/types\/page"}],"author":[{"embeddable":true,"href":"https:\/\/www.fanfani.me\/sr\/wp-json\/wp\/v2\/users\/1"}],"replies":[{"embeddable":true,"href":"https:\/\/www.fanfani.me\/sr\/wp-json\/wp\/v2\/comments?post=12403"}],"version-history":[{"count":3,"href":"https:\/\/www.fanfani.me\/sr\/wp-json\/wp\/v2\/pages\/12403\/revisions"}],"predecessor-version":[{"id":16531,"href":"https:\/\/www.fanfani.me\/sr\/wp-json\/wp\/v2\/pages\/12403\/revisions\/16531"}],"up":[{"embeddable":true,"href":"https:\/\/www.fanfani.me\/sr\/wp-json\/wp\/v2\/pages\/944"}],"wp:attachment":[{"href":"https:\/\/www.fanfani.me\/sr\/wp-json\/wp\/v2\/media?parent=12403"}],"curies":[{"name":"wp","href":"https:\/\/api.w.org\/{rel}","templated":true}]}}