{"id":1246,"date":"2018-11-10T11:08:47","date_gmt":"2018-11-10T11:08:47","guid":{"rendered":"http:\/\/www.fanfani.me\/?page_id=1246"},"modified":"2026-01-01T14:59:17","modified_gmt":"2026-01-01T14:59:17","slug":"docek-nove-godine-herceg-novi-program-satnica","status":"publish","type":"page","link":"https:\/\/www.fanfani.me\/sr\/kulturna-desvanja\/januar\/docek-nove-godine-herceg-novi-program-satnica\/","title":{"rendered":"Herceg Novi do\u010dek Nove godine 2026. Herceg Novi Nova godina 2026"},"content":{"rendered":"\n<p><\/p>\n\n\n\n<p class=\"has-small-font-size\">Pokrovitelji i organizatori programa su Op\u0161tina Herceg Novi i Turisti\u010dka organizacija Herceg Novi, produkcija JUK Herceg fest.<br><strong>E-mail:<\/strong><a href=\"mailto:info@hercegnovi.travel\"> info@hercegnovi.travel<\/a> <strong>Brojevi telefona:<\/strong> Tel: <a href=\"tel:+38231350820\">+382 31 350 820<\/a> Mob: <a href=\"tel:+38267099942\">+382 67 099 942<\/a> https:\/\/www.hercegfest.me\/program\/<br><\/p>\n\n\n\n<h1 class=\"wp-block-heading\">Do\u010dek Nove godine Herceg Novi 2026 Program i stanica. PortoNovi novogodi\u0161nji program. Haris D\u017einovi\u0107 i Neda Ukraden, \u017deljko Samard\u017ei\u0107 i Vesna Zmijanac i D\u017eenan Lon\u010darevi\u0107 i Tropico band<\/h1>\n\n\n\n<p><a href=\"https:\/\/www.fanfani.me\/en\/portonovi-new-year-escape\/\">PortoNovi program cijeli decembar i Januar.<\/a><\/p>\n\n\n\n<p>Program, Trg Nikole \u0110urkovi\u0107a:<\/p>\n\n\n\n<figure class=\"wp-block-image alignwide size-full\"><a href=\"https:\/\/www.fanfani.me\/wp-content\/uploads\/2025\/10\/docek-nove-godine-herceg-novi.png\"><img decoding=\"async\" width=\"1080\" height=\"1350\" data-src=\"https:\/\/www.fanfani.me\/wp-content\/uploads\/2025\/10\/docek-nove-godine-herceg-novi.png\" alt=\"docek nove godine herceg novi program 2026\" class=\"wp-image-16655 lazyload\" data-srcset=\"https:\/\/www.fanfani.me\/wp-content\/uploads\/2025\/10\/docek-nove-godine-herceg-novi.png 1080w, https:\/\/www.fanfani.me\/wp-content\/uploads\/2025\/10\/docek-nove-godine-herceg-novi-240x300.png 240w, https:\/\/www.fanfani.me\/wp-content\/uploads\/2025\/10\/docek-nove-godine-herceg-novi-819x1024.png 819w, https:\/\/www.fanfani.me\/wp-content\/uploads\/2025\/10\/docek-nove-godine-herceg-novi-768x960.png 768w\" data-sizes=\"(max-width: 1080px) 100vw, 1080px\" src=\"data:image\/svg+xml;base64,PHN2ZyB3aWR0aD0iMSIgaGVpZ2h0PSIxIiB4bWxucz0iaHR0cDovL3d3dy53My5vcmcvMjAwMC9zdmciPjwvc3ZnPg==\" style=\"--smush-placeholder-width: 1080px; --smush-placeholder-aspect-ratio: 1080\/1350;\" \/><\/a><\/figure>\n\n\n\n<h2 class=\"wp-block-heading\">Koncert za do\u010dek Nove godine u Herceg Novom i nastupi.<\/h2>\n\n\n\n<p class=\"has-text-align-center\"><strong>Program za do\u010dek 2026. <\/strong><\/p>\n\n\n\n<h2 class=\"wp-block-heading\">Vrijeme Herceg Novi za narednih 7 dana i Novu godinu<\/h2>\n\n\n\n<a class=\"weatherwidget-io\" href=\"https:\/\/forecast7.com\/sr\/42d4618d53\/herceg-novi\/\" data-label_1=\"HERCEG NOVI\" data-label_2=\"WEATHER\" data-theme=\"original\" >HERCEG NOVI Vrijeme za narednih 7 dana<\/a>\n<script>\n!function(d,s,id){var js,fjs=d.getElementsByTagName(s)[0];if(!d.getElementById(id)){js=d.createElement(s);js.id=id;js.src='https:\/\/weatherwidget.io\/js\/widget.min.js';fjs.parentNode.insertBefore(js,fjs);}}(document,'script','weatherwidget-io-js');\n<\/script>\n\n\n\n<h2 class=\"wp-block-heading\"><strong>Do\u010dek 2026. u Herceg Novom<\/strong>, Trg Nikole \u0110urkovi\u0107a<\/h2>\n\n\n\n<p><strong>\u0161est regionalnih muzi\u010dkih zvijezda<\/strong><\/p>\n\n\n\n<p>Herceg Novi ove godine priprema trodnevni muzi\u010dki do\u010dek Nove 2026. godine, sa nastupima \u0161est poznatih regionalnih izvo\u0111a\u010da. <\/p>\n\n\n\n<h2 class=\"wp-block-heading\">Haris D\u017einovi\u0107 i Neda Ukraden &#8211; za doeck Nove<\/h2>\n\n\n\n<p>Najlu\u0111u no\u0107 u godini Novljane i goste \u0107e zabavljati Haris D\u017einovi\u0107 i Neda Ukraden <\/p>\n\n\n\n<figure class=\"wp-block-embed is-type-video is-provider-youtube wp-block-embed-youtube wp-embed-aspect-16-9 wp-has-aspect-ratio\"><div class=\"wp-block-embed__wrapper\">\n<iframe title=\"Herceg Novi - do\u010dek nove 2026. godine\" width=\"1200\" height=\"675\" data-src=\"https:\/\/www.youtube.com\/embed\/-bIoKvE0nQI?feature=oembed\" frameborder=\"0\" allow=\"accelerometer; autoplay; clipboard-write; encrypted-media; gyroscope; picture-in-picture; web-share\" referrerpolicy=\"strict-origin-when-cross-origin\" allowfullscreen src=\"data:image\/svg+xml;base64,PHN2ZyB3aWR0aD0iMSIgaGVpZ2h0PSIxIiB4bWxucz0iaHR0cDovL3d3dy53My5vcmcvMjAwMC9zdmciPjwvc3ZnPg==\" class=\"lazyload\" data-load-mode=\"1\"><\/iframe>\n<\/div><\/figure>\n\n\n\n<h2 class=\"wp-block-heading\">\u017deljko Samard\u017ei\u0107 i Vesna Zmijanac &#8211; 1. januar Herceg Novi<\/h2>\n\n\n\n<p>1. januara nastupiti \u017deljko Samard\u017ei\u0107 i Vesna Zmijanac. <\/p>\n\n\n\n<h2 class=\"wp-block-heading\">Kamerni orkestar Herceg Novi<\/h2>\n\n\n\n<p>Prvog januara, publiku \u0107e u podne na trgu ispred gradske Tore odu\u0161eviti Kamerni orkestar Herceg Novi.<\/p>\n\n\n\n<h2 class=\"wp-block-heading\">D\u017eenan Lon\u010darevi\u0107 i Tropico band &#8211; 2. januar<\/h2>\n\n\n\n<p>Program \u0107e 2. januara upotpuniti D\u017eenan Lon\u010darevi\u0107 i Tropico band. <\/p>\n\n\n\n<p><strong>Centralno mjesto doga\u0111anja bi\u0107e Trg Nikole \u0110urkovi\u0107a, u samom srcu grada.<\/strong><\/p>\n\n\n\n<p>Tradicionalno, uo\u010di praznika bi\u0107e organizovana i dje\u010dija Nova godina sa bogatim programom namijenjenim najmla\u0111ima. <\/p>\n\n\n\n<p><\/p>\n\n\n\n<h2 class=\"wp-block-heading\">Herceg Novi docek Nove godine<\/h2>\n\n\n\n<p>Herceg Novi je i prethodnih godina bio popularna destinacija za Novu godinu, okupljaju\u0107i veliki broj posjetilaca iz cijelog regiona. Upravo je ta tradicija poslu\u017eila kao motivacija da se i ove godine pripremi bogat program i pozove svi da zajedno do\u010dekaju 2026. godinu u gradu uz vrhunsku zabavu.<\/p>\n\n\n\n<figure class=\"wp-block-pullquote\"><blockquote><p>\u201eHerceg Novi je prvi u regionu koji ve\u0107 sada predstavlja program do\u010deka Nove godine, u jeku turisti\u010dke sezone. Siguran sam da smo pripremili odli\u010dan muzi\u010dki miks koji \u0107e zadovoljiti razli\u010dite ukuse, a atmosfera uz more i gostoprimstvo na\u0161eg grada nikoga ne\u0107e ostaviti ravnodu\u0161nim. Vidimo se za Novu godinu u Herceg Novom!\u201c<\/p><cite>predsjednik Op\u0161tine Stevan Kati\u0107.<\/cite><\/blockquote><\/figure>\n\n\n\n<p><\/p>\n\n\n\n<h2 class=\"wp-block-heading\"><\/h2>\n\n\n\n<h2 class=\"wp-block-heading\" id=\"portonovi\">PortoNovi Nova Godina<\/h2>\n\n\n\n<p>Ipak idi na <a href=\"https:\/\/www.fanfani.me\/sr\/djenovici\/portonovi-djenovici-kumbor\/#portonovi-novagodina\">PortoNovi praznicni program<\/a>.<\/p>\n\n\n\n<div class=\"wp-block-media-text is-stacked-on-mobile\"><figure class=\"wp-block-media-text__media\"><img decoding=\"async\" width=\"919\" height=\"919\" data-src=\"https:\/\/www.fanfani.me\/wp-content\/uploads\/2025\/12\/portonovi-docek-nove-godine-bazar-more-herceg-novi-djenovici-klizaliste.jpg\" alt=\"\u017divopisni prizor Portonovi Prazni\u010dnog Bazara na Marina Trgu. Slika prikazuje blistave prazni\u010dne ku\u0107ice sa kuvanim vinom i poslasticama, klizali\u0161te sa kliza\u010dima i bogate novogodi\u0161nje dekoracije. Savr\u0161eno mjesto za porodi\u010dnu zabavu i odmor nakon \u0161etnje obalom, od \u0110enovi\u0107a do Portonovog.\" class=\"wp-image-16794 size-full lazyload\" data-srcset=\"https:\/\/www.fanfani.me\/wp-content\/uploads\/2025\/12\/portonovi-docek-nove-godine-bazar-more-herceg-novi-djenovici-klizaliste.jpg 919w, https:\/\/www.fanfani.me\/wp-content\/uploads\/2025\/12\/portonovi-docek-nove-godine-bazar-more-herceg-novi-djenovici-klizaliste-300x300.jpg 300w, https:\/\/www.fanfani.me\/wp-content\/uploads\/2025\/12\/portonovi-docek-nove-godine-bazar-more-herceg-novi-djenovici-klizaliste-150x150.jpg 150w, https:\/\/www.fanfani.me\/wp-content\/uploads\/2025\/12\/portonovi-docek-nove-godine-bazar-more-herceg-novi-djenovici-klizaliste-768x768.jpg 768w\" data-sizes=\"(max-width: 919px) 100vw, 919px\" src=\"data:image\/svg+xml;base64,PHN2ZyB3aWR0aD0iMSIgaGVpZ2h0PSIxIiB4bWxucz0iaHR0cDovL3d3dy53My5vcmcvMjAwMC9zdmciPjwvc3ZnPg==\" style=\"--smush-placeholder-width: 919px; --smush-placeholder-aspect-ratio: 919\/919;\" \/><\/figure><div class=\"wp-block-media-text__content\">\n<p>\u017divopisni prizor Portonovi Prazni\u010dnog Bazara na Marina Trgu.<\/p>\n<\/div><\/div>\n\n\n\n<figure class=\"wp-block-table\"><table class=\"has-fixed-layout\"><thead><tr><td><strong>Datum \/ Period<\/strong><\/td><td><strong>Doga\u0111aj \/ Opis<\/strong><\/td><td><strong>Vrijeme<\/strong><\/td><td><strong>Lokacija \/ Napomena<\/strong><\/td><\/tr><\/thead><tbody><tr><td><strong>1. Dec 2025.<\/strong><\/td><td>Caminetti Winter Terrace \u2014 &#8222;Special Menu&#8220;<\/td><td>16:00 \u2013 23:00<\/td><td>Caminetti, One&amp;Only Portonovi<\/td><\/tr><tr><td><strong>6. Dec 2025.<\/strong><\/td><td>New Year Tree Lighting Ceremony 2025-2026<\/td><td>17:00<\/td><td>Marina Square (Ceremonija paljenja jelke)<\/td><\/tr><tr><td><strong>7. Dec 2025.<\/strong><\/td><td>Tree Lighting Ceremony at One&amp;Only<\/td><td>19:00 \u2013 20:00<\/td><td>Lobby (Specijalna ceremonija)<\/td><\/tr><tr><td><strong>12. Dec 2025. \u2013 11. Jan 2026.<\/strong><\/td><td><strong>Portonovi Festive Market 2025\u20132026<\/strong><\/td><td>Svakodnevno<\/td><td>Marina Square (Prazni\u010dni bazar)<\/td><\/tr><tr><td><strong>12. Dec 2025. \u2013 11. Jan 2026.<\/strong><\/td><td><strong>Ice Skating at Portonovi Marina Square<\/strong><\/td><td><\/td><td>Marina Square (Klizali\u0161te)<\/td><\/tr><tr><td><strong>20. Dec 2025.<\/strong><\/td><td>Klapa Castel Nuovo &#8211; Festive<\/td><td>16:00 \u2013 18:00<\/td><td>Marina Square (Muzi\u010dki doga\u0111aj)<\/td><\/tr><tr><td><strong>20. Dec 2025. \u2013 21. Jan 2026.<\/strong><\/td><td>Festive Wellness Experiences<\/td><td><\/td><td>Chenot Espace Wellness SPA, One&amp;Only Portonovi<\/td><\/tr><tr><td><strong>24. Dec 2025.<\/strong><\/td><td>Santa Claus Arrival in Portonovi<\/td><td><\/td><td>Marina Square (Doga\u0111aj za djecu)<\/td><\/tr><tr><td><strong>24. Dec 2025.<\/strong><\/td><td>Christmas Eve Dinner at La Veranda<\/td><td>18:00 \u2013 22:00<\/td><td>La Veranda, One&amp;Only Portonovi (Sve\u010dana ve\u010dera)<\/td><\/tr><tr><td><strong>25. Dec 2025.<\/strong><\/td><td>Santa&#8217;s Arrival<\/td><td>10:00 \u2013 12:00<\/td><td>Lobby (Doga\u0111aj za djecu)<\/td><\/tr><tr><td><strong>25. Dec 2025.<\/strong><\/td><td>Christmas Day Lunch at Sabia<\/td><td>12:00 \u2013 16:00<\/td><td>Sabia (Bo\u017ei\u0107ni ru\u010dak)<\/td><\/tr><tr><td><strong>31. Dec 2025.<\/strong><\/td><td>DJ Session 2025-2026<\/td><td><\/td><td>Marina Square (Do\u010dek Nove godine)<\/td><\/tr><tr><td><strong>31. Dec 2025.<\/strong><\/td><td>Believe Ball<\/td><td>20:00 \u2013 00:00<\/td><td>La Veranda, One&amp;Only Portonovi (Proslava Nove godine)<\/td><\/tr><tr><td><strong>31. Dec 2025.<\/strong><\/td><td>White Party<\/td><td>20:00 \u2013 00:00<\/td><td>Sabia (Proslava Nove godine)<\/td><\/tr><tr><td><strong>31. Dec 2025.<\/strong><\/td><td>Masquerade New Year&#8217;s Party<\/td><td>20:00 \u2013 03:00<\/td><td>Tapasake, One&amp;Only Portonovi<\/td><\/tr><tr><td><strong>1. Jan 2026.<\/strong><\/td><td>DJ Danilo Radusinovi\u0107<\/td><td>od 15:00<\/td><td>Marina Square (Muzi\u010dki nastup)<\/td><\/tr><tr><td><strong>3. Jan 2026.<\/strong><\/td><td>Portonovi New Year&#8217;s Run 2026<\/td><td>od 15:00 do 19:00<\/td><td>Marina Square (Sportska trka)<\/td><\/tr><tr><td><strong>6. Jan 2026.<\/strong><\/td><td>DJ 6bitt<\/td><td>Vrijeme nije vnavedeno na sajtu<\/td><td>Marina Square (Muzi\u010dki doga\u0111aj)<\/td><\/tr><tr><td><strong>9. Jan 2026.<\/strong><\/td><td>Klapa Castel Nuovo &#8211; Festive<\/td><td>16:00-18:00<\/td><td>Marina Square (Muzi\u010dki doga\u0111aj)<\/td><\/tr><\/tbody><\/table><\/figure>\n\n\n\n<div class=\"wp-block-group\"><div class=\"wp-block-group__inner-container is-layout-constrained wp-block-group-is-layout-constrained\">\n<h2 class=\"wp-block-heading\">Novogodisnji praznici u PortoNovom<\/h2>\n\n\n\n<p><a href=\"https:\/\/www.fanfani.me\/sr\/djenovici\/portonovi-djenovici-kumbor\/\">Portonovi<\/a> prazni\u010dna sezona po\u010dinje <\/p>\n\n\n\n<p><\/p>\n\n\n\n<ul class=\"wp-block-list\">\n<li>Ulaz na sve koncerte je besplatan na Marina trgu u Portonovom<\/li>\n<\/ul>\n\n\n\n<p>Pored doga\u0111aja na Marina trgu, Portonovi najavljuje sportska de\u0161avanja, doga\u0111aje za djecu, a i kafi\u0107i i restorani u rizortu pripremaju posebne programe, kao i do\u010dek 2026.<\/p>\n\n\n\n<p><a href=\"https:\/\/portonovi.com\/me\/annual-calendar\" target=\"_blank\" rel=\"noreferrer noopener nofollow\">Program na njihovom sajtu<\/a>. <a href=\"mailto:events@portonovi.com\">events@portonovi.com<\/a><\/p>\n<\/div><\/div>\n\n\n\n<p><\/p>\n\n\n\n<div class=\"wp-block-media-text is-stacked-on-mobile has-base-2-background-color has-background\" style=\"grid-template-columns:23% auto\"><figure class=\"wp-block-media-text__media\"><img decoding=\"async\" width=\"150\" height=\"150\" data-src=\"https:\/\/www.fanfani.me\/wp-content\/uploads\/2021\/04\/herceg-novi-sat-kula-stepenice-djenovici-150x150.png\" alt=\"herceg novi knjizare i muzeiji i galerije kod sat kule\" class=\"wp-image-7091 size-thumbnail lazyload\" src=\"data:image\/svg+xml;base64,PHN2ZyB3aWR0aD0iMSIgaGVpZ2h0PSIxIiB4bWxucz0iaHR0cDovL3d3dy53My5vcmcvMjAwMC9zdmciPjwvc3ZnPg==\" style=\"--smush-placeholder-width: 150px; --smush-placeholder-aspect-ratio: 150\/150;\" \/><\/figure><div class=\"wp-block-media-text__content\">\n<p>Ne zaboravite<\/p>\n\n\n\n<ul class=\"wp-block-list\">\n<li>Da <a href=\"https:\/\/www.knjizaraso.com\/\" target=\"_blank\" rel=\"noreferrer noopener\">kupite knjige za vas i djecu<\/a> u &#8222;Knji\u017eara So&#8220;<\/li>\n\n\n\n<li>Posjetite <a href=\"https:\/\/www.mighn.me\/\" target=\"_blank\" rel=\"noreferrer noopener\">Muzeje i Galerije Herceg Novog<\/a><\/li>\n\n\n\n<li><a href=\"https:\/\/www.hercegfest.me\/program\/\" target=\"_blank\" rel=\"noreferrer noopener\">Predstave i kulturna de\u0161avanja u Novom<\/a><\/li>\n<\/ul>\n<\/div><\/div>\n\n\n\n<h2 class=\"wp-block-heading\">Nezvani\u010dna himna Herceg Novog, Koga to zapravo volim u Herceg Novom\u201c<\/h2>\n\n\n\n<figure class=\"wp-block-embed is-type-video is-provider-youtube wp-block-embed-youtube wp-embed-aspect-4-3 wp-has-aspect-ratio\"><div class=\"wp-block-embed__wrapper\">\n<iframe title=\"Grupa &quot;Exodus&quot; Herceg Novi, 1978 godine - Koga to volim u Herceg Novom\" width=\"1200\" height=\"900\" data-src=\"https:\/\/www.youtube.com\/embed\/7ccWE0WSDVU?feature=oembed\" frameborder=\"0\" allow=\"accelerometer; autoplay; clipboard-write; encrypted-media; gyroscope; picture-in-picture; web-share\" referrerpolicy=\"strict-origin-when-cross-origin\" allowfullscreen src=\"data:image\/svg+xml;base64,PHN2ZyB3aWR0aD0iMSIgaGVpZ2h0PSIxIiB4bWxucz0iaHR0cDovL3d3dy53My5vcmcvMjAwMC9zdmciPjwvc3ZnPg==\" class=\"lazyload\" data-load-mode=\"1\"><\/iframe>\n<\/div><\/figure>\n\n\n\n<p class=\"has-contrast-3-background-color has-background has-medium-font-size\"><a href=\"https:\/\/www.fanfani.me\/sr\/docek-nove-godine-kotor-budva-tivat-herceg-novi\/\">Program doceka za Budvu, Tivat, Kotor, Herceg Novi i Tivat.<\/a><\/p>\n\n\n\n<h2 class=\"wp-block-heading\">Herceg Novi kroz vrijeme &#8211; video<\/h2>\n\n\n\n<figure class=\"wp-block-embed is-type-video is-provider-youtube wp-block-embed-youtube wp-embed-aspect-16-9 wp-has-aspect-ratio\"><div class=\"wp-block-embed__wrapper\">\n<iframe title=\"Crnogorski gradovi kroz vrijeme - Herceg Novi\" width=\"1200\" height=\"675\" data-src=\"https:\/\/www.youtube.com\/embed\/hm908BTxCDU?feature=oembed\" frameborder=\"0\" allow=\"accelerometer; autoplay; clipboard-write; encrypted-media; gyroscope; picture-in-picture; web-share\" referrerpolicy=\"strict-origin-when-cross-origin\" allowfullscreen src=\"data:image\/svg+xml;base64,PHN2ZyB3aWR0aD0iMSIgaGVpZ2h0PSIxIiB4bWxucz0iaHR0cDovL3d3dy53My5vcmcvMjAwMC9zdmciPjwvc3ZnPg==\" class=\"lazyload\" data-load-mode=\"1\"><\/iframe>\n<\/div><\/figure>\n\n\n\n<script type=\"application\/ld+json\">\n{\n  \"@context\": \"https:\/\/schema.org\",\n  \"@type\": \"Event\",\n  \"name\": \"Trodnevni Do\u010dek Nove Godine 2026. u Herceg Novom\",\n  \"startDate\": \"2025-12-31T21:00:00\",\n  \"endDate\": \"2026-01-03T01:00:00\",\n  \"eventStatus\": \"https:\/\/schema.org\/EventScheduled\",\n  \"eventAttendanceMode\": \"https:\/\/schema.org\/OfflineEventAttendanceMode\",\n  \"location\": {\n    \"@type\": \"Place\",\n    \"name\": \"Trg Nikole \u0110urkovi\u0107a, Herceg Novi\",\n    \"address\": {\n      \"@type\": \"PostalAddress\",\n      \"streetAddress\": \"Trg Nikole \u0110urkovi\u0107a\",\n      \"addressLocality\": \"Herceg Novi\",\n      \"addressRegion\": \"Boka Kotorska\",\n      \"addressCountry\": \"ME\"\n    }\n  },\n  \"description\": \"Herceg Novi prepares a three-day musical New Year's celebration for 2026, featuring six popular regional music stars. The main event on December 31st includes Haris D\u017einovi\u0107 and Neda Ukraden. The program continues on January 1st with \u017deljko Samard\u017ei\u0107 and Vesna Zmijanac, and concludes on January 2nd with D\u017eenan Lon\u010darevi\u0107 and Tropico band. Entry to the main square concerts is free.\",\n  \"image\": [\n    \"https:\/\/example.com\/images\/herceg_novi_new_year.jpg\"\n  ],\n  \"organizer\": {\n    \"@type\": \"Organization\",\n    \"name\": \"Op\u0161tina Herceg Novi i Turisti\u010dka organizacija Herceg Novi\",\n    \"url\": \"https:\/\/www.hercegnovi.travel\/\"\n  },\n  \"performer\": [\n    {\n      \"@type\": \"MusicGroup\",\n      \"name\": \"Haris D\u017einovi\u0107\"\n    },\n    {\n      \"@type\": \"MusicGroup\",\n      \"name\": \"Neda Ukraden\"\n    },\n    {\n      \"@type\": \"MusicGroup\",\n      \"name\": \"\u017deljko Samard\u017ei\u0107\"\n    },\n    {\n      \"@type\": \"MusicGroup\",\n      \"name\": \"Vesna Zmijanac\"\n    },\n    {\n      \"@type\": \"MusicGroup\",\n      \"name\": \"D\u017eenan Lon\u010darevi\u0107\"\n    },\n    {\n      \"@type\": \"MusicGroup\",\n      \"name\": \"Tropico band\"\n    }\n  ],\n  \"offers\": {\n    \"@type\": \"Offer\",\n    \"price\": \"0\",\n    \"priceCurrency\": \"EUR\",\n    \"availability\": \"https:\/\/schema.org\/InStock\",\n    \"validFrom\": \"2025-12-01\",\n    \"url\": \"https:\/\/www.fanfani.me\/sr\/kulturna-desvanja\/januar\/docek-nove-godine-herceg-novi-program-satnica\/\"\n  }\n}\n<\/script>\n","protected":false},"excerpt":{"rendered":"<p>Pokrovitelji i organizatori programa su Op\u0161tina Herceg Novi i Turisti\u010dka organizacija Herceg Novi, produkcija JUK Herceg fest.E-mail: info@hercegnovi.travel Brojevi telefona: Tel: +382 31 350 820 Mob: +382 67 099 942 https:\/\/www.hercegfest.me\/program\/ Do\u010dek Nove godine Herceg Novi 2026 Program i stanica. PortoNovi novogodi\u0161nji program. Haris D\u017einovi\u0107 i Neda Ukraden, \u017deljko Samard\u017ei\u0107 i Vesna Zmijanac i D\u017eenan &#8230; <a title=\"Herceg Novi do\u010dek Nove godine 2026. Herceg Novi Nova godina 2026\" class=\"read-more\" href=\"https:\/\/www.fanfani.me\/sr\/kulturna-desvanja\/januar\/docek-nove-godine-herceg-novi-program-satnica\/\" aria-label=\"Read more about Herceg Novi do\u010dek Nove godine 2026. Herceg Novi Nova godina 2026\">Read more<\/a><\/p>\n","protected":false},"author":1,"featured_media":15451,"parent":377,"menu_order":0,"comment_status":"closed","ping_status":"closed","template":"","meta":{"footnotes":""},"class_list":["post-1246","page","type-page","status-publish","has-post-thumbnail"],"yoast_head":"<!-- This site is optimized with the Yoast SEO plugin v27.3 - https:\/\/yoast.com\/product\/yoast-seo-wordpress\/ -->\n<title>Herceg Novi Nova godina 2026. program doceka: Haris D\u017einovi\u0107 i Neda Ukraden<\/title>\n<meta name=\"description\" content=\"Herceg Novi Nova godina 2026. Do\u010dek Nove 2026. godine u Herceg Novom. Program, Koncert Haris D\u017einovi\u0107 i Neda Ukraden za do\u010dek Nove godine i nastupi \u017deljko Samard\u017ei\u0107 i Vesna Zmijanac sjutra 1.\" \/>\n<meta name=\"robots\" content=\"index, follow, max-snippet:-1, max-image-preview:large, max-video-preview:-1\" \/>\n<link rel=\"canonical\" href=\"https:\/\/www.fanfani.me\/sr\/kulturna-desvanja\/januar\/docek-nove-godine-herceg-novi-program-satnica\/\" \/>\n<meta property=\"og:locale\" content=\"sr_RS\" \/>\n<meta property=\"og:type\" content=\"article\" \/>\n<meta property=\"og:title\" content=\"Herceg Novi Nova godina 2026. program doceka: Haris D\u017einovi\u0107 i Neda Ukraden\" \/>\n<meta property=\"og:description\" content=\"Herceg Novi Nova godina 2026. Do\u010dek Nove 2026. godine u Herceg Novom. Program, Koncert Haris D\u017einovi\u0107 i Neda Ukraden za do\u010dek Nove godine i nastupi \u017deljko Samard\u017ei\u0107 i Vesna Zmijanac sjutra 1.\" \/>\n<meta property=\"og:url\" content=\"https:\/\/www.fanfani.me\/sr\/kulturna-desvanja\/januar\/docek-nove-godine-herceg-novi-program-satnica\/\" \/>\n<meta property=\"og:site_name\" content=\"Neda Fanfani\" \/>\n<meta property=\"article:publisher\" content=\"https:\/\/www.facebook.com\/Apartmani.Djenovici\/\" \/>\n<meta property=\"article:modified_time\" content=\"2026-01-01T14:59:17+00:00\" \/>\n<meta property=\"og:image\" content=\"https:\/\/www.fanfani.me\/wp-content\/uploads\/2024\/11\/hrceg-novi-docek-nove-godine-2025.jpg\" \/>\n\t<meta property=\"og:image:width\" content=\"500\" \/>\n\t<meta property=\"og:image:height\" content=\"262\" \/>\n\t<meta property=\"og:image:type\" content=\"image\/jpeg\" \/>\n<meta name=\"twitter:card\" content=\"summary_large_image\" \/>\n<meta name=\"twitter:label1\" content=\"\u041f\u0440\u043e\u0446\u0435\u045a\u0435\u043d\u043e \u0432\u0440\u0435\u043c\u0435 \u0447\u0438\u0442\u0430\u045a\u0430\" \/>\n\t<meta name=\"twitter:data1\" content=\"5 \u043c\u0438\u043d\u0443\u0442\u0430\" \/>\n<script type=\"application\/ld+json\" class=\"yoast-schema-graph\">{\"@context\":\"https:\\\/\\\/schema.org\",\"@graph\":[{\"@type\":\"WebPage\",\"@id\":\"https:\\\/\\\/www.fanfani.me\\\/sr\\\/kulturna-desvanja\\\/januar\\\/docek-nove-godine-herceg-novi-program-satnica\\\/\",\"url\":\"https:\\\/\\\/www.fanfani.me\\\/sr\\\/kulturna-desvanja\\\/januar\\\/docek-nove-godine-herceg-novi-program-satnica\\\/\",\"name\":\"Herceg Novi Nova godina 2026. program doceka: Haris D\u017einovi\u0107 i Neda Ukraden\",\"isPartOf\":{\"@id\":\"https:\\\/\\\/www.fanfani.me\\\/sr\\\/#website\"},\"primaryImageOfPage\":{\"@id\":\"https:\\\/\\\/www.fanfani.me\\\/sr\\\/kulturna-desvanja\\\/januar\\\/docek-nove-godine-herceg-novi-program-satnica\\\/#primaryimage\"},\"image\":{\"@id\":\"https:\\\/\\\/www.fanfani.me\\\/sr\\\/kulturna-desvanja\\\/januar\\\/docek-nove-godine-herceg-novi-program-satnica\\\/#primaryimage\"},\"thumbnailUrl\":\"https:\\\/\\\/www.fanfani.me\\\/wp-content\\\/uploads\\\/2024\\\/11\\\/hrceg-novi-docek-nove-godine-2025.jpg\",\"datePublished\":\"2018-11-10T11:08:47+00:00\",\"dateModified\":\"2026-01-01T14:59:17+00:00\",\"description\":\"Herceg Novi Nova godina 2026. Do\u010dek Nove 2026. godine u Herceg Novom. Program, Koncert Haris D\u017einovi\u0107 i Neda Ukraden za do\u010dek Nove godine i nastupi \u017deljko Samard\u017ei\u0107 i Vesna Zmijanac sjutra 1.\",\"breadcrumb\":{\"@id\":\"https:\\\/\\\/www.fanfani.me\\\/sr\\\/kulturna-desvanja\\\/januar\\\/docek-nove-godine-herceg-novi-program-satnica\\\/#breadcrumb\"},\"inLanguage\":\"sr-RS\",\"potentialAction\":[{\"@type\":\"ReadAction\",\"target\":[\"https:\\\/\\\/www.fanfani.me\\\/sr\\\/kulturna-desvanja\\\/januar\\\/docek-nove-godine-herceg-novi-program-satnica\\\/\"]}]},{\"@type\":\"ImageObject\",\"inLanguage\":\"sr-RS\",\"@id\":\"https:\\\/\\\/www.fanfani.me\\\/sr\\\/kulturna-desvanja\\\/januar\\\/docek-nove-godine-herceg-novi-program-satnica\\\/#primaryimage\",\"url\":\"https:\\\/\\\/www.fanfani.me\\\/wp-content\\\/uploads\\\/2024\\\/11\\\/hrceg-novi-docek-nove-godine-2025.jpg\",\"contentUrl\":\"https:\\\/\\\/www.fanfani.me\\\/wp-content\\\/uploads\\\/2024\\\/11\\\/hrceg-novi-docek-nove-godine-2025.jpg\",\"width\":500,\"height\":262},{\"@type\":\"BreadcrumbList\",\"@id\":\"https:\\\/\\\/www.fanfani.me\\\/sr\\\/kulturna-desvanja\\\/januar\\\/docek-nove-godine-herceg-novi-program-satnica\\\/#breadcrumb\",\"itemListElement\":[{\"@type\":\"ListItem\",\"position\":1,\"name\":\"\u041f\u043e\u0447\u0435\u0442\u043d\u0430\",\"item\":\"https:\\\/\\\/www.fanfani.me\\\/sr\\\/\"},{\"@type\":\"ListItem\",\"position\":2,\"name\":\"Kulturna desvanja\",\"item\":\"https:\\\/\\\/www.fanfani.me\\\/sr\\\/kulturna-desvanja\\\/\"},{\"@type\":\"ListItem\",\"position\":3,\"name\":\"Januar\",\"item\":\"https:\\\/\\\/www.fanfani.me\\\/sr\\\/kulturna-desvanja\\\/januar\\\/\"},{\"@type\":\"ListItem\",\"position\":4,\"name\":\"Herceg Novi Nova godina\"}]},{\"@type\":\"WebSite\",\"@id\":\"https:\\\/\\\/www.fanfani.me\\\/sr\\\/#website\",\"url\":\"https:\\\/\\\/www.fanfani.me\\\/sr\\\/\",\"name\":\"Neda Fanfani\",\"description\":\"Djenovi\u0107i\",\"publisher\":{\"@id\":\"https:\\\/\\\/www.fanfani.me\\\/sr\\\/#organization\"},\"potentialAction\":[{\"@type\":\"SearchAction\",\"target\":{\"@type\":\"EntryPoint\",\"urlTemplate\":\"https:\\\/\\\/www.fanfani.me\\\/sr\\\/?s={search_term_string}\"},\"query-input\":{\"@type\":\"PropertyValueSpecification\",\"valueRequired\":true,\"valueName\":\"search_term_string\"}}],\"inLanguage\":\"sr-RS\"},{\"@type\":\"Organization\",\"@id\":\"https:\\\/\\\/www.fanfani.me\\\/sr\\\/#organization\",\"name\":\"Apartmani Neda Fanfani Djenovici\",\"url\":\"https:\\\/\\\/www.fanfani.me\\\/sr\\\/\",\"logo\":{\"@type\":\"ImageObject\",\"inLanguage\":\"sr-RS\",\"@id\":\"https:\\\/\\\/www.fanfani.me\\\/sr\\\/#\\\/schema\\\/logo\\\/image\\\/\",\"url\":\"https:\\\/\\\/www.fanfani.me\\\/wp-content\\\/uploads\\\/2020\\\/04\\\/apartmani-neda-fanfani-djenovici-1024x216-1.png\",\"contentUrl\":\"https:\\\/\\\/www.fanfani.me\\\/wp-content\\\/uploads\\\/2020\\\/04\\\/apartmani-neda-fanfani-djenovici-1024x216-1.png\",\"width\":1024,\"height\":216,\"caption\":\"Apartmani Neda Fanfani Djenovici\"},\"image\":{\"@id\":\"https:\\\/\\\/www.fanfani.me\\\/sr\\\/#\\\/schema\\\/logo\\\/image\\\/\"},\"sameAs\":[\"https:\\\/\\\/www.facebook.com\\\/Apartmani.Djenovici\\\/\",\"https:\\\/\\\/www.youtube.com\\\/user\\\/FanfaniDjenovici\"]}]}<\/script>\n<!-- \/ Yoast SEO plugin. -->","yoast_head_json":{"title":"Herceg Novi Nova godina 2026. program doceka: Haris D\u017einovi\u0107 i Neda Ukraden","description":"Herceg Novi Nova godina 2026. Do\u010dek Nove 2026. godine u Herceg Novom. Program, Koncert Haris D\u017einovi\u0107 i Neda Ukraden za do\u010dek Nove godine i nastupi \u017deljko Samard\u017ei\u0107 i Vesna Zmijanac sjutra 1.","robots":{"index":"index","follow":"follow","max-snippet":"max-snippet:-1","max-image-preview":"max-image-preview:large","max-video-preview":"max-video-preview:-1"},"canonical":"https:\/\/www.fanfani.me\/sr\/kulturna-desvanja\/januar\/docek-nove-godine-herceg-novi-program-satnica\/","og_locale":"sr_RS","og_type":"article","og_title":"Herceg Novi Nova godina 2026. program doceka: Haris D\u017einovi\u0107 i Neda Ukraden","og_description":"Herceg Novi Nova godina 2026. Do\u010dek Nove 2026. godine u Herceg Novom. Program, Koncert Haris D\u017einovi\u0107 i Neda Ukraden za do\u010dek Nove godine i nastupi \u017deljko Samard\u017ei\u0107 i Vesna Zmijanac sjutra 1.","og_url":"https:\/\/www.fanfani.me\/sr\/kulturna-desvanja\/januar\/docek-nove-godine-herceg-novi-program-satnica\/","og_site_name":"Neda Fanfani","article_publisher":"https:\/\/www.facebook.com\/Apartmani.Djenovici\/","article_modified_time":"2026-01-01T14:59:17+00:00","og_image":[{"width":500,"height":262,"url":"https:\/\/www.fanfani.me\/wp-content\/uploads\/2024\/11\/hrceg-novi-docek-nove-godine-2025.jpg","type":"image\/jpeg"}],"twitter_card":"summary_large_image","twitter_misc":{"\u041f\u0440\u043e\u0446\u0435\u045a\u0435\u043d\u043e \u0432\u0440\u0435\u043c\u0435 \u0447\u0438\u0442\u0430\u045a\u0430":"5 \u043c\u0438\u043d\u0443\u0442\u0430"},"schema":{"@context":"https:\/\/schema.org","@graph":[{"@type":"WebPage","@id":"https:\/\/www.fanfani.me\/sr\/kulturna-desvanja\/januar\/docek-nove-godine-herceg-novi-program-satnica\/","url":"https:\/\/www.fanfani.me\/sr\/kulturna-desvanja\/januar\/docek-nove-godine-herceg-novi-program-satnica\/","name":"Herceg Novi Nova godina 2026. program doceka: Haris D\u017einovi\u0107 i Neda Ukraden","isPartOf":{"@id":"https:\/\/www.fanfani.me\/sr\/#website"},"primaryImageOfPage":{"@id":"https:\/\/www.fanfani.me\/sr\/kulturna-desvanja\/januar\/docek-nove-godine-herceg-novi-program-satnica\/#primaryimage"},"image":{"@id":"https:\/\/www.fanfani.me\/sr\/kulturna-desvanja\/januar\/docek-nove-godine-herceg-novi-program-satnica\/#primaryimage"},"thumbnailUrl":"https:\/\/www.fanfani.me\/wp-content\/uploads\/2024\/11\/hrceg-novi-docek-nove-godine-2025.jpg","datePublished":"2018-11-10T11:08:47+00:00","dateModified":"2026-01-01T14:59:17+00:00","description":"Herceg Novi Nova godina 2026. Do\u010dek Nove 2026. godine u Herceg Novom. Program, Koncert Haris D\u017einovi\u0107 i Neda Ukraden za do\u010dek Nove godine i nastupi \u017deljko Samard\u017ei\u0107 i Vesna Zmijanac sjutra 1.","breadcrumb":{"@id":"https:\/\/www.fanfani.me\/sr\/kulturna-desvanja\/januar\/docek-nove-godine-herceg-novi-program-satnica\/#breadcrumb"},"inLanguage":"sr-RS","potentialAction":[{"@type":"ReadAction","target":["https:\/\/www.fanfani.me\/sr\/kulturna-desvanja\/januar\/docek-nove-godine-herceg-novi-program-satnica\/"]}]},{"@type":"ImageObject","inLanguage":"sr-RS","@id":"https:\/\/www.fanfani.me\/sr\/kulturna-desvanja\/januar\/docek-nove-godine-herceg-novi-program-satnica\/#primaryimage","url":"https:\/\/www.fanfani.me\/wp-content\/uploads\/2024\/11\/hrceg-novi-docek-nove-godine-2025.jpg","contentUrl":"https:\/\/www.fanfani.me\/wp-content\/uploads\/2024\/11\/hrceg-novi-docek-nove-godine-2025.jpg","width":500,"height":262},{"@type":"BreadcrumbList","@id":"https:\/\/www.fanfani.me\/sr\/kulturna-desvanja\/januar\/docek-nove-godine-herceg-novi-program-satnica\/#breadcrumb","itemListElement":[{"@type":"ListItem","position":1,"name":"\u041f\u043e\u0447\u0435\u0442\u043d\u0430","item":"https:\/\/www.fanfani.me\/sr\/"},{"@type":"ListItem","position":2,"name":"Kulturna desvanja","item":"https:\/\/www.fanfani.me\/sr\/kulturna-desvanja\/"},{"@type":"ListItem","position":3,"name":"Januar","item":"https:\/\/www.fanfani.me\/sr\/kulturna-desvanja\/januar\/"},{"@type":"ListItem","position":4,"name":"Herceg Novi Nova godina"}]},{"@type":"WebSite","@id":"https:\/\/www.fanfani.me\/sr\/#website","url":"https:\/\/www.fanfani.me\/sr\/","name":"Neda Fanfani","description":"Djenovi\u0107i","publisher":{"@id":"https:\/\/www.fanfani.me\/sr\/#organization"},"potentialAction":[{"@type":"SearchAction","target":{"@type":"EntryPoint","urlTemplate":"https:\/\/www.fanfani.me\/sr\/?s={search_term_string}"},"query-input":{"@type":"PropertyValueSpecification","valueRequired":true,"valueName":"search_term_string"}}],"inLanguage":"sr-RS"},{"@type":"Organization","@id":"https:\/\/www.fanfani.me\/sr\/#organization","name":"Apartmani Neda Fanfani Djenovici","url":"https:\/\/www.fanfani.me\/sr\/","logo":{"@type":"ImageObject","inLanguage":"sr-RS","@id":"https:\/\/www.fanfani.me\/sr\/#\/schema\/logo\/image\/","url":"https:\/\/www.fanfani.me\/wp-content\/uploads\/2020\/04\/apartmani-neda-fanfani-djenovici-1024x216-1.png","contentUrl":"https:\/\/www.fanfani.me\/wp-content\/uploads\/2020\/04\/apartmani-neda-fanfani-djenovici-1024x216-1.png","width":1024,"height":216,"caption":"Apartmani Neda Fanfani Djenovici"},"image":{"@id":"https:\/\/www.fanfani.me\/sr\/#\/schema\/logo\/image\/"},"sameAs":["https:\/\/www.facebook.com\/Apartmani.Djenovici\/","https:\/\/www.youtube.com\/user\/FanfaniDjenovici"]}]}},"_links":{"self":[{"href":"https:\/\/www.fanfani.me\/sr\/wp-json\/wp\/v2\/pages\/1246","targetHints":{"allow":["GET"]}}],"collection":[{"href":"https:\/\/www.fanfani.me\/sr\/wp-json\/wp\/v2\/pages"}],"about":[{"href":"https:\/\/www.fanfani.me\/sr\/wp-json\/wp\/v2\/types\/page"}],"author":[{"embeddable":true,"href":"https:\/\/www.fanfani.me\/sr\/wp-json\/wp\/v2\/users\/1"}],"replies":[{"embeddable":true,"href":"https:\/\/www.fanfani.me\/sr\/wp-json\/wp\/v2\/comments?post=1246"}],"version-history":[{"count":20,"href":"https:\/\/www.fanfani.me\/sr\/wp-json\/wp\/v2\/pages\/1246\/revisions"}],"predecessor-version":[{"id":16914,"href":"https:\/\/www.fanfani.me\/sr\/wp-json\/wp\/v2\/pages\/1246\/revisions\/16914"}],"up":[{"embeddable":true,"href":"https:\/\/www.fanfani.me\/sr\/wp-json\/wp\/v2\/pages\/377"}],"wp:featuredmedia":[{"embeddable":true,"href":"https:\/\/www.fanfani.me\/sr\/wp-json\/wp\/v2\/media\/15451"}],"wp:attachment":[{"href":"https:\/\/www.fanfani.me\/sr\/wp-json\/wp\/v2\/media?parent=1246"}],"curies":[{"name":"wp","href":"https:\/\/api.w.org\/{rel}","templated":true}]}}