{"id":13224,"date":"2023-05-16T09:21:59","date_gmt":"2023-05-16T09:21:59","guid":{"rendered":"https:\/\/www.fanfani.me\/?page_id=13224"},"modified":"2025-08-27T08:31:53","modified_gmt":"2025-08-27T08:31:53","slug":"vitaljina-hak-kamere-kobila-granicni-prelaz-hrvatska-crna-gora","status":"publish","type":"page","link":"https:\/\/www.fanfani.me\/sr\/auto-mape\/vitaljina-hak-kamere-kobila-granicni-prelaz-hrvatska-crna-gora\/","title":{"rendered":"Granicni prelaz Vitaljina i Kobila kamere U\u017eivo"},"content":{"rendered":"\n<p>Hrvatska Crna Gora granica.<\/p>\n\n\n\n<h1 class=\"wp-block-heading\">Vitaljina HAK kamere i Kobila MUP Crne Gore kamere i zadr\u017eavanje na granici u\u017eivo. <\/h1>\n\n\n\n<p><\/p>\n\n\n\n<h2 class=\"wp-block-heading\">Alternativni prelaz za GP Debeli Brijeg i GP Karasovi\u0107i<\/h2>\n\n\n\n<p>Grani\u010dni prelaz je otovren cijele godine za sve putnike bez obzia na paso\u0161 ili putovnicu. <\/p>\n\n\n\n<ul class=\"wp-block-list\">\n<li>24\/7, 365, <\/li>\n\n\n\n<li>Svi pasosi<\/li>\n\n\n\n<li>Mala granica, Kobila &#8211;<a href=\"https:\/\/m.hak.hr\/kamera.asp?g=2&amp;k=209\" target=\"_blank\" rel=\"noreferrer noopener\">HAK kamera Vitaljina &#8211; direktan link<\/a> &#8211; CG nema kamere na granici<\/li>\n\n\n\n<li>HAK kamera  <a href=\"https:\/\/m.hak.hr\/kamera.asp?g=2&amp;k=141\" target=\"_blank\" rel=\"noreferrer noopener\">Karasovici<\/a> &#8211; <a href=\"http:\/\/kamere.mup.gov.me\/kamere.php?kamere=Debeli%20Brijeg&amp;lang=me\" target=\"_blank\" rel=\"noreferrer noopener\">CG kamera<\/a> <\/li>\n<\/ul>\n\n\n\n<h2 class=\"wp-block-heading\">HAK kamere Vitaljina grani\u010dni prelaz U\u017eivo<\/h2>\n\n\n\n<p>Kamera se nalazi na samom dnu stranice, posljednja kamera. Skrolujte unutar prozora do dna. Ako kamera nije prikazana znaci da je guzva ili je prelaz zatvoren.<\/p>\n\n\n\n<iframe style=\"width: 100%; height: 800px;\" data-src=\"https:\/\/www.hak.hr\/info\/kamere\/#granicni-prijelazi\" src=\"data:image\/svg+xml;base64,PHN2ZyB3aWR0aD0iMSIgaGVpZ2h0PSIxIiB4bWxucz0iaHR0cDovL3d3dy53My5vcmcvMjAwMC9zdmciPjwvc3ZnPg==\" class=\"lazyload\" data-load-mode=\"1\"><\/iframe>\n\n\n\n<p>HAK kao i kamere MUPa Crne Gore se ne mogu direktno vidjeti na drugim websajtovima. <br><a href=\"https:\/\/m.hak.hr\/kamera.asp?g=2&amp;k=209\" target=\"_blank\" rel=\"noreferrer noopener\">Vitaljina granica Link<\/a> za prelaz.<\/p>\n\n\n\n<iframe data-src=\"https:\/\/m.hak.hr\/kamera.asp?g=2&#038;k=209\" width=\"100%\" height=\"850\" style=\"border:0;\" title=\"HAK kamere Vitaljina\" src=\"data:image\/svg+xml;base64,PHN2ZyB3aWR0aD0iMSIgaGVpZ2h0PSIxIiB4bWxucz0iaHR0cDovL3d3dy53My5vcmcvMjAwMC9zdmciPjwvc3ZnPg==\" class=\"lazyload\" data-load-mode=\"1\">\n<\/iframe>\n\n\n\n<h2 class=\"wp-block-heading\">Mapa Waze sa stanjem na graicnom prelazu Vitaljina i Kobila<br><\/h2>\n\n\n\n<p>obicno ljudi markerima oznace stanje i vrijeme cekanja. <\/p>\n\n\n\n<iframe data-src=\"https:\/\/embed.waze.com\/iframe?zoom=15&#038;lat=42.476687&#038;lon=18.464155&#038;ct=livemap\" width=\"600\" height=\"450\" allowfullscreen src=\"data:image\/svg+xml;base64,PHN2ZyB3aWR0aD0iMSIgaGVpZ2h0PSIxIiB4bWxucz0iaHR0cDovL3d3dy53My5vcmcvMjAwMC9zdmciPjwvc3ZnPg==\" class=\"lazyload\" data-load-mode=\"1\"><\/iframe>\n\n\n\n<h2 class=\"wp-block-heading\">Google stanje na putevima<\/h2>\n\n\n\n<p>Da bi ste vidjeli stanje na putevima Traffic opcija mora biti upaljena na mapi. Ako nije, otvorite mapu u aplikaciji klikom na pove\u0107aj prozor dugme u lijevom vrhu mape.<\/p>\n\n\n\n<iframe data-src=\"https:\/\/www.google.com\/maps\/embed?pb=!1m14!1m12!1m3!1d15031.136724596028!2d18.454333821080855!3d42.486530398250224!2m3!1f0!2f0!3f0!3m2!1i1024!2i768!4f13.1!5e0!3m2!1snl!2sbe!4v1756282845095!5m2!1snl!2sbe\" width=\"600\" height=\"450\" style=\"border:0;\" allowfullscreen=\"\" referrerpolicy=\"no-referrer-when-downgrade\" src=\"data:image\/svg+xml;base64,PHN2ZyB3aWR0aD0iMSIgaGVpZ2h0PSIxIiB4bWxucz0iaHR0cDovL3d3dy53My5vcmcvMjAwMC9zdmciPjwvc3ZnPg==\" class=\"lazyload\" data-load-mode=\"1\"><\/iframe>\n\n\n\n<h2 class=\"wp-block-heading\">Kada je najve\u0107a gu\u017eva na prelazu<\/h2>\n\n\n\n<p>Zadnja nedjelja Jula pri napu\u0161tanju Hrvatske i ulasku u CG i obrnuto.<\/p>\n\n\n\n<div class=\"wp-block-media-text alignwide is-stacked-on-mobile\"><figure class=\"wp-block-media-text__media\"><img decoding=\"async\" width=\"384\" height=\"288\" data-src=\"https:\/\/www.fanfani.me\/wp-content\/uploads\/2023\/05\/vitaljina-croatia-montenegro-prevlaka-border-crossing-point-1.jpeg\" alt=\"vitaljina granicni prelaz\" class=\"wp-image-13252 size-full lazyload\" data-srcset=\"https:\/\/www.fanfani.me\/wp-content\/uploads\/2023\/05\/vitaljina-croatia-montenegro-prevlaka-border-crossing-point-1.jpeg 384w, https:\/\/www.fanfani.me\/wp-content\/uploads\/2023\/05\/vitaljina-croatia-montenegro-prevlaka-border-crossing-point-1-300x225.jpeg 300w\" data-sizes=\"(max-width: 384px) 100vw, 384px\" src=\"data:image\/svg+xml;base64,PHN2ZyB3aWR0aD0iMSIgaGVpZ2h0PSIxIiB4bWxucz0iaHR0cDovL3d3dy53My5vcmcvMjAwMC9zdmciPjwvc3ZnPg==\" style=\"--smush-placeholder-width: 384px; --smush-placeholder-aspect-ratio: 384\/288;\" \/><\/figure><div class=\"wp-block-media-text__content\">\n<p>Grani\u010dni prelaz Vitaljina. Izlazak iz Hrvatske<\/p>\n<\/div><\/div>\n\n\n\n<p>Zadnja nedelja Avgusta pri ulasku u Hrvatsku.<\/p>\n\n\n\n<div class=\"wp-block-media-text alignwide is-stacked-on-mobile\"><figure class=\"wp-block-media-text__media\"><img decoding=\"async\" width=\"384\" height=\"288\" data-src=\"https:\/\/www.fanfani.me\/wp-content\/uploads\/2023\/05\/hrvatska-crna-gora-vitaljina-kamera-granica-dubrovnik-1.jpeg\" alt=\"ulazak u hrvatsku vitaljina grani\u010dni prelaz stanje\" class=\"wp-image-13249 size-full lazyload\" data-srcset=\"https:\/\/www.fanfani.me\/wp-content\/uploads\/2023\/05\/hrvatska-crna-gora-vitaljina-kamera-granica-dubrovnik-1.jpeg 384w, https:\/\/www.fanfani.me\/wp-content\/uploads\/2023\/05\/hrvatska-crna-gora-vitaljina-kamera-granica-dubrovnik-1-300x225.jpeg 300w\" data-sizes=\"(max-width: 384px) 100vw, 384px\" src=\"data:image\/svg+xml;base64,PHN2ZyB3aWR0aD0iMSIgaGVpZ2h0PSIxIiB4bWxucz0iaHR0cDovL3d3dy53My5vcmcvMjAwMC9zdmciPjwvc3ZnPg==\" style=\"--smush-placeholder-width: 384px; --smush-placeholder-aspect-ratio: 384\/288;\" \/><\/figure><div class=\"wp-block-media-text__content\">\n<p>Ulazak u Hrvatsku i medjuprostor izmedju Hrvatske i Crne Gore.<\/p>\n<\/div><\/div>\n\n\n\n<p>Svaki vikend u Junu, Julu (oba pravca) i Avgustu.<\/p>\n\n\n\n<h2 class=\"wp-block-heading\">Prikaz kamera sa grani\u010dnih prelaza sa Republikom Hrvatskom od strane MUP Crna Gora<\/h2>\n\n\n\n<p>Kamera se prikazuje samo na <a href=\"https:\/\/www.fanfani.me\/sr\/auto-mape\/granicni-prelazi-crna-gora\/debeli-brijeg-karasovici-granica-kamere-crna-gora-hrvatska\/\">granicnom prelazu Debeli Brijeg<\/a>.<\/p>\n","protected":false},"excerpt":{"rendered":"<p>Hrvatska Crna Gora granica. Vitaljina HAK kamere i Kobila MUP Crne Gore kamere i zadr\u017eavanje na granici u\u017eivo. Alternativni prelaz za GP Debeli Brijeg i GP Karasovi\u0107i Grani\u010dni prelaz je otovren cijele godine za sve putnike bez obzia na paso\u0161 ili putovnicu. HAK kamere Vitaljina grani\u010dni prelaz U\u017eivo Kamera se nalazi na samom dnu stranice, &#8230; <a title=\"Granicni prelaz Vitaljina i Kobila kamere U\u017eivo\" class=\"read-more\" href=\"https:\/\/www.fanfani.me\/sr\/auto-mape\/vitaljina-hak-kamere-kobila-granicni-prelaz-hrvatska-crna-gora\/\" aria-label=\"Read more about Granicni prelaz Vitaljina i Kobila kamere U\u017eivo\">Read more<\/a><\/p>\n","protected":false},"author":1,"featured_media":13249,"parent":916,"menu_order":0,"comment_status":"closed","ping_status":"closed","template":"","meta":{"footnotes":""},"class_list":["post-13224","page","type-page","status-publish","has-post-thumbnail"],"yoast_head":"<!-- This site is optimized with the Yoast SEO plugin v27.3 - https:\/\/yoast.com\/product\/yoast-seo-wordpress\/ -->\n<title>Vitaljina HAK kamere i Kobila MUP Crne Gore granicni prelaz<\/title>\n<meta name=\"description\" content=\"HAK kamere granicni prelaz Vitaljina Hrvatska i Kobila MUP Crne Gore. Zaobidjite guzve na Debeli brijeg i Karasovici. Aerodrom Dubrovnik.\" \/>\n<meta name=\"robots\" content=\"index, follow, max-snippet:-1, max-image-preview:large, max-video-preview:-1\" \/>\n<link rel=\"canonical\" href=\"https:\/\/www.fanfani.me\/sr\/auto-mape\/vitaljina-hak-kamere-kobila-granicni-prelaz-hrvatska-crna-gora\/\" \/>\n<meta property=\"og:locale\" content=\"sr_RS\" \/>\n<meta property=\"og:type\" content=\"article\" \/>\n<meta property=\"og:title\" content=\"Vitaljina HAK kamere i Kobila MUP Crne Gore granicni prelaz\" \/>\n<meta property=\"og:description\" content=\"HAK kamere granicni prelaz Vitaljina Hrvatska i Kobila MUP Crne Gore. Zaobidjite guzve na Debeli brijeg i Karasovici. Aerodrom Dubrovnik.\" \/>\n<meta property=\"og:url\" content=\"https:\/\/www.fanfani.me\/sr\/auto-mape\/vitaljina-hak-kamere-kobila-granicni-prelaz-hrvatska-crna-gora\/\" \/>\n<meta property=\"og:site_name\" content=\"Neda Fanfani\" \/>\n<meta property=\"article:publisher\" content=\"https:\/\/www.facebook.com\/Apartmani.Djenovici\/\" \/>\n<meta property=\"article:modified_time\" content=\"2025-08-27T08:31:53+00:00\" \/>\n<meta property=\"og:image\" content=\"https:\/\/www.fanfani.me\/wp-content\/uploads\/2023\/05\/hrvatska-crna-gora-vitaljina-kamera-granica-dubrovnik-1.jpeg\" \/>\n\t<meta property=\"og:image:width\" content=\"384\" \/>\n\t<meta property=\"og:image:height\" content=\"288\" \/>\n\t<meta property=\"og:image:type\" content=\"image\/jpeg\" \/>\n<meta name=\"twitter:card\" content=\"summary_large_image\" \/>\n<meta name=\"twitter:label1\" content=\"\u041f\u0440\u043e\u0446\u0435\u045a\u0435\u043d\u043e \u0432\u0440\u0435\u043c\u0435 \u0447\u0438\u0442\u0430\u045a\u0430\" \/>\n\t<meta name=\"twitter:data1\" content=\"2 \u043c\u0438\u043d\u0443\u0442\u0430\" \/>\n<script type=\"application\/ld+json\" class=\"yoast-schema-graph\">{\"@context\":\"https:\\\/\\\/schema.org\",\"@graph\":[{\"@type\":\"WebPage\",\"@id\":\"https:\\\/\\\/www.fanfani.me\\\/sr\\\/auto-mape\\\/vitaljina-hak-kamere-kobila-granicni-prelaz-hrvatska-crna-gora\\\/\",\"url\":\"https:\\\/\\\/www.fanfani.me\\\/sr\\\/auto-mape\\\/vitaljina-hak-kamere-kobila-granicni-prelaz-hrvatska-crna-gora\\\/\",\"name\":\"Vitaljina HAK kamere i Kobila MUP Crne Gore granicni prelaz\",\"isPartOf\":{\"@id\":\"https:\\\/\\\/www.fanfani.me\\\/sr\\\/#website\"},\"primaryImageOfPage\":{\"@id\":\"https:\\\/\\\/www.fanfani.me\\\/sr\\\/auto-mape\\\/vitaljina-hak-kamere-kobila-granicni-prelaz-hrvatska-crna-gora\\\/#primaryimage\"},\"image\":{\"@id\":\"https:\\\/\\\/www.fanfani.me\\\/sr\\\/auto-mape\\\/vitaljina-hak-kamere-kobila-granicni-prelaz-hrvatska-crna-gora\\\/#primaryimage\"},\"thumbnailUrl\":\"https:\\\/\\\/www.fanfani.me\\\/wp-content\\\/uploads\\\/2023\\\/05\\\/hrvatska-crna-gora-vitaljina-kamera-granica-dubrovnik-1.jpeg\",\"datePublished\":\"2023-05-16T09:21:59+00:00\",\"dateModified\":\"2025-08-27T08:31:53+00:00\",\"description\":\"HAK kamere granicni prelaz Vitaljina Hrvatska i Kobila MUP Crne Gore. Zaobidjite guzve na Debeli brijeg i Karasovici. Aerodrom Dubrovnik.\",\"breadcrumb\":{\"@id\":\"https:\\\/\\\/www.fanfani.me\\\/sr\\\/auto-mape\\\/vitaljina-hak-kamere-kobila-granicni-prelaz-hrvatska-crna-gora\\\/#breadcrumb\"},\"inLanguage\":\"sr-RS\",\"potentialAction\":[{\"@type\":\"ReadAction\",\"target\":[\"https:\\\/\\\/www.fanfani.me\\\/sr\\\/auto-mape\\\/vitaljina-hak-kamere-kobila-granicni-prelaz-hrvatska-crna-gora\\\/\"]}]},{\"@type\":\"ImageObject\",\"inLanguage\":\"sr-RS\",\"@id\":\"https:\\\/\\\/www.fanfani.me\\\/sr\\\/auto-mape\\\/vitaljina-hak-kamere-kobila-granicni-prelaz-hrvatska-crna-gora\\\/#primaryimage\",\"url\":\"https:\\\/\\\/www.fanfani.me\\\/wp-content\\\/uploads\\\/2023\\\/05\\\/hrvatska-crna-gora-vitaljina-kamera-granica-dubrovnik-1.jpeg\",\"contentUrl\":\"https:\\\/\\\/www.fanfani.me\\\/wp-content\\\/uploads\\\/2023\\\/05\\\/hrvatska-crna-gora-vitaljina-kamera-granica-dubrovnik-1.jpeg\",\"width\":384,\"height\":288,\"caption\":\"vitaljina granicni prelaz hrvatska crna gora dubrovnik\"},{\"@type\":\"BreadcrumbList\",\"@id\":\"https:\\\/\\\/www.fanfani.me\\\/sr\\\/auto-mape\\\/vitaljina-hak-kamere-kobila-granicni-prelaz-hrvatska-crna-gora\\\/#breadcrumb\",\"itemListElement\":[{\"@type\":\"ListItem\",\"position\":1,\"name\":\"\u041f\u043e\u0447\u0435\u0442\u043d\u0430\",\"item\":\"https:\\\/\\\/www.fanfani.me\\\/sr\\\/\"},{\"@type\":\"ListItem\",\"position\":2,\"name\":\"Auto mape\",\"item\":\"https:\\\/\\\/www.fanfani.me\\\/sr\\\/auto-mape\\\/\"},{\"@type\":\"ListItem\",\"position\":3,\"name\":\"Granicni prelaz Vitaljina i Kobila kamere U\u017eivo\"}]},{\"@type\":\"WebSite\",\"@id\":\"https:\\\/\\\/www.fanfani.me\\\/sr\\\/#website\",\"url\":\"https:\\\/\\\/www.fanfani.me\\\/sr\\\/\",\"name\":\"Neda Fanfani\",\"description\":\"Djenovi\u0107i\",\"publisher\":{\"@id\":\"https:\\\/\\\/www.fanfani.me\\\/sr\\\/#organization\"},\"potentialAction\":[{\"@type\":\"SearchAction\",\"target\":{\"@type\":\"EntryPoint\",\"urlTemplate\":\"https:\\\/\\\/www.fanfani.me\\\/sr\\\/?s={search_term_string}\"},\"query-input\":{\"@type\":\"PropertyValueSpecification\",\"valueRequired\":true,\"valueName\":\"search_term_string\"}}],\"inLanguage\":\"sr-RS\"},{\"@type\":\"Organization\",\"@id\":\"https:\\\/\\\/www.fanfani.me\\\/sr\\\/#organization\",\"name\":\"Apartmani Neda Fanfani Djenovici\",\"url\":\"https:\\\/\\\/www.fanfani.me\\\/sr\\\/\",\"logo\":{\"@type\":\"ImageObject\",\"inLanguage\":\"sr-RS\",\"@id\":\"https:\\\/\\\/www.fanfani.me\\\/sr\\\/#\\\/schema\\\/logo\\\/image\\\/\",\"url\":\"https:\\\/\\\/www.fanfani.me\\\/wp-content\\\/uploads\\\/2020\\\/04\\\/apartmani-neda-fanfani-djenovici-1024x216-1.png\",\"contentUrl\":\"https:\\\/\\\/www.fanfani.me\\\/wp-content\\\/uploads\\\/2020\\\/04\\\/apartmani-neda-fanfani-djenovici-1024x216-1.png\",\"width\":1024,\"height\":216,\"caption\":\"Apartmani Neda Fanfani Djenovici\"},\"image\":{\"@id\":\"https:\\\/\\\/www.fanfani.me\\\/sr\\\/#\\\/schema\\\/logo\\\/image\\\/\"},\"sameAs\":[\"https:\\\/\\\/www.facebook.com\\\/Apartmani.Djenovici\\\/\",\"https:\\\/\\\/www.youtube.com\\\/user\\\/FanfaniDjenovici\"]}]}<\/script>\n<!-- \/ Yoast SEO plugin. -->","yoast_head_json":{"title":"Vitaljina HAK kamere i Kobila MUP Crne Gore granicni prelaz","description":"HAK kamere granicni prelaz Vitaljina Hrvatska i Kobila MUP Crne Gore. Zaobidjite guzve na Debeli brijeg i Karasovici. Aerodrom Dubrovnik.","robots":{"index":"index","follow":"follow","max-snippet":"max-snippet:-1","max-image-preview":"max-image-preview:large","max-video-preview":"max-video-preview:-1"},"canonical":"https:\/\/www.fanfani.me\/sr\/auto-mape\/vitaljina-hak-kamere-kobila-granicni-prelaz-hrvatska-crna-gora\/","og_locale":"sr_RS","og_type":"article","og_title":"Vitaljina HAK kamere i Kobila MUP Crne Gore granicni prelaz","og_description":"HAK kamere granicni prelaz Vitaljina Hrvatska i Kobila MUP Crne Gore. Zaobidjite guzve na Debeli brijeg i Karasovici. Aerodrom Dubrovnik.","og_url":"https:\/\/www.fanfani.me\/sr\/auto-mape\/vitaljina-hak-kamere-kobila-granicni-prelaz-hrvatska-crna-gora\/","og_site_name":"Neda Fanfani","article_publisher":"https:\/\/www.facebook.com\/Apartmani.Djenovici\/","article_modified_time":"2025-08-27T08:31:53+00:00","og_image":[{"width":384,"height":288,"url":"https:\/\/www.fanfani.me\/wp-content\/uploads\/2023\/05\/hrvatska-crna-gora-vitaljina-kamera-granica-dubrovnik-1.jpeg","type":"image\/jpeg"}],"twitter_card":"summary_large_image","twitter_misc":{"\u041f\u0440\u043e\u0446\u0435\u045a\u0435\u043d\u043e \u0432\u0440\u0435\u043c\u0435 \u0447\u0438\u0442\u0430\u045a\u0430":"2 \u043c\u0438\u043d\u0443\u0442\u0430"},"schema":{"@context":"https:\/\/schema.org","@graph":[{"@type":"WebPage","@id":"https:\/\/www.fanfani.me\/sr\/auto-mape\/vitaljina-hak-kamere-kobila-granicni-prelaz-hrvatska-crna-gora\/","url":"https:\/\/www.fanfani.me\/sr\/auto-mape\/vitaljina-hak-kamere-kobila-granicni-prelaz-hrvatska-crna-gora\/","name":"Vitaljina HAK kamere i Kobila MUP Crne Gore granicni prelaz","isPartOf":{"@id":"https:\/\/www.fanfani.me\/sr\/#website"},"primaryImageOfPage":{"@id":"https:\/\/www.fanfani.me\/sr\/auto-mape\/vitaljina-hak-kamere-kobila-granicni-prelaz-hrvatska-crna-gora\/#primaryimage"},"image":{"@id":"https:\/\/www.fanfani.me\/sr\/auto-mape\/vitaljina-hak-kamere-kobila-granicni-prelaz-hrvatska-crna-gora\/#primaryimage"},"thumbnailUrl":"https:\/\/www.fanfani.me\/wp-content\/uploads\/2023\/05\/hrvatska-crna-gora-vitaljina-kamera-granica-dubrovnik-1.jpeg","datePublished":"2023-05-16T09:21:59+00:00","dateModified":"2025-08-27T08:31:53+00:00","description":"HAK kamere granicni prelaz Vitaljina Hrvatska i Kobila MUP Crne Gore. Zaobidjite guzve na Debeli brijeg i Karasovici. Aerodrom Dubrovnik.","breadcrumb":{"@id":"https:\/\/www.fanfani.me\/sr\/auto-mape\/vitaljina-hak-kamere-kobila-granicni-prelaz-hrvatska-crna-gora\/#breadcrumb"},"inLanguage":"sr-RS","potentialAction":[{"@type":"ReadAction","target":["https:\/\/www.fanfani.me\/sr\/auto-mape\/vitaljina-hak-kamere-kobila-granicni-prelaz-hrvatska-crna-gora\/"]}]},{"@type":"ImageObject","inLanguage":"sr-RS","@id":"https:\/\/www.fanfani.me\/sr\/auto-mape\/vitaljina-hak-kamere-kobila-granicni-prelaz-hrvatska-crna-gora\/#primaryimage","url":"https:\/\/www.fanfani.me\/wp-content\/uploads\/2023\/05\/hrvatska-crna-gora-vitaljina-kamera-granica-dubrovnik-1.jpeg","contentUrl":"https:\/\/www.fanfani.me\/wp-content\/uploads\/2023\/05\/hrvatska-crna-gora-vitaljina-kamera-granica-dubrovnik-1.jpeg","width":384,"height":288,"caption":"vitaljina granicni prelaz hrvatska crna gora dubrovnik"},{"@type":"BreadcrumbList","@id":"https:\/\/www.fanfani.me\/sr\/auto-mape\/vitaljina-hak-kamere-kobila-granicni-prelaz-hrvatska-crna-gora\/#breadcrumb","itemListElement":[{"@type":"ListItem","position":1,"name":"\u041f\u043e\u0447\u0435\u0442\u043d\u0430","item":"https:\/\/www.fanfani.me\/sr\/"},{"@type":"ListItem","position":2,"name":"Auto mape","item":"https:\/\/www.fanfani.me\/sr\/auto-mape\/"},{"@type":"ListItem","position":3,"name":"Granicni prelaz Vitaljina i Kobila kamere U\u017eivo"}]},{"@type":"WebSite","@id":"https:\/\/www.fanfani.me\/sr\/#website","url":"https:\/\/www.fanfani.me\/sr\/","name":"Neda Fanfani","description":"Djenovi\u0107i","publisher":{"@id":"https:\/\/www.fanfani.me\/sr\/#organization"},"potentialAction":[{"@type":"SearchAction","target":{"@type":"EntryPoint","urlTemplate":"https:\/\/www.fanfani.me\/sr\/?s={search_term_string}"},"query-input":{"@type":"PropertyValueSpecification","valueRequired":true,"valueName":"search_term_string"}}],"inLanguage":"sr-RS"},{"@type":"Organization","@id":"https:\/\/www.fanfani.me\/sr\/#organization","name":"Apartmani Neda Fanfani Djenovici","url":"https:\/\/www.fanfani.me\/sr\/","logo":{"@type":"ImageObject","inLanguage":"sr-RS","@id":"https:\/\/www.fanfani.me\/sr\/#\/schema\/logo\/image\/","url":"https:\/\/www.fanfani.me\/wp-content\/uploads\/2020\/04\/apartmani-neda-fanfani-djenovici-1024x216-1.png","contentUrl":"https:\/\/www.fanfani.me\/wp-content\/uploads\/2020\/04\/apartmani-neda-fanfani-djenovici-1024x216-1.png","width":1024,"height":216,"caption":"Apartmani Neda Fanfani Djenovici"},"image":{"@id":"https:\/\/www.fanfani.me\/sr\/#\/schema\/logo\/image\/"},"sameAs":["https:\/\/www.facebook.com\/Apartmani.Djenovici\/","https:\/\/www.youtube.com\/user\/FanfaniDjenovici"]}]}},"_links":{"self":[{"href":"https:\/\/www.fanfani.me\/sr\/wp-json\/wp\/v2\/pages\/13224","targetHints":{"allow":["GET"]}}],"collection":[{"href":"https:\/\/www.fanfani.me\/sr\/wp-json\/wp\/v2\/pages"}],"about":[{"href":"https:\/\/www.fanfani.me\/sr\/wp-json\/wp\/v2\/types\/page"}],"author":[{"embeddable":true,"href":"https:\/\/www.fanfani.me\/sr\/wp-json\/wp\/v2\/users\/1"}],"replies":[{"embeddable":true,"href":"https:\/\/www.fanfani.me\/sr\/wp-json\/wp\/v2\/comments?post=13224"}],"version-history":[{"count":6,"href":"https:\/\/www.fanfani.me\/sr\/wp-json\/wp\/v2\/pages\/13224\/revisions"}],"predecessor-version":[{"id":16652,"href":"https:\/\/www.fanfani.me\/sr\/wp-json\/wp\/v2\/pages\/13224\/revisions\/16652"}],"up":[{"embeddable":true,"href":"https:\/\/www.fanfani.me\/sr\/wp-json\/wp\/v2\/pages\/916"}],"wp:featuredmedia":[{"embeddable":true,"href":"https:\/\/www.fanfani.me\/sr\/wp-json\/wp\/v2\/media\/13249"}],"wp:attachment":[{"href":"https:\/\/www.fanfani.me\/sr\/wp-json\/wp\/v2\/media?parent=13224"}],"curies":[{"name":"wp","href":"https:\/\/api.w.org\/{rel}","templated":true}]}}