{"id":166,"date":"2022-11-26T19:43:54","date_gmt":"2022-11-26T19:43:54","guid":{"rendered":"http:\/\/montenegro.its.me\/?page_id=166"},"modified":"2026-01-01T14:53:48","modified_gmt":"2026-01-01T14:53:48","slug":"docek-nove-godine-budva-crna-gora","status":"publish","type":"page","link":"https:\/\/www.fanfani.me\/sr\/kulturna-desvanja\/januar\/docek-nove-godine-budva-crna-gora\/","title":{"rendered":"Do\u010dek Nove godine Budva 2026 Crna Gora"},"content":{"rendered":"\n<p><a href=\"https:\/\/www.fanfani.me\/docek-nove-godine-kotor-budva-tivat-herceg-novi\/\" target=\"_blank\" rel=\"noopener noreferrer\"> <\/a><\/p>\n\n\n\n<hr class=\"wp-block-separator has-alpha-channel-opacity\"\/>\n\n\n\n<p class=\"has-small-font-size\"><a href=\"https:\/\/budva.travel\/event-details\/34\" target=\"_blank\" rel=\"noreferrer noopener\">Organizator doceka<\/a> je TO Budva<\/p>\n\n\n\n<h5 class=\"wp-block-heading has-small-font-size\">Kontakt<\/h5>\n\n\n\n<ul class=\"wp-block-list has-small-font-size\">\n<li><a href=\"tel:+38267567134\">+382 33 402 814<\/a><\/li>\n\n\n\n<li><a href=\"mailto:info@budva.travel\">info@budva.travel<\/a><\/li>\n<\/ul>\n\n\n\n<p>Budva nova godina.<\/p>\n\n\n\n<h1 class=\"wp-block-heading\">Do\u010dek Nove godine Budva 2026 program. Budva nova godina 2026. Drone show, koncerti, predstave.<\/h1>\n\n\n\n<h2 class=\"wp-block-heading\">Budva 2026: Sedam Dana Spektakla! Kompletan Novogodi\u0161nji Program i Izvo\u0111a\u010di<\/h2>\n\n\n\n<figure data-wp-context=\"{&quot;imageId&quot;:&quot;69f4612fdfe6e&quot;}\" data-wp-interactive=\"core\/image\" data-wp-key=\"69f4612fdfe6e\" class=\"wp-block-image size-large wp-lightbox-container\"><img decoding=\"async\" width=\"1024\" height=\"683\" data-wp-class--hide=\"state.isContentHidden\" data-wp-class--show=\"state.isContentVisible\" data-wp-init=\"callbacks.setButtonStyles\" data-wp-on--click=\"actions.showLightbox\" data-wp-on--load=\"callbacks.setButtonStyles\" data-wp-on-window--resize=\"callbacks.setButtonStyles\" data-src=\"https:\/\/www.fanfani.me\/wp-content\/uploads\/2025\/10\/budva-nova-godina-docek-program-1024x683.png\" alt=\"buvda docek nove godine program koncerti vatromet stari grad\" class=\"wp-image-16673 lazyload\" data-srcset=\"https:\/\/www.fanfani.me\/wp-content\/uploads\/2025\/10\/budva-nova-godina-docek-program-1024x683.png 1024w, https:\/\/www.fanfani.me\/wp-content\/uploads\/2025\/10\/budva-nova-godina-docek-program-300x200.png 300w, https:\/\/www.fanfani.me\/wp-content\/uploads\/2025\/10\/budva-nova-godina-docek-program-768x512.png 768w, https:\/\/www.fanfani.me\/wp-content\/uploads\/2025\/10\/budva-nova-godina-docek-program.png 1248w\" data-sizes=\"(max-width: 1024px) 100vw, 1024px\" src=\"data:image\/svg+xml;base64,PHN2ZyB3aWR0aD0iMSIgaGVpZ2h0PSIxIiB4bWxucz0iaHR0cDovL3d3dy53My5vcmcvMjAwMC9zdmciPjwvc3ZnPg==\" style=\"--smush-placeholder-width: 1024px; --smush-placeholder-aspect-ratio: 1024\/683;\" \/><button\n\t\t\tclass=\"lightbox-trigger\"\n\t\t\ttype=\"button\"\n\t\t\taria-haspopup=\"dialog\"\n\t\t\taria-label=\"\u0423\u0432\u0435\u045b\u0430\u0458\"\n\t\t\tdata-wp-init=\"callbacks.initTriggerButton\"\n\t\t\tdata-wp-on--click=\"actions.showLightbox\"\n\t\t\tdata-wp-style--right=\"state.imageButtonRight\"\n\t\t\tdata-wp-style--top=\"state.imageButtonTop\"\n\t\t>\n\t\t\t<svg xmlns=\"http:\/\/www.w3.org\/2000\/svg\" width=\"12\" height=\"12\" fill=\"none\" viewBox=\"0 0 12 12\">\n\t\t\t\t<path fill=\"#fff\" d=\"M2 0a2 2 0 0 0-2 2v2h1.5V2a.5.5 0 0 1 .5-.5h2V0H2Zm2 10.5H2a.5.5 0 0 1-.5-.5V8H0v2a2 2 0 0 0 2 2h2v-1.5ZM8 12v-1.5h2a.5.5 0 0 0 .5-.5V8H12v2a2 2 0 0 1-2 2H8Zm2-12a2 2 0 0 1 2 2v2h-1.5V2a.5.5 0 0 0-.5-.5H8V0h2Z\" \/>\n\t\t\t<\/svg>\n\t\t<\/button><figcaption class=\"wp-element-caption\">AI Ilustracija (vjestacka inteligencija gemini) Budve uz vatromet. <\/figcaption><\/figure>\n\n\n\n<p>Otkrijte kompletan novogodi\u0161nji program u Budvi za 2026. godinu! Saznajte ko nastupa svih 7 dana (24 sastava), detalje o Drone Show-u, cijenama smje\u0161taja i o\u010dekivanom broju posjetilaca.<\/p>\n\n\n\n<h2 class=\"wp-block-heading\">26. Docek na otvorenom u Budvi<\/h2>\n\n\n\n<ul class=\"wp-block-list\">\n<li>24 muzicka stastva i traje 7 dana.<\/li>\n\n\n\n<li>veliko interesovanje iz regiona Srbije, BiH i Hrvatske<\/li>\n\n\n\n<li>Prvi Dron Show u Crnoj Gori uz poruke i simbole<\/li>\n<\/ul>\n\n\n\n<h2 class=\"wp-block-heading\">Drone show Budva<\/h2>\n\n\n\n<ul class=\"wp-block-list\">\n<li><a href=\"https:\/\/www.vijesti.me\/vijesti\/drustvo\/789914\/budva-oko-600-dronova-popadalo-u-more-i-na-plato-ispred-lucke-kapetanije#brid_cp_TargetVideo_67273072\" target=\"_blank\" rel=\"noreferrer noopener\">Oko 600 dronova popadalo je u more i na plato ispred Lu\u010dke kapatanije, a snimci fijaska pojavili su se na dru\u0161tvenim mre\u017eama.<\/a><\/li>\n<\/ul>\n\n\n\n<figure class=\"wp-block-embed is-type-video is-provider-youtube wp-block-embed-youtube wp-embed-aspect-16-9 wp-has-aspect-ratio\"><div class=\"wp-block-embed__wrapper\">\n<iframe title=\"Budva: \u0160teta vi\u0161e stotina hiljada eura \u2013 ODT i policija na terenu nakon peha sa dronovima\" width=\"1200\" height=\"675\" data-src=\"https:\/\/www.youtube.com\/embed\/Or3CxFERR4Q?feature=oembed\" frameborder=\"0\" allow=\"accelerometer; autoplay; clipboard-write; encrypted-media; gyroscope; picture-in-picture; web-share\" referrerpolicy=\"strict-origin-when-cross-origin\" allowfullscreen src=\"data:image\/svg+xml;base64,PHN2ZyB3aWR0aD0iMSIgaGVpZ2h0PSIxIiB4bWxucz0iaHR0cDovL3d3dy53My5vcmcvMjAwMC9zdmciPjwvc3ZnPg==\" class=\"lazyload\" data-load-mode=\"1\"><\/iframe>\n<\/div><\/figure>\n\n\n\n<blockquote class=\"instagram-media\" data-instgrm-captioned data-instgrm-permalink=\"https:\/\/www.instagram.com\/reel\/DS9xOBaDALO\/?utm_source=ig_embed&amp;utm_campaign=loading\" data-instgrm-version=\"14\" style=\" background:#FFF; border:0; border-radius:3px; box-shadow:0 0 1px 0 rgba(0,0,0,0.5),0 1px 10px 0 rgba(0,0,0,0.15); margin: 1px; max-width:540px; min-width:326px; padding:0; width:99.375%; width:-webkit-calc(100% - 2px); width:calc(100% - 2px);\"><div style=\"padding:16px;\"> <a href=\"https:\/\/www.instagram.com\/reel\/DS9xOBaDALO\/?utm_source=ig_embed&amp;utm_campaign=loading\" style=\" background:#FFFFFF; line-height:0; padding:0 0; text-align:center; text-decoration:none; width:100%;\" target=\"_blank\"> <div style=\" display: flex; flex-direction: row; align-items: center;\"> <div style=\"background-color: #F4F4F4; border-radius: 50%; flex-grow: 0; height: 40px; margin-right: 14px; width: 40px;\"><\/div> <div style=\"display: flex; flex-direction: column; flex-grow: 1; justify-content: center;\"> <div style=\" background-color: #F4F4F4; border-radius: 4px; flex-grow: 0; height: 14px; margin-bottom: 6px; width: 100px;\"><\/div> <div style=\" background-color: #F4F4F4; border-radius: 4px; flex-grow: 0; height: 14px; width: 60px;\"><\/div><\/div><\/div><div style=\"padding: 19% 0;\"><\/div> <div style=\"display:block; height:50px; margin:0 auto 12px; width:50px;\"><svg width=\"50px\" height=\"50px\" viewBox=\"0 0 60 60\" version=\"1.1\" xmlns=\"https:\/\/www.w3.org\/2000\/svg\" xmlns:xlink=\"https:\/\/www.w3.org\/1999\/xlink\"><g stroke=\"none\" stroke-width=\"1\" fill=\"none\" fill-rule=\"evenodd\"><g transform=\"translate(-511.000000, -20.000000)\" fill=\"#000000\"><g><path d=\"M556.869,30.41 C554.814,30.41 553.148,32.076 553.148,34.131 C553.148,36.186 554.814,37.852 556.869,37.852 C558.924,37.852 560.59,36.186 560.59,34.131 C560.59,32.076 558.924,30.41 556.869,30.41 M541,60.657 C535.114,60.657 530.342,55.887 530.342,50 C530.342,44.114 535.114,39.342 541,39.342 C546.887,39.342 551.658,44.114 551.658,50 C551.658,55.887 546.887,60.657 541,60.657 M541,33.886 C532.1,33.886 524.886,41.1 524.886,50 C524.886,58.899 532.1,66.113 541,66.113 C549.9,66.113 557.115,58.899 557.115,50 C557.115,41.1 549.9,33.886 541,33.886 M565.378,62.101 C565.244,65.022 564.756,66.606 564.346,67.663 C563.803,69.06 563.154,70.057 562.106,71.106 C561.058,72.155 560.06,72.803 558.662,73.347 C557.607,73.757 556.021,74.244 553.102,74.378 C549.944,74.521 548.997,74.552 541,74.552 C533.003,74.552 532.056,74.521 528.898,74.378 C525.979,74.244 524.393,73.757 523.338,73.347 C521.94,72.803 520.942,72.155 519.894,71.106 C518.846,70.057 518.197,69.06 517.654,67.663 C517.244,66.606 516.755,65.022 516.623,62.101 C516.479,58.943 516.448,57.996 516.448,50 C516.448,42.003 516.479,41.056 516.623,37.899 C516.755,34.978 517.244,33.391 517.654,32.338 C518.197,30.938 518.846,29.942 519.894,28.894 C520.942,27.846 521.94,27.196 523.338,26.654 C524.393,26.244 525.979,25.756 528.898,25.623 C532.057,25.479 533.004,25.448 541,25.448 C548.997,25.448 549.943,25.479 553.102,25.623 C556.021,25.756 557.607,26.244 558.662,26.654 C560.06,27.196 561.058,27.846 562.106,28.894 C563.154,29.942 563.803,30.938 564.346,32.338 C564.756,33.391 565.244,34.978 565.378,37.899 C565.522,41.056 565.552,42.003 565.552,50 C565.552,57.996 565.522,58.943 565.378,62.101 M570.82,37.631 C570.674,34.438 570.167,32.258 569.425,30.349 C568.659,28.377 567.633,26.702 565.965,25.035 C564.297,23.368 562.623,22.342 560.652,21.575 C558.743,20.834 556.562,20.326 553.369,20.18 C550.169,20.033 549.148,20 541,20 C532.853,20 531.831,20.033 528.631,20.18 C525.438,20.326 523.257,20.834 521.349,21.575 C519.376,22.342 517.703,23.368 516.035,25.035 C514.368,26.702 513.342,28.377 512.574,30.349 C511.834,32.258 511.326,34.438 511.181,37.631 C511.035,40.831 511,41.851 511,50 C511,58.147 511.035,59.17 511.181,62.369 C511.326,65.562 511.834,67.743 512.574,69.651 C513.342,71.625 514.368,73.296 516.035,74.965 C517.703,76.634 519.376,77.658 521.349,78.425 C523.257,79.167 525.438,79.673 528.631,79.82 C531.831,79.965 532.853,80.001 541,80.001 C549.148,80.001 550.169,79.965 553.369,79.82 C556.562,79.673 558.743,79.167 560.652,78.425 C562.623,77.658 564.297,76.634 565.965,74.965 C567.633,73.296 568.659,71.625 569.425,69.651 C570.167,67.743 570.674,65.562 570.82,62.369 C570.966,59.17 571,58.147 571,50 C571,41.851 570.966,40.831 570.82,37.631\"><\/path><\/g><\/g><\/g><\/svg><\/div><div style=\"padding-top: 8px;\"> <div style=\" color:#3897f0; font-family:Arial,sans-serif; font-size:14px; font-style:normal; font-weight:550; line-height:18px;\">View this post on Instagram<\/div><\/div><div style=\"padding: 12.5% 0;\"><\/div> <div style=\"display: flex; flex-direction: row; margin-bottom: 14px; align-items: center;\"><div> <div style=\"background-color: #F4F4F4; border-radius: 50%; height: 12.5px; width: 12.5px; transform: translateX(0px) translateY(7px);\"><\/div> <div style=\"background-color: #F4F4F4; height: 12.5px; transform: rotate(-45deg) translateX(3px) translateY(1px); width: 12.5px; flex-grow: 0; margin-right: 14px; margin-left: 2px;\"><\/div> <div style=\"background-color: #F4F4F4; border-radius: 50%; height: 12.5px; width: 12.5px; transform: translateX(9px) translateY(-18px);\"><\/div><\/div><div style=\"margin-left: 8px;\"> <div style=\" background-color: #F4F4F4; border-radius: 50%; flex-grow: 0; height: 20px; width: 20px;\"><\/div> <div style=\" width: 0; height: 0; border-top: 2px solid transparent; border-left: 6px solid #f4f4f4; border-bottom: 2px solid transparent; transform: translateX(16px) translateY(-4px) rotate(30deg)\"><\/div><\/div><div style=\"margin-left: auto;\"> <div style=\" width: 0px; border-top: 8px solid #F4F4F4; border-right: 8px solid transparent; transform: translateY(16px);\"><\/div> <div style=\" background-color: #F4F4F4; flex-grow: 0; height: 12px; width: 16px; transform: translateY(-4px);\"><\/div> <div style=\" width: 0; height: 0; border-top: 8px solid #F4F4F4; border-left: 8px solid transparent; transform: translateY(-4px) translateX(8px);\"><\/div><\/div><\/div> <div style=\"display: flex; flex-direction: column; flex-grow: 1; justify-content: center; margin-bottom: 24px;\"> <div style=\" background-color: #F4F4F4; border-radius: 4px; flex-grow: 0; height: 14px; margin-bottom: 6px; width: 224px;\"><\/div> <div style=\" background-color: #F4F4F4; border-radius: 4px; flex-grow: 0; height: 14px; width: 144px;\"><\/div><\/div><\/a><p style=\" color:#c9c8cd; font-family:Arial,sans-serif; font-size:14px; line-height:17px; margin-bottom:0; margin-top:8px; overflow:hidden; padding:8px 0 7px; text-align:center; text-overflow:ellipsis; white-space:nowrap;\"><a href=\"https:\/\/www.instagram.com\/reel\/DS9xOBaDALO\/?utm_source=ig_embed&amp;utm_campaign=loading\" style=\" color:#c9c8cd; font-family:Arial,sans-serif; font-size:14px; font-style:normal; font-weight:normal; line-height:17px; text-decoration:none;\" target=\"_blank\">A post shared by \u041f\u043e\u0434\u0433\u043e\u0440\u0438\u0447\u043a\u0438 \u0432\u0440\u0435\u043c\u0435\u043f\u043b\u043e\u0432 (@podgoricki_vremeplov)<\/a><\/p><\/div><\/blockquote>\n<script async src=\"\/\/www.instagram.com\/embed.js\"><\/script>\n\n\n\n<h2 class=\"wp-block-heading\">Budva 2026: Sedam Dana Spektakla \u2013 Kompletan Novogodi\u0161nji Program i Svih 24 Izvo\u0111a\u010da<\/h2>\n\n\n\n<figure class=\"wp-block-table\"><table class=\"has-fixed-layout\"><thead><tr><td><strong>Datum<\/strong><\/td><td><strong>Izvo\u0111a\u010di<\/strong><\/td><\/tr><\/thead><tbody><tr><td><strong>29. decembar<\/strong><\/td><td>Mirza Selimovi\u0107, Jovana Paji\u0107, Boben Rajovi\u0107, Pe\u0111a Medenica<\/td><\/tr><tr><td><strong>30. decembar<\/strong><\/td><td>Gradska muzika Budve, Marko Luis, grupe Zana i Tap 011<\/td><\/tr><tr><td><strong>31. decembar<\/strong> (Novogodi\u0161nja no\u0107)<\/td><td>Teodora \u0160\u0107epanovi\u0107, Emina Jahovi\u0107, Aco Pejovi\u0107<\/td><\/tr><tr><td><strong>1. januar<\/strong><\/td><td>Koncert klasi\u010dne muzike (Bokeljski simfonijski orkestar), zatim grupa Perper, \u010cegi Bend i Bijelo dugme<\/td><\/tr><tr><td><strong>2. januar<\/strong><\/td><td>Breskvica, Relja, Nikolija<\/td><\/tr><tr><td><strong>3. januar<\/strong><\/td><td>Sergej \u0106etkovi\u0107, Lexington bend, Sara Jo<\/td><\/tr><tr><td><strong>4. januar<\/strong><\/td><td>Tri Tribute benda: ABBA, David Bowie i AC\/DC<\/td><\/tr><\/tbody><\/table><\/figure>\n\n\n\n<figure data-wp-context=\"{&quot;imageId&quot;:&quot;69f4612fe0d20&quot;}\" data-wp-interactive=\"core\/image\" data-wp-key=\"69f4612fe0d20\" class=\"wp-block-image size-large wp-lightbox-container\"><img decoding=\"async\" width=\"1024\" height=\"512\" data-wp-class--hide=\"state.isContentHidden\" data-wp-class--show=\"state.isContentVisible\" data-wp-init=\"callbacks.setButtonStyles\" data-wp-on--click=\"actions.showLightbox\" data-wp-on--load=\"callbacks.setButtonStyles\" data-wp-on-window--resize=\"callbacks.setButtonStyles\" data-src=\"https:\/\/www.fanfani.me\/wp-content\/uploads\/2025\/12\/budva-docek-nove-godine-program-1024x512.jpg\" alt=\"\" class=\"wp-image-16882 lazyload\" data-srcset=\"https:\/\/www.fanfani.me\/wp-content\/uploads\/2025\/12\/budva-docek-nove-godine-program-1024x512.jpg 1024w, https:\/\/www.fanfani.me\/wp-content\/uploads\/2025\/12\/budva-docek-nove-godine-program-300x150.jpg 300w, https:\/\/www.fanfani.me\/wp-content\/uploads\/2025\/12\/budva-docek-nove-godine-program-768x384.jpg 768w, https:\/\/www.fanfani.me\/wp-content\/uploads\/2025\/12\/budva-docek-nove-godine-program-1536x768.jpg 1536w, https:\/\/www.fanfani.me\/wp-content\/uploads\/2025\/12\/budva-docek-nove-godine-program.jpg 1920w\" data-sizes=\"(max-width: 1024px) 100vw, 1024px\" src=\"data:image\/svg+xml;base64,PHN2ZyB3aWR0aD0iMSIgaGVpZ2h0PSIxIiB4bWxucz0iaHR0cDovL3d3dy53My5vcmcvMjAwMC9zdmciPjwvc3ZnPg==\" style=\"--smush-placeholder-width: 1024px; --smush-placeholder-aspect-ratio: 1024\/512;\" \/><button\n\t\t\tclass=\"lightbox-trigger\"\n\t\t\ttype=\"button\"\n\t\t\taria-haspopup=\"dialog\"\n\t\t\taria-label=\"\u0423\u0432\u0435\u045b\u0430\u0458\"\n\t\t\tdata-wp-init=\"callbacks.initTriggerButton\"\n\t\t\tdata-wp-on--click=\"actions.showLightbox\"\n\t\t\tdata-wp-style--right=\"state.imageButtonRight\"\n\t\t\tdata-wp-style--top=\"state.imageButtonTop\"\n\t\t>\n\t\t\t<svg xmlns=\"http:\/\/www.w3.org\/2000\/svg\" width=\"12\" height=\"12\" fill=\"none\" viewBox=\"0 0 12 12\">\n\t\t\t\t<path fill=\"#fff\" d=\"M2 0a2 2 0 0 0-2 2v2h1.5V2a.5.5 0 0 1 .5-.5h2V0H2Zm2 10.5H2a.5.5 0 0 1-.5-.5V8H0v2a2 2 0 0 0 2 2h2v-1.5ZM8 12v-1.5h2a.5.5 0 0 0 .5-.5V8H12v2a2 2 0 0 1-2 2H8Zm2-12a2 2 0 0 1 2 2v2h-1.5V2a.5.5 0 0 0-.5-.5H8V0h2Z\" \/>\n\t\t\t<\/svg>\n\t\t<\/button><figcaption class=\"wp-element-caption\">Nova 2026. godina<br>29.Dec &#8211; 04.Jan https:\/\/budva.travel<\/figcaption><\/figure>\n\n\n\n<h2 class=\"wp-block-heading\">Dron \u0161ou Budva<\/h2>\n\n\n\n<p><strong>Dron \u0161ou (Dron show)<\/strong>: Ovo je najavljeno kao novitet za tu godinu, te \u0107e nebo iznad grada zasijati &#8222;uz najljep\u0161e poruke i simbole za novu godinu&#8220;.<\/p>\n\n\n\n<p><strong>Sedam dana slavlja i muzike<\/strong>.<\/p>\n\n\n\n<p><strong>Vatromet svake ve\u010deri<\/strong>.<\/p>\n\n\n\n<p><strong>Bogat program za sve generacije<\/strong>.<\/p>\n\n\n\n<p><strong>Tradicionalni koncert klasi\u010dne muzike<\/strong> (planiran za 1. januar, u izvedbi Bokeljskog simfonijskog orkestra).<\/p>\n\n\n\n<p><strong>Dje\u010diji program<\/strong>: U Budvi \u0107e trajati od 22. novembra, svakog vikenda do kraja decembra, sa zabavom od 11 do 16 \u010dasova. Uklju\u010duje animacije, dru\u017eenje sa Djeda Mrazom, ki\u0107enje jelke, kreativne radionice i pozori\u0161ne predstave. Program za djecu \u0107e se odr\u017eati i u Petrovcu.<\/p>\n\n\n\n<figure class=\"wp-block-embed is-type-video is-provider-youtube wp-block-embed-youtube wp-embed-aspect-16-9 wp-has-aspect-ratio\"><div class=\"wp-block-embed__wrapper\">\n<iframe title=\"Budva, Novogodi\u0161nji koncert Bokeljskog simfonijskog orkestra\" width=\"1200\" height=\"675\" data-src=\"https:\/\/www.youtube.com\/embed\/aR_Iyb0RvEU?feature=oembed\" frameborder=\"0\" allow=\"accelerometer; autoplay; clipboard-write; encrypted-media; gyroscope; picture-in-picture; web-share\" referrerpolicy=\"strict-origin-when-cross-origin\" allowfullscreen src=\"data:image\/svg+xml;base64,PHN2ZyB3aWR0aD0iMSIgaGVpZ2h0PSIxIiB4bWxucz0iaHR0cDovL3d3dy53My5vcmcvMjAwMC9zdmciPjwvc3ZnPg==\" class=\"lazyload\" data-load-mode=\"1\"><\/iframe>\n<\/div><\/figure>\n\n\n\n<div class=\"wp-block-media-text is-stacked-on-mobile\"><figure class=\"wp-block-media-text__media\"><img decoding=\"async\" width=\"683\" height=\"1024\" data-src=\"https:\/\/www.fanfani.me\/wp-content\/uploads\/2025\/12\/budva-nova-godina-docek-vatromet-stari-grad.jpg\" alt=\"\" class=\"wp-image-16886 size-full lazyload\" data-srcset=\"https:\/\/www.fanfani.me\/wp-content\/uploads\/2025\/12\/budva-nova-godina-docek-vatromet-stari-grad.jpg 683w, https:\/\/www.fanfani.me\/wp-content\/uploads\/2025\/12\/budva-nova-godina-docek-vatromet-stari-grad-200x300.jpg 200w\" data-sizes=\"(max-width: 683px) 100vw, 683px\" src=\"data:image\/svg+xml;base64,PHN2ZyB3aWR0aD0iMSIgaGVpZ2h0PSIxIiB4bWxucz0iaHR0cDovL3d3dy53My5vcmcvMjAwMC9zdmciPjwvc3ZnPg==\" style=\"--smush-placeholder-width: 683px; --smush-placeholder-aspect-ratio: 683\/1024;\" \/><\/figure><div class=\"wp-block-media-text__content\">\n<p><strong>Vatromet<\/strong> Budva<\/p>\n\n\n\n<p>Foto: TO Budva<\/p>\n<\/div><\/div>\n\n\n\n<h2 class=\"wp-block-heading\">Bogat dje\u010diji program svakog vikenda<\/h2>\n\n\n\n<p>Pored sedam dana muzi\u010dkog programa, dron \u0161oua, vatrometa i koncerta klasi\u010dne muzike, video je istakao da \u0107e biti uprili\u010den i <strong>bogat dje\u010diji program<\/strong>.<\/p>\n\n\n\n<p>Detalji dje\u010dijeg programa uklju\u010duju:<\/p>\n\n\n\n<ul class=\"wp-block-list\">\n<li><strong>Trajanje:<\/strong> Od 22. novembra, svakog vikenda do kraja decembra.<\/li>\n\n\n\n<li><strong>Vrijeme:<\/strong> Od 11:00 do 16:00 \u010dasova.<\/li>\n\n\n\n<li><strong>Aktivnosti:<\/strong> Animacije, dru\u017eenje sa Djeda Mrazom, ki\u0107enje jelke, razne kreativne radionice i pozori\u0161ne predstave.<\/li>\n\n\n\n<li><strong>Lokacije:<\/strong> Program \u0107e se odr\u017eati u Budvi, kao i u Petrovcu, \u010dime je obuhva\u0107ena \u010ditava teritorija Op\u0161tine.<\/li>\n<\/ul>\n\n\n\n<h2 class=\"wp-block-heading\">Vremenska prognoza Budva za nardenih 7 dana. Vrijeme za docek Nove Godine i koncerte u Budvi.<\/h2>\n\n\n\n<a class=\"weatherwidget-io\" target=\"\u201d_blank\u201d\" href=\"https:\/\/forecast7.com\/sr\/42d2918d84\/budva\/\" data-label_1=\"BUDVA\" data-label_2=\"Vrijeme za Docek Nove godine\" data-theme=\"original\" rel=\"noopener\">BUDVA Vrijeme za Docek Nove godine<\/a>\n<script>\n!function(d,s,id){var js,fjs=d.getElementsByTagName(s)[0];if(!d.getElementById(id)){js=d.createElement(s);js.id=id;js.src='https:\/\/weatherwidget.io\/js\/widget.min.js';fjs.parentNode.insertBefore(js,fjs);}}(document,'script','weatherwidget-io-js');\n<\/script>\n\n\n\n<p>Budva planira aktivno promovisati <strong>od 25. novembra do 2. decembra<\/strong> svoj novogodi\u0161nji program i smje\u0161tajne kapacitete Beogradu, Novom Sadu i Sarajevu .<\/p>\n\n\n\n<h2 class=\"wp-block-heading\">Cijene smje\u0161taja (po danu) u Budvi za vrijeme Nove godine<\/h2>\n\n\n\n<figure class=\"wp-block-table\"><table class=\"has-fixed-layout\"><thead><tr><td><strong>Tip smje\u0161taja<\/strong><\/td><td><strong>Cijene (po danu)<\/strong><\/td><\/tr><\/thead><tbody><tr><td><strong>Individualni smje\u0161taj (dvokrevetne sobe)<\/strong><\/td><td>Od <strong>40 EUR<\/strong> do <strong>100 EUR<\/strong><\/td><\/tr><tr><td><strong>Apartmani<\/strong><\/td><td>Od <strong>80 EUR<\/strong> do <strong>220 EUR<\/strong><\/td><\/tr><tr><td><strong>Hoteli<\/strong><\/td><td>U zavisnosti od programa i kategorizacije, kre\u0107u se od par stotina pa do <strong>900 EUR i vi\u0161e<\/strong> (Hotel Palas sa cijenom do 900+ EUR za \u010detvorodnevni muzi\u010dki program).<\/td><\/tr><\/tbody><\/table><\/figure>\n\n\n\n<p>Turisti\u010dka organizacija Budve o\u010dekuje da \u0107e <strong>nadma\u0161iti<\/strong> broj posjetilaca iz prethodnih godina.<\/p>\n\n\n\n<p>\u0160to se ti\u010de brojeva, navedeno je sljede\u0107e:<\/p>\n\n\n\n<ul class=\"wp-block-list\">\n<li><strong>O\u010dekivanja za Novogodi\u0161nju no\u0107:<\/strong> <br>U prethodnim godinama, broj posjetilaca je bio <strong>10 do 25.000<\/strong>. <br>Cilj je da se taj broj nadma\u0161i.<\/li>\n\n\n\n<li><strong>Trenutna posje\u0107enost (14\/11\/2025):<\/strong> <br>U Budvi je boravilo <strong>ne\u0161to vi\u0161e od 6.000 turista<\/strong> (3.800 u privatnom smje\u0161taju i oko 2.200 u hotelima).<\/li>\n\n\n\n<li><strong>Interesovanje:<\/strong> <br>O\u010dekuje se <strong>veliki broj gostiju<\/strong> zbog velikog interesovanja turisti\u010dkih agencija iz regiona (Srbije, Bosne i Hercegovine i Hrvatske).<\/li>\n<\/ul>\n\n\n\n<h2 class=\"wp-block-heading\">Budva nova godina 2026 program.<\/h2>\n\n\n\n<p class=\"has-small-font-size\">Kako prenose Vijesti.me: https:\/\/www.vijesti.me\/vijesti\/drustvo\/779542\/pjesma-i-zabava-za-500000-eura-budva-priprema-sedmodnevni-muzicki-program-za-novogodisnje-praznike<\/p>\n\n\n\n<figure class=\"wp-block-embed is-type-video is-provider-youtube wp-block-embed-youtube wp-embed-aspect-16-9 wp-has-aspect-ratio\"><div class=\"wp-block-embed__wrapper\">\n<iframe title=\"BOJE JUTRA - SEDAM DANA SLAVLJA U BUDVI (ANA VUJO\u0160EVI\u0106) | Vijesti online\" width=\"1200\" height=\"675\" data-src=\"https:\/\/www.youtube.com\/embed\/qVZFqFAZHpQ?feature=oembed\" frameborder=\"0\" allow=\"accelerometer; autoplay; clipboard-write; encrypted-media; gyroscope; picture-in-picture; web-share\" referrerpolicy=\"strict-origin-when-cross-origin\" allowfullscreen src=\"data:image\/svg+xml;base64,PHN2ZyB3aWR0aD0iMSIgaGVpZ2h0PSIxIiB4bWxucz0iaHR0cDovL3d3dy53My5vcmcvMjAwMC9zdmciPjwvc3ZnPg==\" class=\"lazyload\" data-load-mode=\"1\"><\/iframe>\n<\/div><\/figure>\n\n\n\n<h3 class=\"wp-block-heading\">24 Muzi\u010dka Sastava koji ce nastupati u Budvi<\/h3>\n\n\n\n<ol start=\"1\" class=\"wp-block-list\">\n<li>Mirza Selimovi\u0107<\/li>\n\n\n\n<li>Jovana Paji\u0107<\/li>\n\n\n\n<li>Boben Rajovi\u0107<\/li>\n\n\n\n<li>Pe\u0111a Medenica<\/li>\n\n\n\n<li>Gradska muzika Budve<\/li>\n\n\n\n<li>Marko Luis<\/li>\n\n\n\n<li>Grupa Zana<\/li>\n\n\n\n<li>Tap 01<\/li>\n\n\n\n<li>Teodora \u0160\u0107epanovi\u0107<\/li>\n\n\n\n<li>Emina Jahovi\u0107<\/li>\n\n\n\n<li>Aco Pejovi\u0107<\/li>\n\n\n\n<li>Bokeljski simfonijski orkestar<\/li>\n\n\n\n<li>Grupa Perper<\/li>\n\n\n\n<li>\u010cegi Bend<\/li>\n\n\n\n<li>Bijelo dugme<\/li>\n\n\n\n<li>Breskvica<\/li>\n\n\n\n<li>Relja<\/li>\n\n\n\n<li>Nikolija<\/li>\n\n\n\n<li>Sergej \u0106etkovi\u0107<\/li>\n\n\n\n<li>Lexington bend<\/li>\n\n\n\n<li>Sara Jo<\/li>\n\n\n\n<li>ABA Tribute Band<\/li>\n\n\n\n<li>David Bow Tribute Band<\/li>\n\n\n\n<li>AC\/DC Tribute Band<\/li>\n<\/ol>\n\n\n\n<figure class=\"wp-block-table\"><table class=\"has-fixed-layout\"><thead><tr><td><strong>Datum<\/strong><\/td><td><strong>Izvo\u0111a\u010di<\/strong><\/td><\/tr><\/thead><tbody><tr><td><strong>29. decembar<\/strong><\/td><td>Pe\u0111a Medenica, Boban Rajovi\u0107, Jovana Paji\u0107, Mirza Selimovi\u0107<\/td><\/tr><tr><td><strong>30. decembar<\/strong><\/td><td>Zana, TAP 011, Sara Jovanovi\u0107, Marko Luis<\/td><\/tr><tr><td><strong>31. decembar<\/strong><\/td><td>Teodora \u0160\u0107epanovi\u0107, Emina Jahovi\u0107, <strong>Aco Pejovi\u0107<\/strong> (Zvijezda u najlu\u0111oj no\u0107i)<\/td><\/tr><tr><td><strong>1. januar 2026.<\/strong><\/td><td>Chegi bend, Perper, <strong>Bijelo Dugme<\/strong> (Zvijezde ve\u010deri)<\/td><\/tr><tr><td><strong>2. januar<\/strong><\/td><td>Relja Popovi\u0107 i Nikolija, Breskvica<\/td><\/tr><tr><td><strong>3. januar<\/strong><\/td><td>Lexington band, Sergej \u0106etkovi\u0107<\/td><\/tr><tr><td><strong>4. januar<\/strong><\/td><td>&#8222;Tribute night&#8220; (Tri benda sa repertoarom grupa Aba i AC\/DC, te Dejvida Bouvija)<\/td><\/tr><\/tbody><\/table><\/figure>\n\n\n\n<h2 class=\"wp-block-heading\">Docek Crna Gora<\/h2>\n\n\n\n<ul class=\"wp-block-list has-medium-font-size\">\n<li><a href=\"https:\/\/www.fanfani.me\/sr\/kulturna-desvanja\/januar\/docek-nove-godine-herceg-novi-program-satnica\/\">Docek Nove u Herceg Novom<\/a>,<\/li>\n\n\n\n<li><a href=\"https:\/\/www.fanfani.me\/sr\/djenovici\/portonovi-djenovici-kumbor\/\">Porto Novom<\/a>, <\/li>\n\n\n\n<li><a href=\"https:\/\/www.fanfani.me\/sr\/kulturna-desvanja\/januar\/tivat-nova-godina-docek\/\">Nova u Tivtu<\/a> i<\/li>\n\n\n\n<li><a href=\"https:\/\/www.fanfani.me\/sr\/kulturna-desvanja\/januar\/docek-nove-godine-kotor\/\">Docek Nove u Kotoru<\/a>.<\/li>\n<\/ul>\n\n\n\n<p><\/p>\n\n\n\n<p><\/p>\n\n\n\n<p><\/p>\n\n\n\n<p><\/p>\n\n\n\n<figure class=\"wp-block-image alignwide size-large\"><img decoding=\"async\" width=\"1024\" height=\"585\" data-src=\"https:\/\/www.fanfani.me\/wp-content\/uploads\/2024\/10\/budva-docek-nove-godine-program-1024x585.jpeg\" alt=\"budva docek nove godine program\" class=\"wp-image-15417 lazyload\" data-srcset=\"https:\/\/www.fanfani.me\/wp-content\/uploads\/2024\/10\/budva-docek-nove-godine-program-1024x585.jpeg 1024w, https:\/\/www.fanfani.me\/wp-content\/uploads\/2024\/10\/budva-docek-nove-godine-program-300x171.jpeg 300w, https:\/\/www.fanfani.me\/wp-content\/uploads\/2024\/10\/budva-docek-nove-godine-program-768x439.jpeg 768w, https:\/\/www.fanfani.me\/wp-content\/uploads\/2024\/10\/budva-docek-nove-godine-program-1536x878.jpeg 1536w, https:\/\/www.fanfani.me\/wp-content\/uploads\/2024\/10\/budva-docek-nove-godine-program.jpeg 1792w\" data-sizes=\"(max-width: 1024px) 100vw, 1024px\" src=\"data:image\/svg+xml;base64,PHN2ZyB3aWR0aD0iMSIgaGVpZ2h0PSIxIiB4bWxucz0iaHR0cDovL3d3dy53My5vcmcvMjAwMC9zdmciPjwvc3ZnPg==\" style=\"--smush-placeholder-width: 1024px; --smush-placeholder-aspect-ratio: 1024\/585;\" \/><figcaption class=\"wp-element-caption\">AI Ilustracija vatrometa iznad Budve. <\/figcaption><\/figure>\n\n\n\n<h2 class=\"wp-block-heading\"><\/h2>\n\n\n\n<p><\/p>\n\n\n\n<p>Evo iz 2008. nekolicini najdra\u017ei do\u010dek. John Fogerty u\u017eivo u Budvi.<\/p>\n\n\n\n<figure class=\"wp-block-embed is-type-video is-provider-youtube wp-block-embed-youtube wp-embed-aspect-4-3 wp-has-aspect-ratio\"><div class=\"wp-block-embed__wrapper\">\n<iframe title=\"Long As I Can See The Light -  John Fogerty (CCR ) live in Montenegro - 2008 Docek Nove godine Budva\" width=\"1200\" height=\"900\" data-src=\"https:\/\/www.youtube.com\/embed\/GJLwp-aEPa0?feature=oembed\" frameborder=\"0\" allow=\"accelerometer; autoplay; clipboard-write; encrypted-media; gyroscope; picture-in-picture; web-share\" referrerpolicy=\"strict-origin-when-cross-origin\" allowfullscreen src=\"data:image\/svg+xml;base64,PHN2ZyB3aWR0aD0iMSIgaGVpZ2h0PSIxIiB4bWxucz0iaHR0cDovL3d3dy53My5vcmcvMjAwMC9zdmciPjwvc3ZnPg==\" class=\"lazyload\" data-load-mode=\"1\"><\/iframe>\n<\/div><\/figure>\n\n\n\n<div style=\"height:100px\" aria-hidden=\"true\" class=\"wp-block-spacer\"><\/div>\n\n\n\n<h3 class=\"wp-block-heading has-base-3-color has-text-color has-background\" style=\"background-color:#cdc02f\">Ljubitelji Zabave i kulture na otvorenom u Herceg Novom se odr\u017eava Praznik Mimoze. Pozori\u0161ne predstave, maskenbali, besplatni koncerti. Pogledajte program <a href=\"https:\/\/www.fanfani.me\/sr\/kulturna-desvanja\/februar\/dani-mimoze-program-2\/\">Dani Mimoze 2026<\/a><\/h3>\n\n\n\n<p>Takodje pogledajte novogodi\u0161nje programe <\/p>\n\n\n\n<script type=\"application\/ld+json\">\n{\n  \"@context\": \"https:\/\/schema.org\",\n  \"@type\": \"Event\",\n  \"name\": \"Budva Nova godina 2026.Novogodi\u0161nji Program Budva 2026 \u2013 Sedam Dana Spektakla. \",\n  \"startDate\": \"2025-12-29T18:00\",\n  \"endDate\": \"2026-01-04T23:59\",\n  \"eventStatus\": \"https:\/\/schema.org\/EventScheduled\",\n  \"eventAttendanceMode\": \"https:\/\/schema.org\/OfflineEventAttendanceMode\",\n  \"location\": {\n    \"@type\": \"Place\",\n    \"name\": \"Budva Nova godina 2026. Trg ispred zidina Starog grada Budve\",\n    \"address\": {\n      \"@type\": \"PostalAddress\",\n      \"streetAddress\": \"Trg palmi\",\n      \"addressLocality\": \"Budva\",\n      \"addressRegion\": \"Crna Gora\",\n      \"postalCode\": \"85310\",\n      \"addressCountry\": \"ME\"\n    }\n  },\n  \"description\": \"Budva Nova godina 2026 program. Sedmodnevni muzi\u010dki i zabavni spektakl u Budvi povodom do\u010deka Nove godine. Program uklju\u010duje 24 muzi\u010dka sastava (Aco Pejovi\u0107, Bijelo Dugme, Sergej \u0106etkovi\u0107, Emina Jahovi\u0107, i dr.), dron \u0161ou, vatromet svake ve\u010deri i bogat dje\u010diji program. Sadr\u017eaj na trgu je besplatan.\",\n  \"image\": [\n    \"https:\/\/example.com\/slika-budva-nova-godina.jpg\"\n  ],\n  \"organizer\": {\n    \"@type\": \"Organization\",\n    \"name\": \"Turisti\u010dka organizacija Op\u0161tine Budva (TO Budva)\",\n    \"url\": \"https:\/\/www.budva.travel\"\n  },\n  \"performer\": [\n    {\n      \"@type\": \"MusicGroup\",\n      \"name\": \"Aco Pejovi\u0107\"\n    },\n    {\n      \"@type\": \"MusicGroup\",\n      \"name\": \"Bijelo Dugme\"\n    },\n    {\n      \"@type\": \"MusicGroup\",\n      \"name\": \"Sergej \u0106etkovi\u0107\"\n    }\n  ],\n  \"offers\": [\n    {\n      \"@type\": \"Offer\",\n      \"name\": \"Koncerti na trgu\",\n      \"price\": \"0\",\n      \"priceCurrency\": \"EUR\",\n      \"availability\": \"https:\/\/schema.org\/InStock\",\n      \"url\": \"https:\/\/example.com\/budva-program\"\n    }\n  ]\n}\n<\/script>\n\n\n\n<h2 class=\"wp-block-heading\">Anketa preko <a href=\"https:\/\/docs.google.com\/forms\/d\/e\/1FAIpQLSdTHGRUzjDmRfIBIQbr9lyGdnEqmcxOCILXjdKBmfYzgWc5ZA\/viewanalytics\" target=\"_blank\" rel=\"noreferrer noopener\">Google formi <\/a>za predja\u0161nje najavljene nastupe<\/h2>\n\n\n<div class=\"wp-block-image\">\n<figure class=\"aligncenter size-full\"><a href=\"https:\/\/www.fanfani.me\/wp-content\/uploads\/2024\/11\/budva-docek-anketa-.png\"><img decoding=\"async\" width=\"640\" height=\"500\" data-src=\"https:\/\/www.fanfani.me\/wp-content\/uploads\/2024\/11\/budva-docek-anketa-.png\" alt=\"budva do\u010dek nove godine anketa rezultati\" class=\"wp-image-15634 lazyload\" data-srcset=\"https:\/\/www.fanfani.me\/wp-content\/uploads\/2024\/11\/budva-docek-anketa-.png 640w, https:\/\/www.fanfani.me\/wp-content\/uploads\/2024\/11\/budva-docek-anketa--300x234.png 300w\" data-sizes=\"(max-width: 640px) 100vw, 640px\" src=\"data:image\/svg+xml;base64,PHN2ZyB3aWR0aD0iMSIgaGVpZ2h0PSIxIiB4bWxucz0iaHR0cDovL3d3dy53My5vcmcvMjAwMC9zdmciPjwvc3ZnPg==\" style=\"--smush-placeholder-width: 640px; --smush-placeholder-aspect-ratio: 640\/500;\" \/><\/a><\/figure>\n<\/div>\n\n\n<iframe data-src=\"https:\/\/docs.google.com\/forms\/d\/e\/1FAIpQLSdTHGRUzjDmRfIBIQbr9lyGdnEqmcxOCILXjdKBmfYzgWc5ZA\/viewform?embedded=true\" width=\"640\" height=\"494\" frameborder=\"0\" marginheight=\"0\" marginwidth=\"0\" src=\"data:image\/svg+xml;base64,PHN2ZyB3aWR0aD0iMSIgaGVpZ2h0PSIxIiB4bWxucz0iaHR0cDovL3d3dy53My5vcmcvMjAwMC9zdmciPjwvc3ZnPg==\" class=\"lazyload\" data-load-mode=\"1\">Loading\u2026<\/iframe>\n\n\n\n<p><a href=\"https:\/\/budva.travel\/event-details\/34\" target=\"_blank\" rel=\"noreferrer noopener\">Organizator doceka<\/a> je TO Budva<\/p>\n\n\n\n<h5 class=\"wp-block-heading\">Kontakt<\/h5>\n\n\n\n<ul class=\"wp-block-list\">\n<li><a href=\"tel:+38267567134\">+382 33 402 814<\/a><\/li>\n\n\n\n<li><a href=\"mailto:info@budva.travel\">info@budva.travel<\/a><\/li>\n<\/ul>\n\n\n\n<p><\/p>\n\n\n\n<p><a href=\"https:\/\/www.fanfani.me\/sr\/auto-mape\/granicni-prelazi-crna-gora\/\">Provjerite stanje na granicama preko kamera.<\/a><\/p>\n","protected":false},"excerpt":{"rendered":"<p>Organizator doceka je TO Budva Kontakt Budva nova godina. Do\u010dek Nove godine Budva 2026 program. Budva nova godina 2026. Drone show, koncerti, predstave. Budva 2026: Sedam Dana Spektakla! Kompletan Novogodi\u0161nji Program i Izvo\u0111a\u010di Otkrijte kompletan novogodi\u0161nji program u Budvi za 2026. godinu! Saznajte ko nastupa svih 7 dana (24 sastava), detalje o Drone Show-u, cijenama &#8230; <a title=\"Do\u010dek Nove godine Budva 2026 Crna Gora\" class=\"read-more\" href=\"https:\/\/www.fanfani.me\/sr\/kulturna-desvanja\/januar\/docek-nove-godine-budva-crna-gora\/\" aria-label=\"Read more about Do\u010dek Nove godine Budva 2026 Crna Gora\">Read more<\/a><\/p>\n","protected":false},"author":1,"featured_media":16882,"parent":377,"menu_order":1,"comment_status":"closed","ping_status":"closed","template":"","meta":{"footnotes":""},"class_list":["post-166","page","type-page","status-publish","has-post-thumbnail"],"yoast_head":"<!-- This site is optimized with the Yoast SEO plugin v27.3 - https:\/\/yoast.com\/product\/yoast-seo-wordpress\/ -->\n<title>Budva Nova godina 2026, program | Do\u010dek Nove godine u Budvi<\/title>\n<meta name=\"description\" content=\"Budva Nova godina 2026. Do\u010dek Nove godine Budva 2025. ispred starog grada u Budvi. Bijelo Dugme, Aco Pejovi\u0107, Sergej \u0106etkovi\u0107,\" \/>\n<meta name=\"robots\" content=\"index, follow, max-snippet:-1, max-image-preview:large, max-video-preview:-1\" \/>\n<link rel=\"canonical\" href=\"https:\/\/www.fanfani.me\/sr\/kulturna-desvanja\/januar\/docek-nove-godine-budva-crna-gora\/\" \/>\n<meta property=\"og:locale\" content=\"sr_RS\" \/>\n<meta property=\"og:type\" content=\"article\" \/>\n<meta property=\"og:title\" content=\"Budva Nova godina 2026, program | Do\u010dek Nove godine u Budvi\" \/>\n<meta property=\"og:description\" content=\"Budva Nova godina 2026. Do\u010dek Nove godine Budva 2025. ispred starog grada u Budvi. Bijelo Dugme, Aco Pejovi\u0107, Sergej \u0106etkovi\u0107,\" \/>\n<meta property=\"og:url\" content=\"https:\/\/www.fanfani.me\/sr\/kulturna-desvanja\/januar\/docek-nove-godine-budva-crna-gora\/\" \/>\n<meta property=\"og:site_name\" content=\"Neda Fanfani\" \/>\n<meta property=\"article:publisher\" content=\"https:\/\/www.facebook.com\/Apartmani.Djenovici\/\" \/>\n<meta property=\"article:modified_time\" content=\"2026-01-01T14:53:48+00:00\" \/>\n<meta property=\"og:image\" content=\"https:\/\/www.fanfani.me\/wp-content\/uploads\/2025\/12\/budva-docek-nove-godine-program.jpg\" \/>\n\t<meta property=\"og:image:width\" content=\"1920\" \/>\n\t<meta property=\"og:image:height\" content=\"960\" \/>\n\t<meta property=\"og:image:type\" content=\"image\/jpeg\" \/>\n<meta name=\"twitter:card\" content=\"summary_large_image\" \/>\n<meta name=\"twitter:label1\" content=\"\u041f\u0440\u043e\u0446\u0435\u045a\u0435\u043d\u043e \u0432\u0440\u0435\u043c\u0435 \u0447\u0438\u0442\u0430\u045a\u0430\" \/>\n\t<meta name=\"twitter:data1\" content=\"6 \u043c\u0438\u043d\u0443\u0442\u0430\" \/>\n<script type=\"application\/ld+json\" class=\"yoast-schema-graph\">{\"@context\":\"https:\\\/\\\/schema.org\",\"@graph\":[{\"@type\":\"WebPage\",\"@id\":\"https:\\\/\\\/www.fanfani.me\\\/sr\\\/kulturna-desvanja\\\/januar\\\/docek-nove-godine-budva-crna-gora\\\/\",\"url\":\"https:\\\/\\\/www.fanfani.me\\\/sr\\\/kulturna-desvanja\\\/januar\\\/docek-nove-godine-budva-crna-gora\\\/\",\"name\":\"Budva Nova godina 2026, program | Do\u010dek Nove godine u Budvi\",\"isPartOf\":{\"@id\":\"https:\\\/\\\/www.fanfani.me\\\/sr\\\/#website\"},\"primaryImageOfPage\":{\"@id\":\"https:\\\/\\\/www.fanfani.me\\\/sr\\\/kulturna-desvanja\\\/januar\\\/docek-nove-godine-budva-crna-gora\\\/#primaryimage\"},\"image\":{\"@id\":\"https:\\\/\\\/www.fanfani.me\\\/sr\\\/kulturna-desvanja\\\/januar\\\/docek-nove-godine-budva-crna-gora\\\/#primaryimage\"},\"thumbnailUrl\":\"https:\\\/\\\/www.fanfani.me\\\/wp-content\\\/uploads\\\/2025\\\/12\\\/budva-docek-nove-godine-program.jpg\",\"datePublished\":\"2022-11-26T19:43:54+00:00\",\"dateModified\":\"2026-01-01T14:53:48+00:00\",\"description\":\"Budva Nova godina 2026. Do\u010dek Nove godine Budva 2025. ispred starog grada u Budvi. Bijelo Dugme, Aco Pejovi\u0107, Sergej \u0106etkovi\u0107,\",\"breadcrumb\":{\"@id\":\"https:\\\/\\\/www.fanfani.me\\\/sr\\\/kulturna-desvanja\\\/januar\\\/docek-nove-godine-budva-crna-gora\\\/#breadcrumb\"},\"inLanguage\":\"sr-RS\",\"potentialAction\":[{\"@type\":\"ReadAction\",\"target\":[\"https:\\\/\\\/www.fanfani.me\\\/sr\\\/kulturna-desvanja\\\/januar\\\/docek-nove-godine-budva-crna-gora\\\/\"]}]},{\"@type\":\"ImageObject\",\"inLanguage\":\"sr-RS\",\"@id\":\"https:\\\/\\\/www.fanfani.me\\\/sr\\\/kulturna-desvanja\\\/januar\\\/docek-nove-godine-budva-crna-gora\\\/#primaryimage\",\"url\":\"https:\\\/\\\/www.fanfani.me\\\/wp-content\\\/uploads\\\/2025\\\/12\\\/budva-docek-nove-godine-program.jpg\",\"contentUrl\":\"https:\\\/\\\/www.fanfani.me\\\/wp-content\\\/uploads\\\/2025\\\/12\\\/budva-docek-nove-godine-program.jpg\",\"width\":1920,\"height\":960},{\"@type\":\"BreadcrumbList\",\"@id\":\"https:\\\/\\\/www.fanfani.me\\\/sr\\\/kulturna-desvanja\\\/januar\\\/docek-nove-godine-budva-crna-gora\\\/#breadcrumb\",\"itemListElement\":[{\"@type\":\"ListItem\",\"position\":1,\"name\":\"\u041f\u043e\u0447\u0435\u0442\u043d\u0430\",\"item\":\"https:\\\/\\\/www.fanfani.me\\\/sr\\\/\"},{\"@type\":\"ListItem\",\"position\":2,\"name\":\"Kulturna desvanja\",\"item\":\"https:\\\/\\\/www.fanfani.me\\\/sr\\\/kulturna-desvanja\\\/\"},{\"@type\":\"ListItem\",\"position\":3,\"name\":\"Januar\",\"item\":\"https:\\\/\\\/www.fanfani.me\\\/sr\\\/kulturna-desvanja\\\/januar\\\/\"},{\"@type\":\"ListItem\",\"position\":4,\"name\":\"Budva Nova godina docek\"}]},{\"@type\":\"WebSite\",\"@id\":\"https:\\\/\\\/www.fanfani.me\\\/sr\\\/#website\",\"url\":\"https:\\\/\\\/www.fanfani.me\\\/sr\\\/\",\"name\":\"Neda Fanfani\",\"description\":\"Djenovi\u0107i\",\"publisher\":{\"@id\":\"https:\\\/\\\/www.fanfani.me\\\/sr\\\/#organization\"},\"potentialAction\":[{\"@type\":\"SearchAction\",\"target\":{\"@type\":\"EntryPoint\",\"urlTemplate\":\"https:\\\/\\\/www.fanfani.me\\\/sr\\\/?s={search_term_string}\"},\"query-input\":{\"@type\":\"PropertyValueSpecification\",\"valueRequired\":true,\"valueName\":\"search_term_string\"}}],\"inLanguage\":\"sr-RS\"},{\"@type\":\"Organization\",\"@id\":\"https:\\\/\\\/www.fanfani.me\\\/sr\\\/#organization\",\"name\":\"Apartmani Neda Fanfani Djenovici\",\"url\":\"https:\\\/\\\/www.fanfani.me\\\/sr\\\/\",\"logo\":{\"@type\":\"ImageObject\",\"inLanguage\":\"sr-RS\",\"@id\":\"https:\\\/\\\/www.fanfani.me\\\/sr\\\/#\\\/schema\\\/logo\\\/image\\\/\",\"url\":\"https:\\\/\\\/www.fanfani.me\\\/wp-content\\\/uploads\\\/2020\\\/04\\\/apartmani-neda-fanfani-djenovici-1024x216-1.png\",\"contentUrl\":\"https:\\\/\\\/www.fanfani.me\\\/wp-content\\\/uploads\\\/2020\\\/04\\\/apartmani-neda-fanfani-djenovici-1024x216-1.png\",\"width\":1024,\"height\":216,\"caption\":\"Apartmani Neda Fanfani Djenovici\"},\"image\":{\"@id\":\"https:\\\/\\\/www.fanfani.me\\\/sr\\\/#\\\/schema\\\/logo\\\/image\\\/\"},\"sameAs\":[\"https:\\\/\\\/www.facebook.com\\\/Apartmani.Djenovici\\\/\",\"https:\\\/\\\/www.youtube.com\\\/user\\\/FanfaniDjenovici\"]}]}<\/script>\n<!-- \/ Yoast SEO plugin. -->","yoast_head_json":{"title":"Budva Nova godina 2026, program | Do\u010dek Nove godine u Budvi","description":"Budva Nova godina 2026. Do\u010dek Nove godine Budva 2025. ispred starog grada u Budvi. Bijelo Dugme, Aco Pejovi\u0107, Sergej \u0106etkovi\u0107,","robots":{"index":"index","follow":"follow","max-snippet":"max-snippet:-1","max-image-preview":"max-image-preview:large","max-video-preview":"max-video-preview:-1"},"canonical":"https:\/\/www.fanfani.me\/sr\/kulturna-desvanja\/januar\/docek-nove-godine-budva-crna-gora\/","og_locale":"sr_RS","og_type":"article","og_title":"Budva Nova godina 2026, program | Do\u010dek Nove godine u Budvi","og_description":"Budva Nova godina 2026. Do\u010dek Nove godine Budva 2025. ispred starog grada u Budvi. Bijelo Dugme, Aco Pejovi\u0107, Sergej \u0106etkovi\u0107,","og_url":"https:\/\/www.fanfani.me\/sr\/kulturna-desvanja\/januar\/docek-nove-godine-budva-crna-gora\/","og_site_name":"Neda Fanfani","article_publisher":"https:\/\/www.facebook.com\/Apartmani.Djenovici\/","article_modified_time":"2026-01-01T14:53:48+00:00","og_image":[{"width":1920,"height":960,"url":"https:\/\/www.fanfani.me\/wp-content\/uploads\/2025\/12\/budva-docek-nove-godine-program.jpg","type":"image\/jpeg"}],"twitter_card":"summary_large_image","twitter_misc":{"\u041f\u0440\u043e\u0446\u0435\u045a\u0435\u043d\u043e \u0432\u0440\u0435\u043c\u0435 \u0447\u0438\u0442\u0430\u045a\u0430":"6 \u043c\u0438\u043d\u0443\u0442\u0430"},"schema":{"@context":"https:\/\/schema.org","@graph":[{"@type":"WebPage","@id":"https:\/\/www.fanfani.me\/sr\/kulturna-desvanja\/januar\/docek-nove-godine-budva-crna-gora\/","url":"https:\/\/www.fanfani.me\/sr\/kulturna-desvanja\/januar\/docek-nove-godine-budva-crna-gora\/","name":"Budva Nova godina 2026, program | Do\u010dek Nove godine u Budvi","isPartOf":{"@id":"https:\/\/www.fanfani.me\/sr\/#website"},"primaryImageOfPage":{"@id":"https:\/\/www.fanfani.me\/sr\/kulturna-desvanja\/januar\/docek-nove-godine-budva-crna-gora\/#primaryimage"},"image":{"@id":"https:\/\/www.fanfani.me\/sr\/kulturna-desvanja\/januar\/docek-nove-godine-budva-crna-gora\/#primaryimage"},"thumbnailUrl":"https:\/\/www.fanfani.me\/wp-content\/uploads\/2025\/12\/budva-docek-nove-godine-program.jpg","datePublished":"2022-11-26T19:43:54+00:00","dateModified":"2026-01-01T14:53:48+00:00","description":"Budva Nova godina 2026. Do\u010dek Nove godine Budva 2025. ispred starog grada u Budvi. Bijelo Dugme, Aco Pejovi\u0107, Sergej \u0106etkovi\u0107,","breadcrumb":{"@id":"https:\/\/www.fanfani.me\/sr\/kulturna-desvanja\/januar\/docek-nove-godine-budva-crna-gora\/#breadcrumb"},"inLanguage":"sr-RS","potentialAction":[{"@type":"ReadAction","target":["https:\/\/www.fanfani.me\/sr\/kulturna-desvanja\/januar\/docek-nove-godine-budva-crna-gora\/"]}]},{"@type":"ImageObject","inLanguage":"sr-RS","@id":"https:\/\/www.fanfani.me\/sr\/kulturna-desvanja\/januar\/docek-nove-godine-budva-crna-gora\/#primaryimage","url":"https:\/\/www.fanfani.me\/wp-content\/uploads\/2025\/12\/budva-docek-nove-godine-program.jpg","contentUrl":"https:\/\/www.fanfani.me\/wp-content\/uploads\/2025\/12\/budva-docek-nove-godine-program.jpg","width":1920,"height":960},{"@type":"BreadcrumbList","@id":"https:\/\/www.fanfani.me\/sr\/kulturna-desvanja\/januar\/docek-nove-godine-budva-crna-gora\/#breadcrumb","itemListElement":[{"@type":"ListItem","position":1,"name":"\u041f\u043e\u0447\u0435\u0442\u043d\u0430","item":"https:\/\/www.fanfani.me\/sr\/"},{"@type":"ListItem","position":2,"name":"Kulturna desvanja","item":"https:\/\/www.fanfani.me\/sr\/kulturna-desvanja\/"},{"@type":"ListItem","position":3,"name":"Januar","item":"https:\/\/www.fanfani.me\/sr\/kulturna-desvanja\/januar\/"},{"@type":"ListItem","position":4,"name":"Budva Nova godina docek"}]},{"@type":"WebSite","@id":"https:\/\/www.fanfani.me\/sr\/#website","url":"https:\/\/www.fanfani.me\/sr\/","name":"Neda Fanfani","description":"Djenovi\u0107i","publisher":{"@id":"https:\/\/www.fanfani.me\/sr\/#organization"},"potentialAction":[{"@type":"SearchAction","target":{"@type":"EntryPoint","urlTemplate":"https:\/\/www.fanfani.me\/sr\/?s={search_term_string}"},"query-input":{"@type":"PropertyValueSpecification","valueRequired":true,"valueName":"search_term_string"}}],"inLanguage":"sr-RS"},{"@type":"Organization","@id":"https:\/\/www.fanfani.me\/sr\/#organization","name":"Apartmani Neda Fanfani Djenovici","url":"https:\/\/www.fanfani.me\/sr\/","logo":{"@type":"ImageObject","inLanguage":"sr-RS","@id":"https:\/\/www.fanfani.me\/sr\/#\/schema\/logo\/image\/","url":"https:\/\/www.fanfani.me\/wp-content\/uploads\/2020\/04\/apartmani-neda-fanfani-djenovici-1024x216-1.png","contentUrl":"https:\/\/www.fanfani.me\/wp-content\/uploads\/2020\/04\/apartmani-neda-fanfani-djenovici-1024x216-1.png","width":1024,"height":216,"caption":"Apartmani Neda Fanfani Djenovici"},"image":{"@id":"https:\/\/www.fanfani.me\/sr\/#\/schema\/logo\/image\/"},"sameAs":["https:\/\/www.facebook.com\/Apartmani.Djenovici\/","https:\/\/www.youtube.com\/user\/FanfaniDjenovici"]}]}},"_links":{"self":[{"href":"https:\/\/www.fanfani.me\/sr\/wp-json\/wp\/v2\/pages\/166","targetHints":{"allow":["GET"]}}],"collection":[{"href":"https:\/\/www.fanfani.me\/sr\/wp-json\/wp\/v2\/pages"}],"about":[{"href":"https:\/\/www.fanfani.me\/sr\/wp-json\/wp\/v2\/types\/page"}],"author":[{"embeddable":true,"href":"https:\/\/www.fanfani.me\/sr\/wp-json\/wp\/v2\/users\/1"}],"replies":[{"embeddable":true,"href":"https:\/\/www.fanfani.me\/sr\/wp-json\/wp\/v2\/comments?post=166"}],"version-history":[{"count":33,"href":"https:\/\/www.fanfani.me\/sr\/wp-json\/wp\/v2\/pages\/166\/revisions"}],"predecessor-version":[{"id":16911,"href":"https:\/\/www.fanfani.me\/sr\/wp-json\/wp\/v2\/pages\/166\/revisions\/16911"}],"up":[{"embeddable":true,"href":"https:\/\/www.fanfani.me\/sr\/wp-json\/wp\/v2\/pages\/377"}],"wp:featuredmedia":[{"embeddable":true,"href":"https:\/\/www.fanfani.me\/sr\/wp-json\/wp\/v2\/media\/16882"}],"wp:attachment":[{"href":"https:\/\/www.fanfani.me\/sr\/wp-json\/wp\/v2\/media?parent=166"}],"curies":[{"name":"wp","href":"https:\/\/api.w.org\/{rel}","templated":true}]}}