{"id":2493,"date":"2019-12-28T11:38:14","date_gmt":"2019-12-28T11:38:14","guid":{"rendered":"https:\/\/www.fanfani.me\/?page_id=2493"},"modified":"2026-01-01T14:56:32","modified_gmt":"2026-01-01T14:56:32","slug":"docek-nove-godine-kotor","status":"publish","type":"page","link":"https:\/\/www.fanfani.me\/sr\/kulturna-desvanja\/januar\/docek-nove-godine-kotor\/","title":{"rendered":"Do\u010dek Nove godine Kotor"},"content":{"rendered":"\n<h1 class=\"wp-block-heading\">Do\u010dek Nove godine Kotor 2026. Program. Koncert za do\u010dek Nove godine kroz stari grad i koncerti u Decembru i Januaru.<\/h1>\n\n\n<div class=\"wp-block-image\">\n<figure class=\"aligncenter size-full\"><a href=\"https:\/\/www.fanfani.me\/wp-content\/uploads\/2024\/11\/kotor-docek-nove-godine-zabranjeno-pusenje-program.jpg\"><img decoding=\"async\" width=\"1024\" height=\"768\" data-src=\"https:\/\/www.fanfani.me\/wp-content\/uploads\/2024\/11\/kotor-docek-nove-godine-zabranjeno-pusenje-program.jpg\" alt=\"kotor docek nove godine\" class=\"wp-image-15469 lazyload\" data-srcset=\"https:\/\/www.fanfani.me\/wp-content\/uploads\/2024\/11\/kotor-docek-nove-godine-zabranjeno-pusenje-program.jpg 1024w, https:\/\/www.fanfani.me\/wp-content\/uploads\/2024\/11\/kotor-docek-nove-godine-zabranjeno-pusenje-program-300x225.jpg 300w, https:\/\/www.fanfani.me\/wp-content\/uploads\/2024\/11\/kotor-docek-nove-godine-zabranjeno-pusenje-program-768x576.jpg 768w\" data-sizes=\"(max-width: 1024px) 100vw, 1024px\" src=\"data:image\/svg+xml;base64,PHN2ZyB3aWR0aD0iMSIgaGVpZ2h0PSIxIiB4bWxucz0iaHR0cDovL3d3dy53My5vcmcvMjAwMC9zdmciPjwvc3ZnPg==\" style=\"--smush-placeholder-width: 1024px; --smush-placeholder-aspect-ratio: 1024\/768;\" \/><\/a><figcaption class=\"wp-element-caption\">foto: TO Kotor\/Photo by Ranko Mara\u0161<\/figcaption><\/figure>\n<\/div>\n\n\n<h2 class=\"wp-block-heading\">Parni Valjak za docek Nove u Kotor<\/h2>\n\n\n\n<figure class=\"wp-block-table\"><table class=\"has-fixed-layout\"><thead><tr><th>Datum<\/th><th>Izvo\u0111a\u010d(i)<\/th><th>Doga\u0111aj<\/th><\/tr><\/thead><tbody><tr><td>29. novembar<\/td><td>Fedde Le Grand<\/td><td>Otvaranje festivala<\/td><\/tr><tr><td>30. decembar (12h)<\/td><td>SPD \u201cJedinstvo\u201d, Djeda Mraz i vilenjaci<\/td><td>Dje\u010dija Nova godina<\/td><\/tr><tr><td>30. decembar (21h)<\/td><td>Orkestar Aleksandra Sofronijevi\u0107a &amp; Stela Rade<\/td><td>Koncert<\/td><\/tr><tr><td>31. decembar<\/td><td>Ansambl To\u0107, Parni Valjak<\/td><td>Do\u010dek Nove godine<\/td><\/tr><tr><td>1. januar<\/td><td>Jakov Jozinovi\u0107, Marija \u0160erifovi\u0107<\/td><td>Repriza do\u010deka<\/td><\/tr><tr><td>31. januar<\/td><td>Kurd Maverick<\/td><td>Zatvaranje festivala<\/td><\/tr><\/tbody><\/table><\/figure>\n\n\n\n<figure class=\"wp-block-embed is-type-video is-provider-youtube wp-block-embed-youtube wp-embed-aspect-9-16 wp-has-aspect-ratio\"><div class=\"wp-block-embed__wrapper\">\n<iframe title=\"New year\u2019s light Old Town Kotor #montenegro #drone #kotor #christmas #newyear #dji #christmaslights\" width=\"563\" height=\"1000\" data-src=\"https:\/\/www.youtube.com\/embed\/XWg9nZoMOYo?feature=oembed\" frameborder=\"0\" allow=\"accelerometer; autoplay; clipboard-write; encrypted-media; gyroscope; picture-in-picture; web-share\" referrerpolicy=\"strict-origin-when-cross-origin\" allowfullscreen src=\"data:image\/svg+xml;base64,PHN2ZyB3aWR0aD0iMSIgaGVpZ2h0PSIxIiB4bWxucz0iaHR0cDovL3d3dy53My5vcmcvMjAwMC9zdmciPjwvc3ZnPg==\" class=\"lazyload\" data-load-mode=\"1\"><\/iframe>\n<\/div><\/figure>\n\n\n\n<script type=\"application\/ld+json\">\n{\n  \"@context\": \"https:\/\/schema.org\",\n  \"@type\": \"Event\",\n  \"name\": \"Kotor New Year's Festival 2025\/2026\",\n  \"startDate\": \"2025-11-29\",\n  \"endDate\": \"2026-01-31\",\n  \"eventStatus\": \"https:\/\/schema.org\/EventScheduled\",\n  \"eventAttendanceMode\": \"https:\/\/schema.org\/OfflineEventAttendanceMode\",\n  \"location\": {\n    \"@type\": \"Place\",\n    \"name\": \"Trg od Oru\u017eja (Square of the Arms)\",\n    \"address\": {\n      \"@type\": \"PostalAddress\",\n      \"streetAddress\": \"Trg od Oru\u017eja\",\n      \"addressLocality\": \"Kotor\",\n      \"addressRegion\": \"Boka Kotorska\",\n      \"addressCountry\": \"ME\"\n    }\n  },\n  \"description\": \"A festive program spanning November to January in Kotor, taking place on Trg od Oru\u017eja in the Old Town. Key events include the Festival Opening on November 29th with Fedde Le Grand, the New Year's Eve concert on December 31st featuring Ansambl To\u0107 and Parni Valjak, and the New Year's Day encore on January 1st with Jakov Jozinovi\u0107 and Marija \u0160erifovi\u0107. The festival concludes on January 31st with Kurd Maverick.\",\n  \"image\": [\n    \"https:\/\/www.fanfani.me\/wp-content\/uploads\/2025\/11\/kotor-docek-nove-godine-stari-grad.png\"\n  ],\n  \"organizer\": {\n    \"@type\": \"Organization\",\n    \"name\": \"Turisti\u010dka organizacija Kotor\",\n    \"url\": \"https:\/\/kotor.travel\/\"\n  },\n  \"performer\": [\n    {\n      \"@type\": \"MusicGroup\",\n      \"name\": \"Fedde Le Grand\"\n    },\n    {\n      \"@type\": \"MusicGroup\",\n      \"name\": \"Orkestar Aleksandra Sofronijevi\u0107a & Stela Rade\"\n    },\n    {\n      \"@type\": \"MusicGroup\",\n      \"name\": \"Ansambl To\u0107\"\n    },\n    {\n      \"@type\": \"MusicGroup\",\n      \"name\": \"Parni Valjak\"\n    },\n    {\n      \"@type\": \"MusicGroup\",\n      \"name\": \"Marija \u0160erifovi\u0107\"\n    },\n    {\n      \"@type\": \"MusicGroup\",\n      \"name\": \"Jakov Jozinovi\u0107\"\n    },\n    {\n      \"@type\": \"MusicGroup\",\n      \"name\": \"Kurd Maverick\"\n    }\n  ],\n  \"subEvent\": [\n    {\n      \"@type\": \"Event\",\n      \"name\": \"Do\u010dek Nove Godine (New Year's Eve Celebration)\",\n      \"startDate\": \"2025-12-31T21:00:00\",\n      \"location\": {\n        \"@type\": \"Place\",\n        \"name\": \"Trg od Oru\u017eja (Square of the Arms)\",\n        \"address\": {\n          \"@type\": \"PostalAddress\",\n          \"streetAddress\": \"Trg od Oru\u017eja\",\n          \"addressLocality\": \"Kotor\",\n          \"addressRegion\": \"Boka Kotorska\",\n          \"addressCountry\": \"ME\"\n        }\n      },\n      \"performer\": [\n        {\n          \"@type\": \"MusicGroup\",\n          \"name\": \"Ansambl To\u0107\"\n        },\n        {\n          \"@type\": \"MusicGroup\",\n          \"name\": \"Parni Valjak\"\n        }\n      ]\n    },\n    {\n      \"@type\": \"Event\",\n      \"name\": \"Repriza Do\u010deka (New Year's Day Encore)\",\n      \"startDate\": \"2026-01-01T21:00:00\",\n      \"location\": {\n        \"@type\": \"Place\",\n        \"name\": \"Trg od Oru\u017eja (Square of the Arms)\",\n        \"address\": {\n          \"@type\": \"PostalAddress\",\n          \"streetAddress\": \"Trg od Oru\u017eja\",\n          \"addressLocality\": \"Kotor\",\n          \"addressRegion\": \"Boka Kotorska\",\n          \"addressCountry\": \"ME\"\n        }\n      },\n      \"performer\": [\n        {\n          \"@type\": \"MusicGroup\",\n          \"name\": \"Jakov Jozinovi\u0107\"\n        },\n        {\n          \"@type\": \"MusicGroup\",\n          \"name\": \"Marija \u0160erifovi\u0107\"\n        }\n      ]\n    }\n  ],\n  \"offers\": {\n    \"@type\": \"Offer\",\n    \"price\": \"0\",\n    \"priceCurrency\": \"EUR\",\n    \"availability\": \"https:\/\/schema.org\/InStock\",\n    \"url\": \"https:\/\/www.fanfani.me\/sr\/kulturna-desvanja\/januar\/docek-nove-godine-kotor\/\"\n  }\n}\n<\/script>\n\n\n\n<h2 class=\"wp-block-heading\">Vremenska progonoza Kotor za Novu Godinu<\/h2>\n\n\n\n<p>Kakvo ce biti vrijeme u Kotoru za docek nove godine i koncerte?<\/p>\n\n\n\n<a class=\"weatherwidget-io\" href=\"https:\/\/forecast7.com\/sr\/42d4218d77\/kotor\/\" data-label_1=\"KOTOR\" data-label_2=\"Vremenska prognoza za Docek Nove godine\" data-icons=\"Climacons Animated\" data-theme=\"original\">KOTOR WEATHER<\/a>\n<script>\n!function(d,s,id){var js,fjs=d.getElementsByTagName(s)[0];if(!d.getElementById(id)){js=d.createElement(s);js.id=id;js.src='https:\/\/weatherwidget.io\/js\/widget.min.js';fjs.parentNode.insertBefore(js,fjs);}}(document,'script','weatherwidget-io-js');\n<\/script>\n\n\n\n<h3 class=\"wp-block-heading\"><strong>Novembar 2025<\/strong><\/h3>\n\n\n\n<p><strong>29. novembar<\/strong><\/p>\n\n\n\n<ul class=\"wp-block-list\">\n<li><strong>Fedde Le Grand<\/strong> \u2013 sve\u010dano otvaranje festivala i paljenje novogodi\u0161nje rasvjete<\/li>\n<\/ul>\n\n\n\n<hr class=\"wp-block-separator has-alpha-channel-opacity\"\/>\n\n\n\n<h3 class=\"wp-block-heading\"><strong>\ud83d\udcc5 Decembar 2025<\/strong><\/h3>\n\n\n\n<p><strong>30. decembar<\/strong><\/p>\n\n\n\n<ul class=\"wp-block-list\">\n<li><strong>Dje\u010dija Nova godina<\/strong> (u podne) \u2013 hor <strong>SPD \u201cJedinstvo\u201d<\/strong>, Djeda Mraz, vilenjaci<\/li>\n\n\n\n<li><strong>21:00<\/strong> \u2013 <strong>Orkestar Aleksandra Sofronijevi\u0107a &amp; Stela Rade<\/strong><\/li>\n<\/ul>\n\n\n\n<p><strong>31. decembar (do\u010dek Nove 2025. godine)<\/strong><\/p>\n\n\n\n<ul class=\"wp-block-list\">\n<li><strong>Ansambl To\u0107<\/strong> \u2013 uvodni nastup<\/li>\n\n\n\n<li><strong>Parni Valjak<\/strong> \u2013 glavni koncert za do\u010dek<\/li>\n<\/ul>\n\n\n\n<hr class=\"wp-block-separator has-alpha-channel-opacity\"\/>\n\n\n\n<h3 class=\"wp-block-heading\"><strong>\ud83d\udcc5 Januar 2026<\/strong><\/h3>\n\n\n\n<p><strong>1. januar (repriza do\u010deka)<\/strong><\/p>\n\n\n\n<ul class=\"wp-block-list\">\n<li><strong>Jakov Jozinovi\u0107<\/strong><\/li>\n\n\n\n<li><strong>Marija \u0160erifovi\u0107<\/strong><\/li>\n<\/ul>\n\n\n\n<p><em>(Ostali izvo\u0111a\u010di kao \u0161to su Edo Maajka, Leon Lasi\u0107, Emil Fetahovi\u0107 (u ulozi Zdravka \u010coli\u0107a), Bane Nedovi\u0107, Jelena Zvicer itd. nisu dobili precizne datume \u2013 o\u010dekuju se tokom trajanja festivala od decembra do januara.)<\/em><\/p>\n\n\n\n<p><strong>31. januar<\/strong><\/p>\n\n\n\n<ul class=\"wp-block-list\">\n<li><strong>Kurd Maverick<\/strong> \u2013 zatvaranje festivala<\/li>\n<\/ul>\n\n\n\n<p><\/p>\n\n\n\n<p><\/p>\n\n\n\n<p><\/p>\n\n\n\n<h2 class=\"wp-block-heading\"><\/h2>\n\n\n\n<p><\/p>\n\n\n<div class=\"wp-block-image\">\n<figure class=\"aligncenter size-large\"><img decoding=\"async\" width=\"1024\" height=\"768\" data-src=\"https:\/\/www.fanfani.me\/wp-content\/uploads\/2024\/01\/kotordoceknovegodinevatromet-koncert-stari-grad-1024x768.jpg\" alt=\"kotor soxzk nove godine vatromet i koncerti\" class=\"wp-image-14245 lazyload\" data-srcset=\"https:\/\/www.fanfani.me\/wp-content\/uploads\/2024\/01\/kotordoceknovegodinevatromet-koncert-stari-grad-1024x768.jpg 1024w, https:\/\/www.fanfani.me\/wp-content\/uploads\/2024\/01\/kotordoceknovegodinevatromet-koncert-stari-grad-300x225.jpg 300w, https:\/\/www.fanfani.me\/wp-content\/uploads\/2024\/01\/kotordoceknovegodinevatromet-koncert-stari-grad-768x576.jpg 768w, https:\/\/www.fanfani.me\/wp-content\/uploads\/2024\/01\/kotordoceknovegodinevatromet-koncert-stari-grad-1536x1152.jpg 1536w, https:\/\/www.fanfani.me\/wp-content\/uploads\/2024\/01\/kotordoceknovegodinevatromet-koncert-stari-grad.jpg 2048w\" data-sizes=\"(max-width: 1024px) 100vw, 1024px\" src=\"data:image\/svg+xml;base64,PHN2ZyB3aWR0aD0iMSIgaGVpZ2h0PSIxIiB4bWxucz0iaHR0cDovL3d3dy53My5vcmcvMjAwMC9zdmciPjwvc3ZnPg==\" style=\"--smush-placeholder-width: 1024px; --smush-placeholder-aspect-ratio: 1024\/768;\" \/><figcaption class=\"wp-element-caption\">Kotor 2024 &#8211; foto: TO Kotor\/Photo by Ranko Mara\u0161<\/figcaption><\/figure>\n<\/div>\n\n\n<h3 class=\"has-base-3-color has-text-color has-background\" style=\"background-color:#cdc02f\">Ljubitelji Zabave i kulture na otvorenom od 17.2 u Herceg Novom se odr\u017eava Praznik Mimoze. Pozori\u0161ne predstave, maskenbali, besplatni koncerti. Pogledajte program <a href=\"https:\/\/www.fanfani.me\/sr\/kulturna-desvanja\/februar\/dani-mimoze-program-2\/\">Dani Mimoze 2025 Program<\/a><\/h3>\n\n\n\n<h2 class=\"wp-block-heading\">Obavezno posjetite muzeje u Kotoru, Risnu i Perastu. <\/h2>\n\n\n\n<p>Tamo kupite i originalne suvenire grada Kotora, kao npr majice, knjige o Boki  i istoriji. Prelijepi su i istorija Boke je veoma zanimljiva. <\/p>\n\n\n\n<ul class=\"wp-block-list\">\n<li><a href=\"https:\/\/muzejikotor.me\/ulaznice\/\">Muzeji Kotor<\/a><\/li>\n\n\n\n<li><a href=\"https:\/\/www.museummaritimum.com\/\" target=\"_blank\" rel=\"noreferrer noopener\">Pomorski muzej Kotor<\/a>, <a href=\"https:\/\/www.facebook.com\/people\/Pomorski-muzej-Crne-Gore-Kotor-Maritime-museum-of-Montenegro-Kotor\/100082953958008\/?locale=gl_ES\" target=\"_blank\" rel=\"noreferrer noopener\">FB nalog<\/a><\/li>\n<\/ul>\n\n\n\n<figure class=\"wp-block-image size-large is-style-default\"><a href=\"https:\/\/www.fanfani.me\/wp-content\/uploads\/2023\/12\/bokesko-kolo-majica-kotor-boka-kotorska-suvenir-prodaja-1.jpg\"><img decoding=\"async\" width=\"2048\" height=\"1536\" data-src=\"https:\/\/www.fanfani.me\/wp-content\/uploads\/2023\/12\/bokesko-kolo-majica-kotor-boka-kotorska-suvenir-prodaja-1-edited.jpg\" alt=\"bokesko kolo majica suvenir kotora prodaja kotor pomorski muzej\" class=\"wp-image-14072 lazyload\" data-srcset=\"https:\/\/www.fanfani.me\/wp-content\/uploads\/2023\/12\/bokesko-kolo-majica-kotor-boka-kotorska-suvenir-prodaja-1-edited.jpg 2048w, https:\/\/www.fanfani.me\/wp-content\/uploads\/2023\/12\/bokesko-kolo-majica-kotor-boka-kotorska-suvenir-prodaja-1-edited-300x225.jpg 300w, https:\/\/www.fanfani.me\/wp-content\/uploads\/2023\/12\/bokesko-kolo-majica-kotor-boka-kotorska-suvenir-prodaja-1-edited-1024x768.jpg 1024w, https:\/\/www.fanfani.me\/wp-content\/uploads\/2023\/12\/bokesko-kolo-majica-kotor-boka-kotorska-suvenir-prodaja-1-edited-768x576.jpg 768w, https:\/\/www.fanfani.me\/wp-content\/uploads\/2023\/12\/bokesko-kolo-majica-kotor-boka-kotorska-suvenir-prodaja-1-edited-1536x1152.jpg 1536w\" data-sizes=\"(max-width: 2048px) 100vw, 2048px\" src=\"data:image\/svg+xml;base64,PHN2ZyB3aWR0aD0iMSIgaGVpZ2h0PSIxIiB4bWxucz0iaHR0cDovL3d3dy53My5vcmcvMjAwMC9zdmciPjwvc3ZnPg==\" style=\"--smush-placeholder-width: 2048px; --smush-placeholder-aspect-ratio: 2048\/1536;\" \/><\/a><\/figure>\n\n\n\n<script type=\"application\/ld+json\">\n{\n  \"@context\": \"https:\/\/schema.org\",\n  \"@type\": \"Event\",\n  \"name\": \"Docek Nove Godine Kotor - Zabranjeno pu\u0161enje 31.12.2024\",\n  \"description\": \"Docek Nove Godine u Kotoru na glavnom gradskom trgu sa Zabranjenim pu\u0161enjem od 21h. Trg od Oruzja.\",\n  \"image\": \"https:\/\/www.fanfani.me\/wp-content\/uploads\/2024\/11\/kotor-docek-nove-godine-zabranjeno-pusenje-program.jpg\",\n  \"startDate\": \"2024-12-31\",\n  \"endDate\": \"2025-01-01\",\n  \"eventStatus\": \"https:\/\/schema.org\/EventScheduled\",\n  \"eventAttendanceMode\": \"https:\/\/schema.org\/OnlineEventAttendanceMode\",\n  \"location\": {\n    \"@type\": \"VirtualLocation\",\n    \"url\": \"https:\/\/goo.gl\/maps\/xfu6o3yvFvNDRNzd9\"\n  },\n  \"performer\": {\n    \"@type\": \"PerformingGroup\",\n    \"name\": \"Zabranjeno pu\u0161enje\",\n\"sameAs\": \"http:\/\/www.zabranjeno-pusenje.com\/home\/\"\n  },\n  \"offers\": {\n    \"@type\": \"Offer\",\n    \"name\": \"Free\",\n    \"price\": \"0\",\n    \"priceCurrency\": \"EUR\",\n    \"validFrom\": \"2022-11-25\",\n    \"url\": \"https:\/\/www.fanfani.me\/sr\/kulturna-desvanja\/januar\/docek-nove-godine-kotor\/\",\n    \"availability\": \"https:\/\/schema.org\/InStock\"\n  },\n  \"organizer\": {\n        \"@type\": \"Organization\",\n        \"name\": \"TO Kotor\",\n        \"url\": \"https:\/\/kotor.travel\/\"\n      }\n}\n<\/script>\n\n\n\n<h2 class=\"wp-block-heading\">Servisne informacije i vijesti iz Kotora<\/h2>\n\n\n\n<p>Lokalni javni emiter <a href=\"https:\/\/radiokotor.info\/\" target=\"_blank\" rel=\"noreferrer noopener\">Radio Kotor<\/a><br>Stari grad 320, 85330 Kotor<br><\/p>\n\n\n\n<div class=\"wp-block-media-text is-stacked-on-mobile\"><figure class=\"wp-block-media-text__media\"><img decoding=\"async\" width=\"1024\" height=\"1024\" data-src=\"https:\/\/www.fanfani.me\/wp-content\/uploads\/2023\/12\/kotor-muzeji-poklon-majice-knjige-vino-bojanke-za-decu-torbe-1024x1024.jpg\" alt=\"kotor muzej ima program suvenira majici, knjiga o Boki, istorije, vina, knjiga za djecu i bojanki sa soljama.\" class=\"wp-image-14140 size-full lazyload\" data-srcset=\"https:\/\/www.fanfani.me\/wp-content\/uploads\/2023\/12\/kotor-muzeji-poklon-majice-knjige-vino-bojanke-za-decu-torbe-1024x1024.jpg 1024w, https:\/\/www.fanfani.me\/wp-content\/uploads\/2023\/12\/kotor-muzeji-poklon-majice-knjige-vino-bojanke-za-decu-torbe-300x300.jpg 300w, https:\/\/www.fanfani.me\/wp-content\/uploads\/2023\/12\/kotor-muzeji-poklon-majice-knjige-vino-bojanke-za-decu-torbe-150x150.jpg 150w, https:\/\/www.fanfani.me\/wp-content\/uploads\/2023\/12\/kotor-muzeji-poklon-majice-knjige-vino-bojanke-za-decu-torbe-768x768.jpg 768w, https:\/\/www.fanfani.me\/wp-content\/uploads\/2023\/12\/kotor-muzeji-poklon-majice-knjige-vino-bojanke-za-decu-torbe-1536x1536.jpg 1536w, https:\/\/www.fanfani.me\/wp-content\/uploads\/2023\/12\/kotor-muzeji-poklon-majice-knjige-vino-bojanke-za-decu-torbe.jpg 2048w\" data-sizes=\"(max-width: 1024px) 100vw, 1024px\" src=\"data:image\/svg+xml;base64,PHN2ZyB3aWR0aD0iMSIgaGVpZ2h0PSIxIiB4bWxucz0iaHR0cDovL3d3dy53My5vcmcvMjAwMC9zdmciPjwvc3ZnPg==\" style=\"--smush-placeholder-width: 1024px; --smush-placeholder-aspect-ratio: 1024\/1024;\" \/><\/figure><div class=\"wp-block-media-text__content\">\n<p>Prazni\u010dna ponuda Kotorski \u201eMuzeji\u201d<\/p>\n\n\n\n<p class=\"has-small-font-size\">Kotorski \u201eMuzeji\u201d vam nude<br>dobre ideje za novogodi\u0161nje darivanje!<br>Prazni\u010dnu ponudu mo\u017eete pogledati u direkciji \u201eMuzeja\u201d na adresi Stari grad 309 (izme\u0111u apside katedrale i \u0160kaljarske pjace) svakog radnog dana od 7 do 15 sati.<\/p>\n\n\n\n<p class=\"has-small-font-size\">+382 32 302 540<br>info@muzejikotor.me<br><a href=\"https:\/\/muzejikotor.me\/\" target=\"_blank\" rel=\"noreferrer noopener\">muzejikotor.me<\/a><\/p>\n<\/div><\/div>\n\n\n\n<iframe data-src=\"https:\/\/www.facebook.com\/plugins\/video.php?height=314&#038;href=https%3A%2F%2Fwww.facebook.com%2Freel%2F777084697517767%2F&#038;show_text=true&#038;width=560&#038;t=0\" width=\"100%\" height=\"429\" style=\"border:none;overflow:hidden\" scrolling=\"no\" frameborder=\"0\" allowfullscreen=\"true\" allow=\"autoplay; clipboard-write; encrypted-media; picture-in-picture; web-share\" allowFullScreen=\"true\" src=\"data:image\/svg+xml;base64,PHN2ZyB3aWR0aD0iMSIgaGVpZ2h0PSIxIiB4bWxucz0iaHR0cDovL3d3dy53My5vcmcvMjAwMC9zdmciPjwvc3ZnPg==\" class=\"lazyload\" data-load-mode=\"1\"><\/iframe>\n\n\n\n<p><\/p>\n\n\n\n<figure class=\"wp-block-image size-large\"><a href=\"https:\/\/www.fanfani.me\/wp-content\/uploads\/2022\/12\/kotor-docek-nove-godine-program-2023.jpg\"><img decoding=\"async\" width=\"1024\" height=\"768\" data-src=\"https:\/\/www.fanfani.me\/wp-content\/uploads\/2022\/12\/kotor-docek-nove-godine-program-2023-1024x768.jpg\" alt=\"kotor za novu godinu je ukrasen i ceka zdravka colica\" class=\"wp-image-11725 lazyload\" data-srcset=\"https:\/\/www.fanfani.me\/wp-content\/uploads\/2022\/12\/kotor-docek-nove-godine-program-2023-1024x768.jpg 1024w, https:\/\/www.fanfani.me\/wp-content\/uploads\/2022\/12\/kotor-docek-nove-godine-program-2023-300x225.jpg 300w, https:\/\/www.fanfani.me\/wp-content\/uploads\/2022\/12\/kotor-docek-nove-godine-program-2023-768x576.jpg 768w, https:\/\/www.fanfani.me\/wp-content\/uploads\/2022\/12\/kotor-docek-nove-godine-program-2023-1536x1152.jpg 1536w, https:\/\/www.fanfani.me\/wp-content\/uploads\/2022\/12\/kotor-docek-nove-godine-program-2023.jpg 1600w\" data-sizes=\"(max-width: 1024px) 100vw, 1024px\" src=\"data:image\/svg+xml;base64,PHN2ZyB3aWR0aD0iMSIgaGVpZ2h0PSIxIiB4bWxucz0iaHR0cDovL3d3dy53My5vcmcvMjAwMC9zdmciPjwvc3ZnPg==\" style=\"--smush-placeholder-width: 1024px; --smush-placeholder-aspect-ratio: 1024\/768;\" \/><\/a><figcaption class=\"wp-element-caption\">Izvor slike\/ FB Turisti\u010dka organizacija Kotor<\/figcaption><\/figure>\n\n\n\n<p><\/p>\n\n\n\n<h2 class=\"wp-block-heading\">Spremite se na vrijeme za ovaj dogadjaj. Kako do\u0107i do Kotora? <\/h2>\n\n\n\n<ul class=\"wp-block-list\">\n<li>dodjite javnim prevozom \/ Informacije o polascima: <a href=\"tel:+38232325809\">+382 32 325 809<\/a>, <a href=\"https:\/\/www.autobuskastanicakotor.me\/\" target=\"_blank\" rel=\"noreferrer noopener\">https:\/\/www.autobuskastanicakotor.me\/<\/a><\/li>\n\n\n\n<li>Taksi koji \u0107ete sigurno \u010dekati dugo ili nema slobodnih vozila<br>https:\/\/euro-taxi-kotor.com\/<br>https:\/\/www.redtaxikotor.com\/<\/li>\n\n\n\n<li>parkirajte va\u0161 auto na predvidjenim mjestima. <\/li>\n\n\n\n<li>Iznajmite smje\u0161taj u Kotor ili okolo na no\u0107.<\/li>\n<\/ul>\n\n\n\n<h2 class=\"wp-block-heading\">Ako ste ipak za <a href=\"https:\/\/www.fanfani.me\/sr\/kulturna-desvanja\/januar\/docek-nove-godine-herceg-novi-program-satnica\/\">Cecu <\/a>.<\/h2>\n\n\n\n<p>A <a href=\"https:\/\/www.fanfani.me\/sr\/kulturna-desvanja\/januar\/tivat-nova-godina-docek\/\"> Zdravko \u010coli\u0107 u Tivtu<\/a> ostavio doma:<\/p>\n\n\n\n<div class=\"wp-block-media-text alignwide is-stacked-on-mobile\"><figure class=\"wp-block-media-text__media\"><img decoding=\"async\" width=\"422\" height=\"276\" data-src=\"https:\/\/www.fanfani.me\/wp-content\/uploads\/2022\/12\/kotor.jpg\" alt=\"sajt opstine kotor\" class=\"wp-image-11869 size-full lazyload\" data-srcset=\"https:\/\/www.fanfani.me\/wp-content\/uploads\/2022\/12\/kotor.jpg 422w, https:\/\/www.fanfani.me\/wp-content\/uploads\/2022\/12\/kotor-300x196.jpg 300w\" data-sizes=\"(max-width: 422px) 100vw, 422px\" src=\"data:image\/svg+xml;base64,PHN2ZyB3aWR0aD0iMSIgaGVpZ2h0PSIxIiB4bWxucz0iaHR0cDovL3d3dy53My5vcmcvMjAwMC9zdmciPjwvc3ZnPg==\" style=\"--smush-placeholder-width: 422px; --smush-placeholder-aspect-ratio: 422\/276;\" \/><\/figure><div class=\"wp-block-media-text__content\">\n<p>Za sve informacije o Kotoru vidite na sajtu <a href=\"https:\/\/www.kotor.me\/\" target=\"_blank\" rel=\"noreferrer noopener\">op\u0161tine Kotor<\/a><\/p>\n<\/div><\/div>\n\n\n\n<h2 class=\"wp-block-heading\">Kako \u0107e izgledati prvod u Kotoru za Novu kad ma\u010dke i psi kolo vode?<\/h2>\n\n\n\n<figure class=\"wp-block-image alignwide size-large\"><a href=\"https:\/\/www.fanfani.me\/wp-content\/uploads\/2024\/11\/nova-godina-kotor-macke-i-psi-stari-grad-pomirenje.jpg\"><img decoding=\"async\" width=\"1024\" height=\"585\" data-src=\"https:\/\/www.fanfani.me\/wp-content\/uploads\/2024\/11\/nova-godina-kotor-macke-i-psi-stari-grad-pomirenje-1024x585.jpg\" alt=\"kotor nova godina\" class=\"wp-image-15528 lazyload\" data-srcset=\"https:\/\/www.fanfani.me\/wp-content\/uploads\/2024\/11\/nova-godina-kotor-macke-i-psi-stari-grad-pomirenje-1024x585.jpg 1024w, https:\/\/www.fanfani.me\/wp-content\/uploads\/2024\/11\/nova-godina-kotor-macke-i-psi-stari-grad-pomirenje-300x171.jpg 300w, https:\/\/www.fanfani.me\/wp-content\/uploads\/2024\/11\/nova-godina-kotor-macke-i-psi-stari-grad-pomirenje-768x439.jpg 768w, https:\/\/www.fanfani.me\/wp-content\/uploads\/2024\/11\/nova-godina-kotor-macke-i-psi-stari-grad-pomirenje-1536x878.jpg 1536w, https:\/\/www.fanfani.me\/wp-content\/uploads\/2024\/11\/nova-godina-kotor-macke-i-psi-stari-grad-pomirenje.jpg 1792w\" data-sizes=\"(max-width: 1024px) 100vw, 1024px\" src=\"data:image\/svg+xml;base64,PHN2ZyB3aWR0aD0iMSIgaGVpZ2h0PSIxIiB4bWxucz0iaHR0cDovL3d3dy53My5vcmcvMjAwMC9zdmciPjwvc3ZnPg==\" style=\"--smush-placeholder-width: 1024px; --smush-placeholder-aspect-ratio: 1024\/585;\" \/><\/a><\/figure>\n\n\n\n<p>Slike su dijelo vje\u0161ta\u010dke inteligencije<\/p>\n\n\n\n<div class=\"wp-block-media-text is-stacked-on-mobile\"><figure class=\"wp-block-media-text__media\"><img decoding=\"async\" width=\"1024\" height=\"1024\" data-src=\"https:\/\/www.fanfani.me\/wp-content\/uploads\/2024\/11\/Designer69.jpeg\" alt=\"kotor stari grad ma\u010dke\" class=\"wp-image-15506 size-full lazyload\" data-srcset=\"https:\/\/www.fanfani.me\/wp-content\/uploads\/2024\/11\/Designer69.jpeg 1024w, https:\/\/www.fanfani.me\/wp-content\/uploads\/2024\/11\/Designer69-300x300.jpeg 300w, https:\/\/www.fanfani.me\/wp-content\/uploads\/2024\/11\/Designer69-150x150.jpeg 150w, https:\/\/www.fanfani.me\/wp-content\/uploads\/2024\/11\/Designer69-768x768.jpeg 768w\" data-sizes=\"(max-width: 1024px) 100vw, 1024px\" src=\"data:image\/svg+xml;base64,PHN2ZyB3aWR0aD0iMSIgaGVpZ2h0PSIxIiB4bWxucz0iaHR0cDovL3d3dy53My5vcmcvMjAwMC9zdmciPjwvc3ZnPg==\" style=\"--smush-placeholder-width: 1024px; --smush-placeholder-aspect-ratio: 1024\/1024;\" \/><\/figure><div class=\"wp-block-media-text__content\">\n<p>\u0160to je ovo? Opet ljeto i fure\u0161ti?<\/p>\n<\/div><\/div>\n\n\n\n<div class=\"wp-block-media-text has-media-on-the-right is-stacked-on-mobile\"><div class=\"wp-block-media-text__content\">\n<p> Karnevaaaal, Boke\u0161ka no\u0107????<\/p>\n<\/div><figure class=\"wp-block-media-text__media\"><img decoding=\"async\" width=\"1024\" height=\"1024\" data-src=\"https:\/\/www.fanfani.me\/wp-content\/uploads\/2024\/11\/Designer70-1.jpeg\" alt=\"kotor stari grad ma\u010dka na zidinama\" class=\"wp-image-15509 size-full lazyload\" data-srcset=\"https:\/\/www.fanfani.me\/wp-content\/uploads\/2024\/11\/Designer70-1.jpeg 1024w, https:\/\/www.fanfani.me\/wp-content\/uploads\/2024\/11\/Designer70-1-300x300.jpeg 300w, https:\/\/www.fanfani.me\/wp-content\/uploads\/2024\/11\/Designer70-1-150x150.jpeg 150w, https:\/\/www.fanfani.me\/wp-content\/uploads\/2024\/11\/Designer70-1-768x768.jpeg 768w\" data-sizes=\"(max-width: 1024px) 100vw, 1024px\" src=\"data:image\/svg+xml;base64,PHN2ZyB3aWR0aD0iMSIgaGVpZ2h0PSIxIiB4bWxucz0iaHR0cDovL3d3dy53My5vcmcvMjAwMC9zdmciPjwvc3ZnPg==\" style=\"--smush-placeholder-width: 1024px; --smush-placeholder-aspect-ratio: 1024\/1024;\" \/><\/figure><\/div>\n\n\n\n<div class=\"wp-block-media-text is-stacked-on-mobile\"><figure class=\"wp-block-media-text__media\"><img decoding=\"async\" width=\"1024\" height=\"1024\" data-src=\"https:\/\/www.fanfani.me\/wp-content\/uploads\/2024\/11\/Designer71.jpeg\" alt=\"ma\u010dke kotor\" class=\"wp-image-15512 size-full lazyload\" data-srcset=\"https:\/\/www.fanfani.me\/wp-content\/uploads\/2024\/11\/Designer71.jpeg 1024w, https:\/\/www.fanfani.me\/wp-content\/uploads\/2024\/11\/Designer71-300x300.jpeg 300w, https:\/\/www.fanfani.me\/wp-content\/uploads\/2024\/11\/Designer71-150x150.jpeg 150w, https:\/\/www.fanfani.me\/wp-content\/uploads\/2024\/11\/Designer71-768x768.jpeg 768w\" data-sizes=\"(max-width: 1024px) 100vw, 1024px\" src=\"data:image\/svg+xml;base64,PHN2ZyB3aWR0aD0iMSIgaGVpZ2h0PSIxIiB4bWxucz0iaHR0cDovL3d3dy53My5vcmcvMjAwMC9zdmciPjwvc3ZnPg==\" style=\"--smush-placeholder-width: 1024px; --smush-placeholder-aspect-ratio: 1024\/1024;\" \/><\/figure><div class=\"wp-block-media-text__content\">\n<p>Ajte doma<\/p>\n<\/div><\/div>\n\n\n\n<div class=\"wp-block-media-text has-media-on-the-right is-stacked-on-mobile\"><div class=\"wp-block-media-text__content\">\n<p>A ipak je lijepo i toplo<\/p>\n<\/div><figure class=\"wp-block-media-text__media\"><img decoding=\"async\" width=\"1024\" height=\"1024\" data-src=\"https:\/\/www.fanfani.me\/wp-content\/uploads\/2024\/11\/Designer72.jpeg\" alt=\"\" class=\"wp-image-15515 size-full lazyload\" data-srcset=\"https:\/\/www.fanfani.me\/wp-content\/uploads\/2024\/11\/Designer72.jpeg 1024w, https:\/\/www.fanfani.me\/wp-content\/uploads\/2024\/11\/Designer72-300x300.jpeg 300w, https:\/\/www.fanfani.me\/wp-content\/uploads\/2024\/11\/Designer72-150x150.jpeg 150w, https:\/\/www.fanfani.me\/wp-content\/uploads\/2024\/11\/Designer72-768x768.jpeg 768w\" data-sizes=\"(max-width: 1024px) 100vw, 1024px\" src=\"data:image\/svg+xml;base64,PHN2ZyB3aWR0aD0iMSIgaGVpZ2h0PSIxIiB4bWxucz0iaHR0cDovL3d3dy53My5vcmcvMjAwMC9zdmciPjwvc3ZnPg==\" style=\"--smush-placeholder-width: 1024px; --smush-placeholder-aspect-ratio: 1024\/1024;\" \/><\/figure><\/div>\n\n\n\n<div class=\"wp-block-media-text is-stacked-on-mobile\"><figure class=\"wp-block-media-text__media\"><img decoding=\"async\" width=\"1024\" height=\"585\" data-src=\"https:\/\/www.fanfani.me\/wp-content\/uploads\/2024\/11\/Designer73-1024x585.jpeg\" alt=\"\" class=\"wp-image-15518 size-full lazyload\" data-srcset=\"https:\/\/www.fanfani.me\/wp-content\/uploads\/2024\/11\/Designer73-1024x585.jpeg 1024w, https:\/\/www.fanfani.me\/wp-content\/uploads\/2024\/11\/Designer73-300x171.jpeg 300w, https:\/\/www.fanfani.me\/wp-content\/uploads\/2024\/11\/Designer73-768x439.jpeg 768w, https:\/\/www.fanfani.me\/wp-content\/uploads\/2024\/11\/Designer73-1536x878.jpeg 1536w, https:\/\/www.fanfani.me\/wp-content\/uploads\/2024\/11\/Designer73.jpeg 1792w\" data-sizes=\"(max-width: 1024px) 100vw, 1024px\" src=\"data:image\/svg+xml;base64,PHN2ZyB3aWR0aD0iMSIgaGVpZ2h0PSIxIiB4bWxucz0iaHR0cDovL3d3dy53My5vcmcvMjAwMC9zdmciPjwvc3ZnPg==\" style=\"--smush-placeholder-width: 1024px; --smush-placeholder-aspect-ratio: 1024\/585;\" \/><\/figure><div class=\"wp-block-media-text__content\">\n<p>Aoooo Aeeeee<\/p>\n<\/div><\/div>\n\n\n\n<div class=\"wp-block-media-text has-media-on-the-right is-stacked-on-mobile\"><div class=\"wp-block-media-text__content\">\n<p>\u0160to je? Dje je Zdravko \u010coli\u0107? Pono\u0107 je<\/p>\n<\/div><figure class=\"wp-block-media-text__media\"><img decoding=\"async\" width=\"1024\" height=\"585\" data-src=\"https:\/\/www.fanfani.me\/wp-content\/uploads\/2024\/11\/Designer74-1024x585.jpeg\" alt=\"zabranjeno pu\u0161enje kotor\" class=\"wp-image-15521 size-full lazyload\" data-srcset=\"https:\/\/www.fanfani.me\/wp-content\/uploads\/2024\/11\/Designer74-1024x585.jpeg 1024w, https:\/\/www.fanfani.me\/wp-content\/uploads\/2024\/11\/Designer74-300x171.jpeg 300w, https:\/\/www.fanfani.me\/wp-content\/uploads\/2024\/11\/Designer74-768x439.jpeg 768w, https:\/\/www.fanfani.me\/wp-content\/uploads\/2024\/11\/Designer74-1536x878.jpeg 1536w, https:\/\/www.fanfani.me\/wp-content\/uploads\/2024\/11\/Designer74.jpeg 1792w\" data-sizes=\"(max-width: 1024px) 100vw, 1024px\" src=\"data:image\/svg+xml;base64,PHN2ZyB3aWR0aD0iMSIgaGVpZ2h0PSIxIiB4bWxucz0iaHR0cDovL3d3dy53My5vcmcvMjAwMC9zdmciPjwvc3ZnPg==\" style=\"--smush-placeholder-width: 1024px; --smush-placeholder-aspect-ratio: 1024\/585;\" \/><\/figure><\/div>\n","protected":false},"excerpt":{"rendered":"<p>Do\u010dek Nove godine Kotor 2026. Program. Koncert za do\u010dek Nove godine kroz stari grad i koncerti u Decembru i Januaru. Parni Valjak za docek Nove u Kotor Datum Izvo\u0111a\u010d(i) Doga\u0111aj 29. novembar Fedde Le Grand Otvaranje festivala 30. decembar (12h) SPD \u201cJedinstvo\u201d, Djeda Mraz i vilenjaci Dje\u010dija Nova godina 30. decembar (21h) Orkestar Aleksandra Sofronijevi\u0107a &#8230; <a title=\"Do\u010dek Nove godine Kotor\" class=\"read-more\" href=\"https:\/\/www.fanfani.me\/sr\/kulturna-desvanja\/januar\/docek-nove-godine-kotor\/\" aria-label=\"Read more about Do\u010dek Nove godine Kotor\">Read more<\/a><\/p>\n","protected":false},"author":1,"featured_media":16756,"parent":377,"menu_order":0,"comment_status":"closed","ping_status":"closed","template":"","meta":{"footnotes":""},"class_list":["post-2493","page","type-page","status-publish","has-post-thumbnail"],"yoast_head":"<!-- This site is optimized with the Yoast SEO plugin v27.3 - https:\/\/yoast.com\/product\/yoast-seo-wordpress\/ -->\n<title>Kotor Nova godina 2026 Program &#8226; Kotor do\u010dek 2026 novogodi\u0161nji<\/title>\n<meta name=\"description\" content=\"Do\u010dek Nove godine 2026. u Kotoru na trgu od oru\u017eja. Program i satnica de\u0161avanja sa lokacijom. Za novogodi\u0161nji program nastupa\u0107e...\" \/>\n<meta name=\"robots\" content=\"index, follow, max-snippet:-1, max-image-preview:large, max-video-preview:-1\" \/>\n<link rel=\"canonical\" href=\"https:\/\/www.fanfani.me\/sr\/kulturna-desvanja\/januar\/docek-nove-godine-kotor\/\" \/>\n<meta property=\"og:locale\" content=\"sr_RS\" \/>\n<meta property=\"og:type\" content=\"article\" \/>\n<meta property=\"og:title\" content=\"Kotor Nova godina 2026 Program &#8226; Kotor do\u010dek 2026 novogodi\u0161nji\" \/>\n<meta property=\"og:description\" content=\"Do\u010dek Nove godine 2026. u Kotoru na trgu od oru\u017eja. Program i satnica de\u0161avanja sa lokacijom. Za novogodi\u0161nji program nastupa\u0107e...\" \/>\n<meta property=\"og:url\" content=\"https:\/\/www.fanfani.me\/sr\/kulturna-desvanja\/januar\/docek-nove-godine-kotor\/\" \/>\n<meta property=\"og:site_name\" content=\"Neda Fanfani\" \/>\n<meta property=\"article:publisher\" content=\"https:\/\/www.facebook.com\/Apartmani.Djenovici\/\" \/>\n<meta property=\"article:modified_time\" content=\"2026-01-01T14:56:32+00:00\" \/>\n<meta property=\"og:image\" content=\"https:\/\/www.fanfani.me\/wp-content\/uploads\/2025\/11\/kotor-docek-nove-godine-stari-grad.png\" \/>\n\t<meta property=\"og:image:width\" content=\"1024\" \/>\n\t<meta property=\"og:image:height\" content=\"1024\" \/>\n\t<meta property=\"og:image:type\" content=\"image\/png\" \/>\n<meta name=\"twitter:card\" content=\"summary_large_image\" \/>\n<meta name=\"twitter:label1\" content=\"\u041f\u0440\u043e\u0446\u0435\u045a\u0435\u043d\u043e \u0432\u0440\u0435\u043c\u0435 \u0447\u0438\u0442\u0430\u045a\u0430\" \/>\n\t<meta name=\"twitter:data1\" content=\"6 \u043c\u0438\u043d\u0443\u0442\u0430\" \/>\n<script type=\"application\/ld+json\" class=\"yoast-schema-graph\">{\"@context\":\"https:\\\/\\\/schema.org\",\"@graph\":[{\"@type\":\"WebPage\",\"@id\":\"https:\\\/\\\/www.fanfani.me\\\/sr\\\/kulturna-desvanja\\\/januar\\\/docek-nove-godine-kotor\\\/\",\"url\":\"https:\\\/\\\/www.fanfani.me\\\/sr\\\/kulturna-desvanja\\\/januar\\\/docek-nove-godine-kotor\\\/\",\"name\":\"Kotor Nova godina 2026 Program &#8226; Kotor do\u010dek 2026 novogodi\u0161nji\",\"isPartOf\":{\"@id\":\"https:\\\/\\\/www.fanfani.me\\\/sr\\\/#website\"},\"primaryImageOfPage\":{\"@id\":\"https:\\\/\\\/www.fanfani.me\\\/sr\\\/kulturna-desvanja\\\/januar\\\/docek-nove-godine-kotor\\\/#primaryimage\"},\"image\":{\"@id\":\"https:\\\/\\\/www.fanfani.me\\\/sr\\\/kulturna-desvanja\\\/januar\\\/docek-nove-godine-kotor\\\/#primaryimage\"},\"thumbnailUrl\":\"https:\\\/\\\/www.fanfani.me\\\/wp-content\\\/uploads\\\/2025\\\/11\\\/kotor-docek-nove-godine-stari-grad.png\",\"datePublished\":\"2019-12-28T11:38:14+00:00\",\"dateModified\":\"2026-01-01T14:56:32+00:00\",\"description\":\"Do\u010dek Nove godine 2026. u Kotoru na trgu od oru\u017eja. Program i satnica de\u0161avanja sa lokacijom. Za novogodi\u0161nji program nastupa\u0107e...\",\"breadcrumb\":{\"@id\":\"https:\\\/\\\/www.fanfani.me\\\/sr\\\/kulturna-desvanja\\\/januar\\\/docek-nove-godine-kotor\\\/#breadcrumb\"},\"inLanguage\":\"sr-RS\",\"potentialAction\":[{\"@type\":\"ReadAction\",\"target\":[\"https:\\\/\\\/www.fanfani.me\\\/sr\\\/kulturna-desvanja\\\/januar\\\/docek-nove-godine-kotor\\\/\"]}]},{\"@type\":\"ImageObject\",\"inLanguage\":\"sr-RS\",\"@id\":\"https:\\\/\\\/www.fanfani.me\\\/sr\\\/kulturna-desvanja\\\/januar\\\/docek-nove-godine-kotor\\\/#primaryimage\",\"url\":\"https:\\\/\\\/www.fanfani.me\\\/wp-content\\\/uploads\\\/2025\\\/11\\\/kotor-docek-nove-godine-stari-grad.png\",\"contentUrl\":\"https:\\\/\\\/www.fanfani.me\\\/wp-content\\\/uploads\\\/2025\\\/11\\\/kotor-docek-nove-godine-stari-grad.png\",\"width\":1024,\"height\":1024},{\"@type\":\"BreadcrumbList\",\"@id\":\"https:\\\/\\\/www.fanfani.me\\\/sr\\\/kulturna-desvanja\\\/januar\\\/docek-nove-godine-kotor\\\/#breadcrumb\",\"itemListElement\":[{\"@type\":\"ListItem\",\"position\":1,\"name\":\"\u041f\u043e\u0447\u0435\u0442\u043d\u0430\",\"item\":\"https:\\\/\\\/www.fanfani.me\\\/sr\\\/\"},{\"@type\":\"ListItem\",\"position\":2,\"name\":\"Kulturna desvanja\",\"item\":\"https:\\\/\\\/www.fanfani.me\\\/sr\\\/kulturna-desvanja\\\/\"},{\"@type\":\"ListItem\",\"position\":3,\"name\":\"Januar\",\"item\":\"https:\\\/\\\/www.fanfani.me\\\/sr\\\/kulturna-desvanja\\\/januar\\\/\"},{\"@type\":\"ListItem\",\"position\":4,\"name\":\"Kotor Nova godina\"}]},{\"@type\":\"WebSite\",\"@id\":\"https:\\\/\\\/www.fanfani.me\\\/sr\\\/#website\",\"url\":\"https:\\\/\\\/www.fanfani.me\\\/sr\\\/\",\"name\":\"Neda Fanfani\",\"description\":\"Djenovi\u0107i\",\"publisher\":{\"@id\":\"https:\\\/\\\/www.fanfani.me\\\/sr\\\/#organization\"},\"potentialAction\":[{\"@type\":\"SearchAction\",\"target\":{\"@type\":\"EntryPoint\",\"urlTemplate\":\"https:\\\/\\\/www.fanfani.me\\\/sr\\\/?s={search_term_string}\"},\"query-input\":{\"@type\":\"PropertyValueSpecification\",\"valueRequired\":true,\"valueName\":\"search_term_string\"}}],\"inLanguage\":\"sr-RS\"},{\"@type\":\"Organization\",\"@id\":\"https:\\\/\\\/www.fanfani.me\\\/sr\\\/#organization\",\"name\":\"Apartmani Neda Fanfani Djenovici\",\"url\":\"https:\\\/\\\/www.fanfani.me\\\/sr\\\/\",\"logo\":{\"@type\":\"ImageObject\",\"inLanguage\":\"sr-RS\",\"@id\":\"https:\\\/\\\/www.fanfani.me\\\/sr\\\/#\\\/schema\\\/logo\\\/image\\\/\",\"url\":\"https:\\\/\\\/www.fanfani.me\\\/wp-content\\\/uploads\\\/2020\\\/04\\\/apartmani-neda-fanfani-djenovici-1024x216-1.png\",\"contentUrl\":\"https:\\\/\\\/www.fanfani.me\\\/wp-content\\\/uploads\\\/2020\\\/04\\\/apartmani-neda-fanfani-djenovici-1024x216-1.png\",\"width\":1024,\"height\":216,\"caption\":\"Apartmani Neda Fanfani Djenovici\"},\"image\":{\"@id\":\"https:\\\/\\\/www.fanfani.me\\\/sr\\\/#\\\/schema\\\/logo\\\/image\\\/\"},\"sameAs\":[\"https:\\\/\\\/www.facebook.com\\\/Apartmani.Djenovici\\\/\",\"https:\\\/\\\/www.youtube.com\\\/user\\\/FanfaniDjenovici\"]}]}<\/script>\n<!-- \/ Yoast SEO plugin. -->","yoast_head_json":{"title":"Kotor Nova godina 2026 Program &#8226; Kotor do\u010dek 2026 novogodi\u0161nji","description":"Do\u010dek Nove godine 2026. u Kotoru na trgu od oru\u017eja. Program i satnica de\u0161avanja sa lokacijom. Za novogodi\u0161nji program nastupa\u0107e...","robots":{"index":"index","follow":"follow","max-snippet":"max-snippet:-1","max-image-preview":"max-image-preview:large","max-video-preview":"max-video-preview:-1"},"canonical":"https:\/\/www.fanfani.me\/sr\/kulturna-desvanja\/januar\/docek-nove-godine-kotor\/","og_locale":"sr_RS","og_type":"article","og_title":"Kotor Nova godina 2026 Program &#8226; Kotor do\u010dek 2026 novogodi\u0161nji","og_description":"Do\u010dek Nove godine 2026. u Kotoru na trgu od oru\u017eja. Program i satnica de\u0161avanja sa lokacijom. Za novogodi\u0161nji program nastupa\u0107e...","og_url":"https:\/\/www.fanfani.me\/sr\/kulturna-desvanja\/januar\/docek-nove-godine-kotor\/","og_site_name":"Neda Fanfani","article_publisher":"https:\/\/www.facebook.com\/Apartmani.Djenovici\/","article_modified_time":"2026-01-01T14:56:32+00:00","og_image":[{"width":1024,"height":1024,"url":"https:\/\/www.fanfani.me\/wp-content\/uploads\/2025\/11\/kotor-docek-nove-godine-stari-grad.png","type":"image\/png"}],"twitter_card":"summary_large_image","twitter_misc":{"\u041f\u0440\u043e\u0446\u0435\u045a\u0435\u043d\u043e \u0432\u0440\u0435\u043c\u0435 \u0447\u0438\u0442\u0430\u045a\u0430":"6 \u043c\u0438\u043d\u0443\u0442\u0430"},"schema":{"@context":"https:\/\/schema.org","@graph":[{"@type":"WebPage","@id":"https:\/\/www.fanfani.me\/sr\/kulturna-desvanja\/januar\/docek-nove-godine-kotor\/","url":"https:\/\/www.fanfani.me\/sr\/kulturna-desvanja\/januar\/docek-nove-godine-kotor\/","name":"Kotor Nova godina 2026 Program &#8226; Kotor do\u010dek 2026 novogodi\u0161nji","isPartOf":{"@id":"https:\/\/www.fanfani.me\/sr\/#website"},"primaryImageOfPage":{"@id":"https:\/\/www.fanfani.me\/sr\/kulturna-desvanja\/januar\/docek-nove-godine-kotor\/#primaryimage"},"image":{"@id":"https:\/\/www.fanfani.me\/sr\/kulturna-desvanja\/januar\/docek-nove-godine-kotor\/#primaryimage"},"thumbnailUrl":"https:\/\/www.fanfani.me\/wp-content\/uploads\/2025\/11\/kotor-docek-nove-godine-stari-grad.png","datePublished":"2019-12-28T11:38:14+00:00","dateModified":"2026-01-01T14:56:32+00:00","description":"Do\u010dek Nove godine 2026. u Kotoru na trgu od oru\u017eja. Program i satnica de\u0161avanja sa lokacijom. Za novogodi\u0161nji program nastupa\u0107e...","breadcrumb":{"@id":"https:\/\/www.fanfani.me\/sr\/kulturna-desvanja\/januar\/docek-nove-godine-kotor\/#breadcrumb"},"inLanguage":"sr-RS","potentialAction":[{"@type":"ReadAction","target":["https:\/\/www.fanfani.me\/sr\/kulturna-desvanja\/januar\/docek-nove-godine-kotor\/"]}]},{"@type":"ImageObject","inLanguage":"sr-RS","@id":"https:\/\/www.fanfani.me\/sr\/kulturna-desvanja\/januar\/docek-nove-godine-kotor\/#primaryimage","url":"https:\/\/www.fanfani.me\/wp-content\/uploads\/2025\/11\/kotor-docek-nove-godine-stari-grad.png","contentUrl":"https:\/\/www.fanfani.me\/wp-content\/uploads\/2025\/11\/kotor-docek-nove-godine-stari-grad.png","width":1024,"height":1024},{"@type":"BreadcrumbList","@id":"https:\/\/www.fanfani.me\/sr\/kulturna-desvanja\/januar\/docek-nove-godine-kotor\/#breadcrumb","itemListElement":[{"@type":"ListItem","position":1,"name":"\u041f\u043e\u0447\u0435\u0442\u043d\u0430","item":"https:\/\/www.fanfani.me\/sr\/"},{"@type":"ListItem","position":2,"name":"Kulturna desvanja","item":"https:\/\/www.fanfani.me\/sr\/kulturna-desvanja\/"},{"@type":"ListItem","position":3,"name":"Januar","item":"https:\/\/www.fanfani.me\/sr\/kulturna-desvanja\/januar\/"},{"@type":"ListItem","position":4,"name":"Kotor Nova godina"}]},{"@type":"WebSite","@id":"https:\/\/www.fanfani.me\/sr\/#website","url":"https:\/\/www.fanfani.me\/sr\/","name":"Neda Fanfani","description":"Djenovi\u0107i","publisher":{"@id":"https:\/\/www.fanfani.me\/sr\/#organization"},"potentialAction":[{"@type":"SearchAction","target":{"@type":"EntryPoint","urlTemplate":"https:\/\/www.fanfani.me\/sr\/?s={search_term_string}"},"query-input":{"@type":"PropertyValueSpecification","valueRequired":true,"valueName":"search_term_string"}}],"inLanguage":"sr-RS"},{"@type":"Organization","@id":"https:\/\/www.fanfani.me\/sr\/#organization","name":"Apartmani Neda Fanfani Djenovici","url":"https:\/\/www.fanfani.me\/sr\/","logo":{"@type":"ImageObject","inLanguage":"sr-RS","@id":"https:\/\/www.fanfani.me\/sr\/#\/schema\/logo\/image\/","url":"https:\/\/www.fanfani.me\/wp-content\/uploads\/2020\/04\/apartmani-neda-fanfani-djenovici-1024x216-1.png","contentUrl":"https:\/\/www.fanfani.me\/wp-content\/uploads\/2020\/04\/apartmani-neda-fanfani-djenovici-1024x216-1.png","width":1024,"height":216,"caption":"Apartmani Neda Fanfani Djenovici"},"image":{"@id":"https:\/\/www.fanfani.me\/sr\/#\/schema\/logo\/image\/"},"sameAs":["https:\/\/www.facebook.com\/Apartmani.Djenovici\/","https:\/\/www.youtube.com\/user\/FanfaniDjenovici"]}]}},"_links":{"self":[{"href":"https:\/\/www.fanfani.me\/sr\/wp-json\/wp\/v2\/pages\/2493","targetHints":{"allow":["GET"]}}],"collection":[{"href":"https:\/\/www.fanfani.me\/sr\/wp-json\/wp\/v2\/pages"}],"about":[{"href":"https:\/\/www.fanfani.me\/sr\/wp-json\/wp\/v2\/types\/page"}],"author":[{"embeddable":true,"href":"https:\/\/www.fanfani.me\/sr\/wp-json\/wp\/v2\/users\/1"}],"replies":[{"embeddable":true,"href":"https:\/\/www.fanfani.me\/sr\/wp-json\/wp\/v2\/comments?post=2493"}],"version-history":[{"count":15,"href":"https:\/\/www.fanfani.me\/sr\/wp-json\/wp\/v2\/pages\/2493\/revisions"}],"predecessor-version":[{"id":16912,"href":"https:\/\/www.fanfani.me\/sr\/wp-json\/wp\/v2\/pages\/2493\/revisions\/16912"}],"up":[{"embeddable":true,"href":"https:\/\/www.fanfani.me\/sr\/wp-json\/wp\/v2\/pages\/377"}],"wp:featuredmedia":[{"embeddable":true,"href":"https:\/\/www.fanfani.me\/sr\/wp-json\/wp\/v2\/media\/16756"}],"wp:attachment":[{"href":"https:\/\/www.fanfani.me\/sr\/wp-json\/wp\/v2\/media?parent=2493"}],"curies":[{"name":"wp","href":"https:\/\/api.w.org\/{rel}","templated":true}]}}