{"id":6077,"date":"2020-05-06T14:20:42","date_gmt":"2020-05-06T14:20:42","guid":{"rendered":"https:\/\/www.fanfani.me\/?page_id=6077"},"modified":"2021-06-16T17:56:11","modified_gmt":"2021-06-16T17:56:11","slug":"crna-gora-korona-virus-turizam-letovanje-plaze-smestaj-mjere-zastite","status":"publish","type":"page","link":"https:\/\/www.fanfani.me\/sr\/crna-gora-korona-virus-turizam-letovanje-plaze-smestaj-mjere-zastite\/","title":{"rendered":"Crna Gora korona virus, letovanje u crnoj gori 2021 korona virus. sme\u0161taj, turizam i mjere bezbjednosti i preporuke na pla\u017eama"},"content":{"rendered":"\n<h1 class=\"wp-block-heading\">Korona virus Crna Gora. Ljetovanje u Crnoj Gori sa decom, smje\u0161taj, ulazak sa maloletnom decom i mjere bezbjednosti na pla\u017eama? A\u017eurirano Jun 2021<\/h1>\n\n\n\n<div class=\"wp-block-image\"><figure class=\"aligncenter size-large is-resized\"><img decoding=\"async\" data-src=\"https:\/\/www.fanfani.me\/wp-content\/uploads\/2020\/05\/korona-virus-crna-gora-letovanje-turizam-plaze.jpg\" alt=\"Korona virus i pravila na plazama u Crnoj Gori. Letovanje Crna gora djenovici 2020.\" class=\"wp-image-6088 lazyload\" width=\"800\" height=\"300\" data-srcset=\"https:\/\/www.fanfani.me\/wp-content\/uploads\/2020\/05\/korona-virus-crna-gora-letovanje-turizam-plaze.jpg 800w, https:\/\/www.fanfani.me\/wp-content\/uploads\/2020\/05\/korona-virus-crna-gora-letovanje-turizam-plaze-300x113.jpg 300w, https:\/\/www.fanfani.me\/wp-content\/uploads\/2020\/05\/korona-virus-crna-gora-letovanje-turizam-plaze-768x288.jpg 768w\" data-sizes=\"(max-width: 800px) 100vw, 800px\" src=\"data:image\/svg+xml;base64,PHN2ZyB3aWR0aD0iMSIgaGVpZ2h0PSIxIiB4bWxucz0iaHR0cDovL3d3dy53My5vcmcvMjAwMC9zdmciPjwvc3ZnPg==\" style=\"--smush-placeholder-width: 800px; --smush-placeholder-aspect-ratio: 800\/300;\" \/><figcaption>Bi\u0107e obezbije\u0111en odre\u0111eni dio pla\u017ee koji \u0107e biti slobodan od mobilijara, a obilje\u017ei\u0107e se i linije za obezbje\u0111enje odr\u017eavanja fizi\u010dke distance<\/figcaption><\/figure><\/div>\n\n\n\n<h2 class=\"wp-block-heading\">Ulazak u Crnu Goru sa maloletnom decom. <\/h2>\n\n\n\n<p>Maloletnici vi\u0161e ne\u0107e mo\u0107i da putuju u Crnu Goru sa zdravstvenom ili \u0111a\u010dkom knji\u017eicom. <br>Maloletnicima je dozvoljen prelazak granice <strong>jedino sa paso\u0161em ili li\u010dnom kartom<\/strong>.<br>Re\u010d je o novini koja je na snazi od 1. januara 2020. godine<\/p>\n\n\n\n<div class=\"wp-block-group\"><div class=\"wp-block-group__inner-container is-layout-flow wp-block-group-is-layout-flow\">\n<div class=\"wp-block-group alignfull has-very-light-gray-color has-text-color has-background\" style=\"background-color:#ac2525\"><div class=\"wp-block-group__inner-container is-layout-flow wp-block-group-is-layout-flow\">\n<p class=\"has-text-align-center has-black-color has-white-background-color has-text-color has-background\">Provjerite prije polaska: <a href=\"https:\/\/www.covidodgovor.me\/\" target=\"_blank\" rel=\"noreferrer noopener\"><strong>https:\/\/www.covidodgovor.me\/<\/strong><\/a><\/p>\n\n\n\n<p>Ne treba test ni potvrda o vakcinaciji za:<\/p>\n\n\n\n<h2 class=\"has-very-light-gray-color has-text-color wp-block-heading\">Crnogorski dr\u017eavljani i stranci koji ulaze u Crnu Goru iz Republike Srbije, dr\u017eava \u010dlanica Evropske unije, Republike Kosova, Bosne i Hercegovine, Republike Hrvatske, Republike Albanije Ruske Federacije, Republike Bjelorusije, Ukrajine, Republike Sjeverne Makedonije, \u0160vajcarske, Moldavije,  dr\u017eave Izrael, kao i dr\u017eavljani tih dr\u017eava i stranci koji imaju stalni ili privremeni boravak ili su u periodu od najmanje 15 dana prije ulaska u Crnu Goru neprekidno boravili u tim dr\u017eavama, mogu da ulaze u Crnu Goru, <strong>bez posjedovanja testa na novi koronavirus (SARS-CoV-2) ili dokaza da su najmanje sedam 14 dana prije ulaska u Crnu Goru vakcinisani sa drugom dozom vakcine <\/strong>protiv novog koronavirusa, uz po\u0161tovanje zdravstvenih mjera, u skladu sa zdravstvenim upozorenjem Instituta.<\/h2>\n\n\n\n<p>Zdravstveno upozorenje dostupno je na svim grani\u010dnim prelazima u Crnoj Gori i objavljuje se na internet stranici Ministarstva zdravlja i Instituta za javno zdravlje Crne Gore<\/p>\n\n\n\n<p>Crnogorski dr\u017eavljani i stranci, osim lica iz Republike Srbije, Republike Kosovo, Republike Hrvatske, Bosne i Hercegovine i Republike Albanije Ruske Federacije, Republike Bjelorusije, Ukrajine i Republike Sjeverne Makedonije, mogu da ulaze u Crnu Goru preko svih grani\u010dnih prelaza uz negativan rezultat PCR testa na novi koronavirus (SARS-CoV-2), koji je izdat od registrovane laboratorije i nije stariji od 72 \u010dasa, uz pozitivan rezultat serolo\u0161kog testa &#8211; antitijela klase IgG, koji je izdat od registrovane laboratorije i nije stariji od 30 dana,uz dokaz da su najmanje sedam dana prije ulaska u Crnu Goru potpuno vakcinisani sa propisanim brojem doza vakcine protiv novog koronavirusa, koji je izdat od ovla\u0161\u0107ene zdravstvene ustanove, ili uz pozitivan rezultat PCR testa na novi koronavirus (SARS-CoV-2 koji je izdat od registrovane laboratorije koji je stariji od 14 dana od dana dolaska na granicni prelaz i nije stariji od 90 dana, a kojim se potvr\u0111uje da se vlasnik oporavio od COVID-19 infekcije Crnogorski dr\u017eavljani i stranci mogu da u\u0111u u luke Crne Gore plovnim objektima pored gore navedenih uslova uz negativan rezultat PCR testa na novi koronavirus (SARS-CoV-2) koji je izdat od strane registrovane laboratorije i nije bio stariji od 72 \u010dasa prilikom ukrcavanja na plovni objekat.<\/p>\n\n\n\n<p>Moraju li djeca imati PCR test za ulazak u Crnu Goru?<\/p>\n\n\n\n<p>Obaveza posjedovanja testane odnosi se na djecu do navr\u0161ene pete godine \u017eivota.<\/p>\n\n\n\n<h3 class=\"has-very-light-gray-color has-text-color wp-block-heading\">Mjere u cilju po\u0161tovanja fizi\u010dke distance i spre\u010davanja potencijalnog \u0161irenja korona virusa na pla\u017eama (privatnim i zakupljenim) u zoni morskog dobra.<br><\/h3>\n\n\n\n<p>Mjere podrazumijeva\u0107e organizaciju:<\/p>\n\n\n\n<ul class=\"wp-block-list\"><li>pla\u017enog prostora (djelova sa mobilijarom i bez njega) na na\u010din da se omogu\u0107i i vidljivo obilje\u017ei adekvatna distanca izme\u0111u kupa\u010da (ili grupe kupa\u010da kao \u0161to je porodica), <br><\/li><li>ograni\u010davanje broja istovremenih kupa\u010da u odnosu na kapacitet pla\u017enog prostora, <br><\/li><li>mjere odr\u017eavanja \u010disto\u0107e i higijene na kupali\u0161tima(\u010ce\u0161\u0107e sprovoditi aktivnosti na kontroli kvaliteta morske vode, Jednom u 10 dana u sezoni i na 15 u Junu i Septembru), <br><\/li><li>mjere koje se odnose na ugostiteljske i druge usluge, <br><\/li><li>mjere koje se odnose na organizaciju zabavnih, rekreativnih i sportskih aktivnosti na kupali\u0161tima. <br><br><\/li><\/ul>\n\n\n\n<h2 class=\"has-luminous-vivid-amber-color has-text-color wp-block-heading\">Prevencija \u0161irenja Korona virusa na kupali\u0161tima i pla\u017eama. Obaveza privrednih dru\u0161tava, drugih pravnih lica i preduzetnika koji se bave pru\u017eanjem turisti\u010dkih usluga na kupali\u0161tima i pla\u017eama,<\/h2>\n\n\n\n<ul class=\"wp-block-list\"><li>na ulazu\/izlazu na kupali\u0161te\/pla\u017eu na vidnom mjestu istaknu obavje\u0161tenje o propisanim privremenim mjerama prevencije i suzbijanja novog koronavirusa (raspored pla\u017enog mobilijara, dezinfekcija i sl.), sa uputstvima za njihovu primjenu;<\/li><li>obezbijede rastojanje izme\u0111u kompleta pla\u017enog mobilijara od najmanje 2m, u skladu sa preporukama IJZCG;<\/li><li>na dijelu javnog kupali\u0161ta na kojem se ne postavlja pla\u017eni mobilijar obezbijedi fizi\u010dku distancu od najmanje 2m, osim za \u010dlanove zajedni\u010dkog porodi\u010dnog doma\u0107instva, u skladu sa uputstvom IJZCG;<\/li><li>obezbijede redovno odr\u017eavanje higijene i dezinfikuje po potrebi pla\u017eni mobilijar i opremu (le\u017ealjku, kabine za presvla\u010denje, tu\u0161 kabine, rekvizite za djecu i sl.), u skladu sa preporukama IJZCG;<\/li><li>kod tu\u0161eva, \u010desmi i u toaletima na kupali\u0161tu\/pla\u017ei obavezno postave sredstva za dezinfekciju, u skladu sa preporukama IJZCG;<br><br>Gdje odlagati i \u0161ta sa <strong> higijenskim  otpadom?<\/strong><\/li><li>na kupali\u0161tu\/pla\u017ei obezbijede obilje\u017eena mjesta za higijensko odlaganje otpada.<br><br>S<strong>voj suncobran i le\u017ealjka na pla\u017ei?<\/strong><\/li><li>Korisnici neure\u0111enih kupali\u0161ta obavezni su da po\u0161tuju distancu od najmanje 2m, osim za \u010dlanove zajedni\u010dkog porodi\u010dnog doma\u0107instva.<\/li><\/ul>\n\n\n\n<p>Izvor, Zvani\u010dni sajt Vlade Crne Gore i Nacionalnog koordinacionog tijela za zarazne bolesti Crne Gore &#8211; <a rel=\"noreferrer noopener\" href=\"https:\/\/www.coronainfocg.me\/me\/vijesti\/ukida-se-zabrana-kretanja-otvaraju-se-ugostiteljski-objekti-i-trzni-centri\" target=\"_blank\">LINK<\/a><\/p>\n<\/div><\/div>\n<\/div><\/div>\n\n\n\n<h2 class=\"wp-block-heading\">Kada \u0107emo mo\u0107i da putujemo? <br>Kada \u0107e se otvoriti granice?<br>Kada \u0107e se otvoriti grani\u010dni prelaz?<\/h2>\n\n\n\n<p>Linkovi za najta\u010dnije i provjerene informacije. <\/p>\n\n\n\n<ul class=\"wp-block-list\"><li><a aria-label=\" (opens in a new tab)\" rel=\"noreferrer noopener nofollow\" class=\"aioseop-link\" href=\"https:\/\/www.ijzcg.me\/\" target=\"_blank\">Institut za javno zdravlje Crne Gore<\/a> <\/li><li><a href=\"https:\/\/www.coronainfocg.me\/\" target=\"_blank\" rel=\"noreferrer noopener\">VIRUS KORONA COVID-19<br>Zvani\u010dni sajt Vlade Crne Gore i Nacionalnog koordinacionog tijela za zarazne bolesti Crne Gore<\/a><\/li><li><a aria-label=\"Zvani\u010dni Twitter nalog Vlade Crne Gore (opens in a new tab)\" rel=\"noreferrer noopener nofollow\" class=\"aioseop-link\" href=\"https:\/\/twitter.com\/VladaCG\" target=\"_blank\">Zvani\u010dni Twitter nalog Vlade Crne Gore<\/a><\/li><li><a aria-label=\"EU Komsija - Odgovor na pandemiju koronavirusa (opens in a new tab)\" rel=\"noreferrer noopener\" class=\"aioseop-link\" href=\"https:\/\/ec.europa.eu\/info\/live-work-travel-eu\/health\/coronavirus-response_hr\" target=\"_blank\">EU Komsija &#8211; Odgovor na pandemiju koronavirusa<\/a> (Hr)<\/li><li><a aria-label=\"WHO (opens in a new tab)\" rel=\"noreferrer noopener\" class=\"aioseop-link\" href=\"https:\/\/www.who.int\/emergencies\/diseases\/novel-coronavirus-2019\" target=\"_blank\">WHO<\/a> <\/li><li><a aria-label=\"European Centre for Disease Prevention and Control (opens in a new tab)\" rel=\"noreferrer noopener\" class=\"aioseop-link\" href=\"https:\/\/www.ecdc.europa.eu\/en\/covid-19-pandemic\" target=\"_blank\">European Centre for Disease Prevention and Control<\/a><\/li><\/ul>\n\n\n\n<p>Crna Gora je spremno do\u010dekala Korona virus ali kakva je budu\u0107nost i razvoj zavisi od vi\u0161e faktora.<br>Na dnevnoj bazi se ljudi informi\u0161u o broju zarazenih i prate se savijeti od SZO.<\/p>\n\n\n\n<p>Ovo ljeto ce zaista biti posebno. Na koji nacin ce Vlada Crne Gore sa svojim ministarstvima donijeti odluke zavisice i nase usluge izdavanja smjestaja.<\/p>\n\n\n\n<h2 class=\"wp-block-heading\">COVID-19 Paso\u0161<\/h2>\n\n\n\n<p>U posljednje vrijeme se spominje dosta COVID-19 paso\u0161 prilikom ulaska u zemlje. Kako \u0107e to izgledati sazna\u0107emo uskoro, za sada ni lijek ni vakcina nijesu u opticaju. <\/p>\n\n\n\n<h3 class=\"has-vivid-red-color has-text-color wp-block-heading\">Kada \u0107emo na letovanje?<br>Kako \u0107emo letovati 2021?<\/h3>\n\n\n\n<h2 class=\"has-vivid-red-color has-text-color wp-block-heading\"><br>Izdavanje apartmana u Crnoj Gori Djenovi\u0107i 2021 sa mjerama prevencije \u0161irenja Korona virusa <\/h2>\n\n\n\n<div class=\"wp-block-group alignfull has-very-light-gray-color has-text-color has-background\" style=\"background-color:#27929d\"><div class=\"wp-block-group__inner-container is-layout-flow wp-block-group-is-layout-flow\">\n<p style=\"border-radius: 50px 0px;\" class=\"has-text-color has-background has-very-dark-gray-color has-very-light-gray-background-color\">U na\u0161em primjeru: <br>Ku\u0107a se nalazi u Djenovi\u0107ima, na 180m od Pla\u017ee i restorana, ima samo tri apartmana za izdavanje sa:<\/p>\n\n\n\n<ul class=\"wp-block-list\"><li>sopstvenim terasma<\/li><li>dezifikovanjem sobe prije prvog ulaska gostiju u apartman<\/li><li>sopstveni ulaz u apartman<\/li><li>prostranim dvori\u0161tem od 1300m2. <\/li><li>privatnim putem do pla\u017ee.<\/li><li>Pla\u017ee su blizu i ve\u0107inom su zakupljene sa le\u017ealjkama i podle\u017eu pravilu iznad.<\/li><li>provjetravanje vazduha apartmana ne ugro\u017eava okolne sobe<\/li><\/ul>\n\n\n\n<h3 class=\"has-very-light-gray-color has-text-color wp-block-heading\">Predlozi za sigurno letovanje po\u0161tuju\u0107i mjere za spre\u010davanje \u0161irenja infekcije Koronavirusa<\/h3>\n\n\n\n<h2 class=\"has-vivid-red-color has-text-color wp-block-heading\">Korona virus | Mjere predostroznosti kod nas<\/h2>\n\n\n\n<p>Po Va\u0161oj \u017eelji mo\u017eemo organizovati<\/p>\n\n\n\n<ul class=\"wp-block-list\"><li>Dostavu hrane na ku\u0107nu adresu za jedan ili vi\u0161e dana<\/li><li>ku\u0107nu posjetu pedijatrice<\/li><li>najam i rezervaciju le\u017ealjki na izabranoj pla\u017ei<\/li><li>zakazivanje i rezervaciju termina u restoranima<\/li><li><a href=\"https:\/\/www.fanfani.me\/sup-kayak-crna-gora-iznajmljivanje-ture-paddle-yoga\/\">iznajmljivanje SUP daski, kajaka i morskih zanimacija<\/a><\/li><li>iznajmljivanje barki, automobila i motora<\/li><li>organizovanje brodskih izleta sa i bez skipera za male grupe i porodice<\/li><li>organizovanje izleta za male grupe i porodice<\/li><li>kupovinu suvenira sa dostavom i personalizaciju<\/li><li>zakazivanje i rezervaciju termina kod frizera, masa\u017eera<\/li><\/ul>\n\n\n\n<div class=\"wp-block-media-text alignfull is-stacked-on-mobile\"><figure class=\"wp-block-media-text__media\"><a href=\"https:\/\/www.fanfani.me\/sup-kayak-crna-gora-iznajmljivanje-ture-paddle-yoga\/\"><img decoding=\"async\" width=\"1024\" height=\"320\" data-src=\"https:\/\/www.fanfani.me\/wp-content\/uploads\/2018\/09\/sup-kajak-crna-gora-djenovici-rental-1024x320.jpg\" alt=\"siguran nacin letovanja na moru u vreme korona virusa. iznajmljivanje kajaka i SUP daski\" class=\"wp-image-4468 size-full lazyload\" data-srcset=\"https:\/\/www.fanfani.me\/wp-content\/uploads\/2018\/09\/sup-kajak-crna-gora-djenovici-rental-1024x320.jpg 1024w, https:\/\/www.fanfani.me\/wp-content\/uploads\/2018\/09\/sup-kajak-crna-gora-djenovici-rental-300x94.jpg 300w, https:\/\/www.fanfani.me\/wp-content\/uploads\/2018\/09\/sup-kajak-crna-gora-djenovici-rental-768x240.jpg 768w, https:\/\/www.fanfani.me\/wp-content\/uploads\/2018\/09\/sup-kajak-crna-gora-djenovici-rental.jpg 1200w\" data-sizes=\"(max-width: 1024px) 100vw, 1024px\" src=\"data:image\/svg+xml;base64,PHN2ZyB3aWR0aD0iMSIgaGVpZ2h0PSIxIiB4bWxucz0iaHR0cDovL3d3dy53My5vcmcvMjAwMC9zdmciPjwvc3ZnPg==\" style=\"--smush-placeholder-width: 1024px; --smush-placeholder-aspect-ratio: 1024\/320;\" \/><\/a><\/figure><div class=\"wp-block-media-text__content\">\n<p class=\"has-large-font-size\">Jedan od sigurnih na\u010dina ljetovanja i da u\u017eivate u \u010darima mora pod uslovom da ste pliva\u010d i da imate bar malo sportskog duha je iznajmljivanje SUP daske kod nas.<\/p>\n<\/div><\/div>\n<\/div><\/div>\n\n\n\n<div class=\"wp-block-group\"><div class=\"wp-block-group__inner-container is-layout-flow wp-block-group-is-layout-flow\">\n<h2 class=\"has-text-align-center wp-block-heading\">Na <a href=\"https:\/\/www.fanfani.me\/auto-mape\/granicni-prelazi-crna-gora\/\" target=\"_blank\" aria-label=\"grani\u010dnim prelazima (opens in a new tab)\" rel=\"noreferrer noopener\" class=\"aioseop-link\">grani\u010dnim prelazima<\/a><\/h2>\n\n\n\n<p>Sprovo\u0111enje nadzora zapo\u010dinje na grani\u010dnim prelazima od strane grani\u010dne policije i zdravstveno sanitarnog inspektora koji zdravim i asimptomatskim putnicima u me\u0111unarodnom saobra\u0107aju prilikom ulaska u Crnu Goru postavljaju jednostavna skrining pitanja:<\/p>\n\n\n\n<ul class=\"wp-block-list\"><li>Da li ste poslednjih 14 dana bili u podru\u010djima pogo\u0111enim novim korona virusom? Kini, Ju\u017enoj Koreji, Japanu, Singapuru, Iranu, Italiji?<\/li><li>Da li ste tokom poslednjih 14 dana bili u kontaktu sa nekom osobom koja je bila potvr\u0111eni ili vjerovatni slu\u010daj infekcije novim korona virusom?<\/li><li>Da li ste tokom poslednjih 14 dana bili u nekoj zdravstvenoj ustanovi \/ bolnici u kojoj se lije\u010de oboljeli od infekcije novim korona virusom?<\/li><\/ul>\n<\/div><\/div>\n\n\n\n<div class=\"wp-block-group\"><div class=\"wp-block-group__inner-container is-layout-flow wp-block-group-is-layout-flow\">\n<h2 class=\"wp-block-heading\"><a rel=\"noreferrer noopener\" target=\"_blank\" href=\"https:\/\/fillit.typeform.com\/to\/MtyA3V\">Povratak iz inostranstva <\/a><br><a rel=\"noreferrer noopener\" target=\"_blank\" href=\"https:\/\/fillit.typeform.com\/to\/MtyA3V\">Prijava za povratak crnogorskih dr\u017eavljanja u Crnu Goru<\/a><\/h2>\n\n\n\n<p>Ukoliko se trenutno nalazite u inostranstvu, a planirate povratak u Crnu Goru, molimo Vas da prvo kontaktirate najbli\u017ee diplomatsko-konzularno predstavni\u0161tvo. <a href=\"https:\/\/fillit.typeform.com\/to\/MtyA3V\" target=\"_blank\" rel=\"noreferrer noopener\">LINK<\/a><\/p>\n\n\n\n<ul class=\"wp-block-list\"><li>Ukoliko se trenutno nalazite u inostranstvu, a planirate povratak u Crnu Goru, molimo Vas da prvo kontaktirate najbli\u017ee diplomatsko-konzularno predstavni\u0161tvo.<\/li><li>Napominjemo da, po dolasku u Crnu Goru, za sve dr\u017eavljane bi\u0107e obavezan karantin, u za to odre\u0111enom prostoru, u trajanju od najmanje 14 dana, pod specijalnim medicinskim nadzorom.<\/li><\/ul>\n<\/div><\/div>\n\n\n\n<div class=\"wp-block-group alignfull\"><div class=\"wp-block-group__inner-container is-layout-flow wp-block-group-is-layout-flow\">\n<h2 class=\"has-text-align-center wp-block-heading\">TREBAJU LI GOSTI I OSOBLJE NOSITI MASKE U CRNOJ GORI?<\/h2>\n\n\n\n<div class=\"wp-block-group alignfull\"><div class=\"wp-block-group__inner-container is-layout-flow wp-block-group-is-layout-flow\">\n<p class=\"has-very-light-gray-color has-vivid-red-background-color has-text-color has-background\">DA \u2013 ali samo ako osoba ima simptome respiratorne infekcije <br>Pojedinci sa respiratornim simptomima treba da nose maski kako bi se ograni\u010dilo \u0161irenje bolesti. Me\u0111utim, sama upotreba maske ne pru\u017ea odgovaraju\u0107inivo za\u0161tite te samim tim treba preduzimati i druge podjednako zna\u010dajne mjere (poput odr\u017eavanja higijene ruku, odr\u017eavanje udaljenosti od ostalih gostiju i osoblja od najmanje jedan metar, a po mogu\u0107nosti dva metra). Ako se koriste maske, treba slijediti adekvatne postupke no\u0161enja, uklanjanja i odlaganja te higijenske mjere pranja i dezinfekcije ruku nakon uklanjanja maske.<\/p>\n\n\n\n<p class=\"has-very-light-gray-color has-vivid-green-cyan-background-color has-text-color has-background\">NE \u2013 ako osoba nema simptome respiratorne infekcije Nema dokaza da je upotreba medicinskih maski za jednokratnu upotrebu na zdravim osobama korisna u sprje\u010davanju infekcije, me\u0111utim, maske se mogu nositi u nekim zemljama prema lokalnim kulturolo\u0161kim navikama i obi\u010dajima. Uz to, pojedinci bez respiratornih simptoma trebali bi \u010desto obavljati higijenu ruku i izbjegavati neposrednu blizinu sa zara\u017eenim osobama.<\/p>\n<\/div><\/div>\n<\/div><\/div>\n\n\n\n<hr class=\"wp-block-separator\"\/>\n\n\n\n<h3 class=\"wp-block-heading\">Privremene preporuke za postupanje i sprovo\u0111enje mjere za\u0161tite po pravilima Instituta za javno zdravlje Crne Gore<\/h3>\n\n\n\n<h4 class=\"wp-block-heading\">LINK ZA preuzimanje fajla o <\/h4>\n\n\n\n<h4 class=\"wp-block-heading\"><a href=\"https:\/\/s3.eu-central-1.amazonaws.com\/web.repository\/ijzcg-media\/files\/1583403102-hotelijeri-finalno-ijzcg.pdf\" target=\"_blank\" aria-label=\"Privremene preporuke za postupanje i sprovo\u0111enje mjere za\u0161tite u hotelima (hotelijerstvu) i turisti\u010dkom sektoru (opens in a new tab)\" rel=\"noreferrer noopener nofollow\" class=\"aioseop-link\">Privremene preporuke za postupanje i sprovo\u0111enje mjere za\u0161tite u hotelima (hotelijerstvu) i turisti\u010dkom sektoru<\/a><\/h4>\n\n\n\n<figure class=\"wp-block-embed is-type-wp-embed is-provider-typeform wp-block-embed-typeform\"><div class=\"wp-block-embed__wrapper\">\n<iframe class=\"wp-embedded-content lazyload\" sandbox=\"allow-scripts\" security=\"restricted\" title=\"Crnogorska diplomatska predstavni\u0161tva\" data-src=\"https:\/\/fillit.typeform.com\/to\/MtyA3V?typeform-embed=oembed&#038;typeform-medium=embed-oembed&#038;maxwidth=1200&#038;maxheight=1000&#038;dnt=1&#038;format=json#?secret=WbPtvkxBn1\" data-secret=\"WbPtvkxBn1\" src=\"data:image\/svg+xml;base64,PHN2ZyB3aWR0aD0iMSIgaGVpZ2h0PSIxIiB4bWxucz0iaHR0cDovL3d3dy53My5vcmcvMjAwMC9zdmciPjwvc3ZnPg==\" data-load-mode=\"1\"><\/iframe>\n<\/div><\/figure>\n\n\n\n<p><\/p>\n\n\n\n<div class=\"wp-block-columns is-layout-flex wp-container-core-columns-is-layout-9d6595d7 wp-block-columns-is-layout-flex\"><\/div>\n\n\n\n<div class=\"wp-block-group is-layout-flow wp-block-group-is-layout-flow\"><div class=\"wp-block-group__inner-container\"><\/div><\/div>\n","protected":false},"excerpt":{"rendered":"<p>Korona virus Crna Gora. Ljetovanje u Crnoj Gori sa decom, smje\u0161taj, ulazak sa maloletnom decom i mjere bezbjednosti na pla\u017eama? A\u017eurirano Jun 2021 Ulazak u Crnu Goru sa maloletnom decom. Maloletnici vi\u0161e ne\u0107e mo\u0107i da putuju u Crnu Goru sa zdravstvenom ili \u0111a\u010dkom knji\u017eicom. Maloletnicima je dozvoljen prelazak granice jedino sa paso\u0161em ili li\u010dnom kartom.Re\u010d &#8230; <a title=\"Crna Gora korona virus, letovanje u crnoj gori 2021 korona virus. sme\u0161taj, turizam i mjere bezbjednosti i preporuke na pla\u017eama\" class=\"read-more\" href=\"https:\/\/www.fanfani.me\/sr\/crna-gora-korona-virus-turizam-letovanje-plaze-smestaj-mjere-zastite\/\" aria-label=\"Read more about Crna Gora korona virus, letovanje u crnoj gori 2021 korona virus. sme\u0161taj, turizam i mjere bezbjednosti i preporuke na pla\u017eama\">Read more<\/a><\/p>\n","protected":false},"author":1,"featured_media":6088,"parent":0,"menu_order":0,"comment_status":"open","ping_status":"closed","template":"","meta":{"footnotes":""},"class_list":["post-6077","page","type-page","status-publish","has-post-thumbnail"],"yoast_head":"<!-- This site is optimized with the Yoast SEO plugin v27.3 - https:\/\/yoast.com\/product\/yoast-seo-wordpress\/ -->\n<title>Crna Gora letovanje korona virus Ulazak u Crnu Goru *Maj 2021<\/title>\n<meta name=\"description\" content=\"Crna Gora Korona virus . Letovanje 2021. Za ulazak u Crnu Goru iz Srbije i Bosne nije potreban PCR negativan test. Maj 2021\" \/>\n<meta name=\"robots\" content=\"index, follow, max-snippet:-1, max-image-preview:large, max-video-preview:-1\" \/>\n<link rel=\"canonical\" href=\"https:\/\/www.fanfani.me\/sr\/crna-gora-korona-virus-turizam-letovanje-plaze-smestaj-mjere-zastite\/\" \/>\n<meta property=\"og:locale\" content=\"sr_RS\" \/>\n<meta property=\"og:type\" content=\"article\" \/>\n<meta property=\"og:title\" content=\"Ljetovanje 2020 Crna Gora | Korona Virus i mjere bezbjednosti\" \/>\n<meta property=\"og:description\" content=\"Crna Gora Korona virus letovanje 2020, mjere bezbjednosti u turizmu i na plazama.\" \/>\n<meta property=\"og:url\" content=\"https:\/\/www.fanfani.me\/sr\/crna-gora-korona-virus-turizam-letovanje-plaze-smestaj-mjere-zastite\/\" \/>\n<meta property=\"og:site_name\" content=\"Neda Fanfani\" \/>\n<meta property=\"article:publisher\" content=\"https:\/\/www.facebook.com\/Apartmani.Djenovici\/\" \/>\n<meta property=\"article:modified_time\" content=\"2021-06-16T17:56:11+00:00\" \/>\n<meta property=\"og:image\" content=\"https:\/\/www.fanfani.me\/wp-content\/uploads\/2020\/05\/korona-virus-crna-gora-letovanje-turizam-plaze.jpg\" \/>\n\t<meta property=\"og:image:width\" content=\"800\" \/>\n\t<meta property=\"og:image:height\" content=\"300\" \/>\n\t<meta property=\"og:image:type\" content=\"image\/jpeg\" \/>\n<meta name=\"twitter:card\" content=\"summary_large_image\" \/>\n<meta name=\"twitter:label1\" content=\"\u041f\u0440\u043e\u0446\u0435\u045a\u0435\u043d\u043e \u0432\u0440\u0435\u043c\u0435 \u0447\u0438\u0442\u0430\u045a\u0430\" \/>\n\t<meta name=\"twitter:data1\" content=\"7 \u043c\u0438\u043d\u0443\u0442\u0430\" \/>\n<script type=\"application\/ld+json\" class=\"yoast-schema-graph\">{\"@context\":\"https:\\\/\\\/schema.org\",\"@graph\":[{\"@type\":\"WebPage\",\"@id\":\"https:\\\/\\\/www.fanfani.me\\\/sr\\\/crna-gora-korona-virus-turizam-letovanje-plaze-smestaj-mjere-zastite\\\/\",\"url\":\"https:\\\/\\\/www.fanfani.me\\\/sr\\\/crna-gora-korona-virus-turizam-letovanje-plaze-smestaj-mjere-zastite\\\/\",\"name\":\"Crna Gora letovanje korona virus Ulazak u Crnu Goru *Maj 2021\",\"isPartOf\":{\"@id\":\"https:\\\/\\\/www.fanfani.me\\\/sr\\\/#website\"},\"primaryImageOfPage\":{\"@id\":\"https:\\\/\\\/www.fanfani.me\\\/sr\\\/crna-gora-korona-virus-turizam-letovanje-plaze-smestaj-mjere-zastite\\\/#primaryimage\"},\"image\":{\"@id\":\"https:\\\/\\\/www.fanfani.me\\\/sr\\\/crna-gora-korona-virus-turizam-letovanje-plaze-smestaj-mjere-zastite\\\/#primaryimage\"},\"thumbnailUrl\":\"https:\\\/\\\/www.fanfani.me\\\/wp-content\\\/uploads\\\/2020\\\/05\\\/korona-virus-crna-gora-letovanje-turizam-plaze.jpg\",\"datePublished\":\"2020-05-06T14:20:42+00:00\",\"dateModified\":\"2021-06-16T17:56:11+00:00\",\"description\":\"Crna Gora Korona virus . Letovanje 2021. Za ulazak u Crnu Goru iz Srbije i Bosne nije potreban PCR negativan test. Maj 2021\",\"breadcrumb\":{\"@id\":\"https:\\\/\\\/www.fanfani.me\\\/sr\\\/crna-gora-korona-virus-turizam-letovanje-plaze-smestaj-mjere-zastite\\\/#breadcrumb\"},\"inLanguage\":\"sr-RS\",\"potentialAction\":[{\"@type\":\"ReadAction\",\"target\":[\"https:\\\/\\\/www.fanfani.me\\\/sr\\\/crna-gora-korona-virus-turizam-letovanje-plaze-smestaj-mjere-zastite\\\/\"]}]},{\"@type\":\"ImageObject\",\"inLanguage\":\"sr-RS\",\"@id\":\"https:\\\/\\\/www.fanfani.me\\\/sr\\\/crna-gora-korona-virus-turizam-letovanje-plaze-smestaj-mjere-zastite\\\/#primaryimage\",\"url\":\"https:\\\/\\\/www.fanfani.me\\\/wp-content\\\/uploads\\\/2020\\\/05\\\/korona-virus-crna-gora-letovanje-turizam-plaze.jpg\",\"contentUrl\":\"https:\\\/\\\/www.fanfani.me\\\/wp-content\\\/uploads\\\/2020\\\/05\\\/korona-virus-crna-gora-letovanje-turizam-plaze.jpg\",\"width\":800,\"height\":300,\"caption\":\"Korona virus crna gora turizam, letovanje, plaze i mere zastite\"},{\"@type\":\"BreadcrumbList\",\"@id\":\"https:\\\/\\\/www.fanfani.me\\\/sr\\\/crna-gora-korona-virus-turizam-letovanje-plaze-smestaj-mjere-zastite\\\/#breadcrumb\",\"itemListElement\":[{\"@type\":\"ListItem\",\"position\":1,\"name\":\"\u041f\u043e\u0447\u0435\u0442\u043d\u0430\",\"item\":\"https:\\\/\\\/www.fanfani.me\\\/sr\\\/\"},{\"@type\":\"ListItem\",\"position\":2,\"name\":\"Crna Gora korona virus, letovanje u crnoj gori 2021 korona virus. sme\u0161taj, turizam i mjere bezbjednosti i preporuke na pla\u017eama\"}]},{\"@type\":\"WebSite\",\"@id\":\"https:\\\/\\\/www.fanfani.me\\\/sr\\\/#website\",\"url\":\"https:\\\/\\\/www.fanfani.me\\\/sr\\\/\",\"name\":\"Neda Fanfani\",\"description\":\"Djenovi\u0107i\",\"publisher\":{\"@id\":\"https:\\\/\\\/www.fanfani.me\\\/sr\\\/#organization\"},\"potentialAction\":[{\"@type\":\"SearchAction\",\"target\":{\"@type\":\"EntryPoint\",\"urlTemplate\":\"https:\\\/\\\/www.fanfani.me\\\/sr\\\/?s={search_term_string}\"},\"query-input\":{\"@type\":\"PropertyValueSpecification\",\"valueRequired\":true,\"valueName\":\"search_term_string\"}}],\"inLanguage\":\"sr-RS\"},{\"@type\":\"Organization\",\"@id\":\"https:\\\/\\\/www.fanfani.me\\\/sr\\\/#organization\",\"name\":\"Apartmani Neda Fanfani Djenovici\",\"url\":\"https:\\\/\\\/www.fanfani.me\\\/sr\\\/\",\"logo\":{\"@type\":\"ImageObject\",\"inLanguage\":\"sr-RS\",\"@id\":\"https:\\\/\\\/www.fanfani.me\\\/sr\\\/#\\\/schema\\\/logo\\\/image\\\/\",\"url\":\"https:\\\/\\\/www.fanfani.me\\\/wp-content\\\/uploads\\\/2020\\\/04\\\/apartmani-neda-fanfani-djenovici-1024x216-1.png\",\"contentUrl\":\"https:\\\/\\\/www.fanfani.me\\\/wp-content\\\/uploads\\\/2020\\\/04\\\/apartmani-neda-fanfani-djenovici-1024x216-1.png\",\"width\":1024,\"height\":216,\"caption\":\"Apartmani Neda Fanfani Djenovici\"},\"image\":{\"@id\":\"https:\\\/\\\/www.fanfani.me\\\/sr\\\/#\\\/schema\\\/logo\\\/image\\\/\"},\"sameAs\":[\"https:\\\/\\\/www.facebook.com\\\/Apartmani.Djenovici\\\/\",\"https:\\\/\\\/www.youtube.com\\\/user\\\/FanfaniDjenovici\"]}]}<\/script>\n<!-- \/ Yoast SEO plugin. -->","yoast_head_json":{"title":"Crna Gora letovanje korona virus Ulazak u Crnu Goru *Maj 2021","description":"Crna Gora Korona virus . Letovanje 2021. Za ulazak u Crnu Goru iz Srbije i Bosne nije potreban PCR negativan test. Maj 2021","robots":{"index":"index","follow":"follow","max-snippet":"max-snippet:-1","max-image-preview":"max-image-preview:large","max-video-preview":"max-video-preview:-1"},"canonical":"https:\/\/www.fanfani.me\/sr\/crna-gora-korona-virus-turizam-letovanje-plaze-smestaj-mjere-zastite\/","og_locale":"sr_RS","og_type":"article","og_title":"Ljetovanje 2020 Crna Gora | Korona Virus i mjere bezbjednosti","og_description":"Crna Gora Korona virus letovanje 2020, mjere bezbjednosti u turizmu i na plazama.","og_url":"https:\/\/www.fanfani.me\/sr\/crna-gora-korona-virus-turizam-letovanje-plaze-smestaj-mjere-zastite\/","og_site_name":"Neda Fanfani","article_publisher":"https:\/\/www.facebook.com\/Apartmani.Djenovici\/","article_modified_time":"2021-06-16T17:56:11+00:00","og_image":[{"width":800,"height":300,"url":"https:\/\/www.fanfani.me\/wp-content\/uploads\/2020\/05\/korona-virus-crna-gora-letovanje-turizam-plaze.jpg","type":"image\/jpeg"}],"twitter_card":"summary_large_image","twitter_misc":{"\u041f\u0440\u043e\u0446\u0435\u045a\u0435\u043d\u043e \u0432\u0440\u0435\u043c\u0435 \u0447\u0438\u0442\u0430\u045a\u0430":"7 \u043c\u0438\u043d\u0443\u0442\u0430"},"schema":{"@context":"https:\/\/schema.org","@graph":[{"@type":"WebPage","@id":"https:\/\/www.fanfani.me\/sr\/crna-gora-korona-virus-turizam-letovanje-plaze-smestaj-mjere-zastite\/","url":"https:\/\/www.fanfani.me\/sr\/crna-gora-korona-virus-turizam-letovanje-plaze-smestaj-mjere-zastite\/","name":"Crna Gora letovanje korona virus Ulazak u Crnu Goru *Maj 2021","isPartOf":{"@id":"https:\/\/www.fanfani.me\/sr\/#website"},"primaryImageOfPage":{"@id":"https:\/\/www.fanfani.me\/sr\/crna-gora-korona-virus-turizam-letovanje-plaze-smestaj-mjere-zastite\/#primaryimage"},"image":{"@id":"https:\/\/www.fanfani.me\/sr\/crna-gora-korona-virus-turizam-letovanje-plaze-smestaj-mjere-zastite\/#primaryimage"},"thumbnailUrl":"https:\/\/www.fanfani.me\/wp-content\/uploads\/2020\/05\/korona-virus-crna-gora-letovanje-turizam-plaze.jpg","datePublished":"2020-05-06T14:20:42+00:00","dateModified":"2021-06-16T17:56:11+00:00","description":"Crna Gora Korona virus . Letovanje 2021. Za ulazak u Crnu Goru iz Srbije i Bosne nije potreban PCR negativan test. Maj 2021","breadcrumb":{"@id":"https:\/\/www.fanfani.me\/sr\/crna-gora-korona-virus-turizam-letovanje-plaze-smestaj-mjere-zastite\/#breadcrumb"},"inLanguage":"sr-RS","potentialAction":[{"@type":"ReadAction","target":["https:\/\/www.fanfani.me\/sr\/crna-gora-korona-virus-turizam-letovanje-plaze-smestaj-mjere-zastite\/"]}]},{"@type":"ImageObject","inLanguage":"sr-RS","@id":"https:\/\/www.fanfani.me\/sr\/crna-gora-korona-virus-turizam-letovanje-plaze-smestaj-mjere-zastite\/#primaryimage","url":"https:\/\/www.fanfani.me\/wp-content\/uploads\/2020\/05\/korona-virus-crna-gora-letovanje-turizam-plaze.jpg","contentUrl":"https:\/\/www.fanfani.me\/wp-content\/uploads\/2020\/05\/korona-virus-crna-gora-letovanje-turizam-plaze.jpg","width":800,"height":300,"caption":"Korona virus crna gora turizam, letovanje, plaze i mere zastite"},{"@type":"BreadcrumbList","@id":"https:\/\/www.fanfani.me\/sr\/crna-gora-korona-virus-turizam-letovanje-plaze-smestaj-mjere-zastite\/#breadcrumb","itemListElement":[{"@type":"ListItem","position":1,"name":"\u041f\u043e\u0447\u0435\u0442\u043d\u0430","item":"https:\/\/www.fanfani.me\/sr\/"},{"@type":"ListItem","position":2,"name":"Crna Gora korona virus, letovanje u crnoj gori 2021 korona virus. sme\u0161taj, turizam i mjere bezbjednosti i preporuke na pla\u017eama"}]},{"@type":"WebSite","@id":"https:\/\/www.fanfani.me\/sr\/#website","url":"https:\/\/www.fanfani.me\/sr\/","name":"Neda Fanfani","description":"Djenovi\u0107i","publisher":{"@id":"https:\/\/www.fanfani.me\/sr\/#organization"},"potentialAction":[{"@type":"SearchAction","target":{"@type":"EntryPoint","urlTemplate":"https:\/\/www.fanfani.me\/sr\/?s={search_term_string}"},"query-input":{"@type":"PropertyValueSpecification","valueRequired":true,"valueName":"search_term_string"}}],"inLanguage":"sr-RS"},{"@type":"Organization","@id":"https:\/\/www.fanfani.me\/sr\/#organization","name":"Apartmani Neda Fanfani Djenovici","url":"https:\/\/www.fanfani.me\/sr\/","logo":{"@type":"ImageObject","inLanguage":"sr-RS","@id":"https:\/\/www.fanfani.me\/sr\/#\/schema\/logo\/image\/","url":"https:\/\/www.fanfani.me\/wp-content\/uploads\/2020\/04\/apartmani-neda-fanfani-djenovici-1024x216-1.png","contentUrl":"https:\/\/www.fanfani.me\/wp-content\/uploads\/2020\/04\/apartmani-neda-fanfani-djenovici-1024x216-1.png","width":1024,"height":216,"caption":"Apartmani Neda Fanfani Djenovici"},"image":{"@id":"https:\/\/www.fanfani.me\/sr\/#\/schema\/logo\/image\/"},"sameAs":["https:\/\/www.facebook.com\/Apartmani.Djenovici\/","https:\/\/www.youtube.com\/user\/FanfaniDjenovici"]}]}},"_links":{"self":[{"href":"https:\/\/www.fanfani.me\/sr\/wp-json\/wp\/v2\/pages\/6077","targetHints":{"allow":["GET"]}}],"collection":[{"href":"https:\/\/www.fanfani.me\/sr\/wp-json\/wp\/v2\/pages"}],"about":[{"href":"https:\/\/www.fanfani.me\/sr\/wp-json\/wp\/v2\/types\/page"}],"author":[{"embeddable":true,"href":"https:\/\/www.fanfani.me\/sr\/wp-json\/wp\/v2\/users\/1"}],"replies":[{"embeddable":true,"href":"https:\/\/www.fanfani.me\/sr\/wp-json\/wp\/v2\/comments?post=6077"}],"version-history":[{"count":0,"href":"https:\/\/www.fanfani.me\/sr\/wp-json\/wp\/v2\/pages\/6077\/revisions"}],"wp:featuredmedia":[{"embeddable":true,"href":"https:\/\/www.fanfani.me\/sr\/wp-json\/wp\/v2\/media\/6088"}],"wp:attachment":[{"href":"https:\/\/www.fanfani.me\/sr\/wp-json\/wp\/v2\/media?parent=6077"}],"curies":[{"name":"wp","href":"https:\/\/api.w.org\/{rel}","templated":true}]}}